{"id":17,"date":"2015-06-21T19:46:37","date_gmt":"2015-06-21T18:46:37","guid":{"rendered":"http:\/\/www.obec-jenikov.cz\/?page_id=17"},"modified":"2022-07-11T09:46:47","modified_gmt":"2022-07-11T08:46:47","slug":"historie","status":"publish","type":"page","link":"https:\/\/www.obecjenikov.cz\/?page_id=17","title":{"rendered":"Historie"},"content":{"rendered":"<p><span style=\"font-family: Verdana; font-size: small;\"><a href=\"http:\/\/www.hlineckoregion.cz\/foto\/Jenikov_02.jpg\" target=\"_blank\" rel=\"noopener noreferrer\"><img decoding=\"async\" src=\"http:\/\/www.hlineckoregion.cz\/foto\/Jenikov_02_m.jpg\" alt=\"\" hspace=\"1\" border=\"0\" align=\"right\"><\/a>Obec Jen\u00edkov le\u017e\u00ed v nadmo\u0159sk\u00e9 v\u00fd\u0161ce 648 m. Prvn\u00ed p\u00edsemn\u00e1 zpr\u00e1va poch\u00e1z\u00ed z roku 1392 v souvislosti s rychmbursk\u00fdm panstv\u00edm, p\u0159esto\u017ee byla zalo\u017eena ji\u017e na po\u010d\u00e1tku 14. stolet\u00ed. Vznikala jako lesn\u00ed l\u00e1nov\u00e1 ves s grunty po obou stran\u00e1ch komunikace. V 15. stolet\u00ed pat\u0159ila k rycht\u011b v Kameni\u010dk\u00e1ch. Zhruba ve st\u0159edu vsi <a href=\"http:\/\/www.hlineckoregion.cz\/foto\/Jenikov_03.jpg\" target=\"_blank\" rel=\"noopener noreferrer\"><img decoding=\"async\" src=\"http:\/\/www.hlineckoregion.cz\/foto\/Jenikov_03_m.jpg\" alt=\"\" hspace=\"1\" border=\"0\" align=\"left\"><\/a>je dodnes patrn\u00e1 p\u016fvodn\u00ed chalupnick\u00e1 z\u00e1stavba. Nach\u00e1z\u00ed se zde i kaple sv. V\u00e1clava. Samostatn\u00fdm urbanistick\u00fdm celkem je skupina domk\u016f b\u00fdval\u00fdch bezzemk\u016f stoj\u00edc\u00ed na tzv. obecn\u00edm place, naz\u00fdvan\u00e1 \u201eNa doln\u00edm konci\u2019\u2019. Koncem 19. stolet\u00ed m\u011bl Jen\u00edkov tak\u0159ka 550 obyvatel \u017eij\u00edc\u00edch ve 100 domech. Hlavn\u00edm zdrojem jejich ob\u017eivy bylo podhorsk\u00e9 zem\u011bd\u011blstv\u00ed, hrn\u010d\u00ed\u0159stv\u00ed a tkalcovstv\u00ed. <\/span><\/p>\n<p align=\"justify\"><span style=\"font-family: Verdana; font-size: small;\">V sou\u010dasnosti \u017eije v obci trvale 500 obyvatel, kte\u0159\u00ed jsou v\u00e1z\u00e1ni p\u0159edev\u0161\u00edm prac\u00ed v hlineck\u00fdch pr\u016fmyslov\u00fdch z\u00e1vodech a jin\u00fdch odv\u011btv\u00edch. <\/span><\/p>\n<p align=\"justify\"><b><span style=\"font-family: Verdana; font-size: small;\">P\u0159\u00edrodn\u00ed zaj\u00edmavosti<\/span><\/b><\/p>\n<p align=\"justify\"><span style=\"font-family: Verdana; font-size: small;\">Severn\u011b od obce se nach\u00e1z\u00ed nejvy\u0161\u0161\u00ed vrchol \u017delezn\u00fdch hor Pe\u0161ava vysok\u00fd 697 m n. m. Jihov\u00fdchodn\u011b pod vs\u00ed le\u017e\u00ed chr\u00e1n\u011bn\u00e9 p\u0159\u00edrodn\u00ed \u00fazem\u00ed \u201eLouky u Jen\u00edkova\u201d se vz\u00e1cnou p\u016fvodn\u00ed fl\u00f3rou a faunou.<\/span><\/p>\n<p align=\"center\"><a href=\"http:\/\/www.hlineckoregion.cz\/foto\/Jenikov_04.jpg\" target=\"_blank\" rel=\"noopener noreferrer\"><img decoding=\"async\" src=\"http:\/\/www.hlineckoregion.cz\/foto\/Jenikov_04_m.jpg\" alt=\"\" border=\"0\"><\/a><\/p>\n<p align=\"center\"><\/p>\n\n\n<figure class=\"wp-block-image is-resized\"><img loading=\"lazy\" decoding=\"async\" data-attachment-id=\"1351\" data-permalink=\"https:\/\/www.obecjenikov.cz\/?attachment_id=1351\" data-orig-file=\"https:\/\/www.obecjenikov.cz\/wp-content\/uploads\/2019\/07\/600-let-obce-Jen\u00edkova-1392-1992-1.jpg\" data-orig-size=\"956,850\" data-comments-opened=\"0\" data-image-meta=\"{&quot;aperture&quot;:&quot;0&quot;,&quot;credit&quot;:&quot;&quot;,&quot;camera&quot;:&quot;&quot;,&quot;caption&quot;:&quot;&quot;,&quot;created_timestamp&quot;:&quot;0&quot;,&quot;copyright&quot;:&quot;&quot;,&quot;focal_length&quot;:&quot;0&quot;,&quot;iso&quot;:&quot;0&quot;,&quot;shutter_speed&quot;:&quot;0&quot;,&quot;title&quot;:&quot;&quot;,&quot;orientation&quot;:&quot;1&quot;}\" data-image-title=\"600-let-obce-Jen\u00edkova-1392-1992-1\" data-image-description=\"\" data-image-caption=\"\" data-medium-file=\"https:\/\/www.obecjenikov.cz\/wp-content\/uploads\/2019\/07\/600-let-obce-Jen\u00edkova-1392-1992-1-169x150.jpg\" data-large-file=\"https:\/\/www.obecjenikov.cz\/wp-content\/uploads\/2019\/07\/600-let-obce-Jen\u00edkova-1392-1992-1.jpg\" src=\"http:\/\/www.obec-jenikov.cz\/wp-content\/uploads\/2019\/07\/600-let-obce-Jen\u00edkova-1392-1992-1.jpg\" alt=\"\" class=\"wp-image-1351\" width=\"687\" height=\"610\" srcset=\"https:\/\/www.obecjenikov.cz\/wp-content\/uploads\/2019\/07\/600-let-obce-Jen\u00edkova-1392-1992-1.jpg 956w, https:\/\/www.obecjenikov.cz\/wp-content\/uploads\/2019\/07\/600-let-obce-Jen\u00edkova-1392-1992-1-169x150.jpg 169w, https:\/\/www.obecjenikov.cz\/wp-content\/uploads\/2019\/07\/600-let-obce-Jen\u00edkova-1392-1992-1-768x683.jpg 768w, https:\/\/www.obecjenikov.cz\/wp-content\/uploads\/2019\/07\/600-let-obce-Jen\u00edkova-1392-1992-1-640x569.jpg 640w\" sizes=\"auto, (max-width: 687px) 100vw, 687px\" \/><\/figure>\n\n\n\n<div class=\"wp-block-file aligncenter\"><a href=\"http:\/\/www.obec-jenikov.cz\/wp-content\/uploads\/2020\/03\/jenikov-600-cropped.pdf\" class=\"wp-block-file__button\" download>St\u00e1hnout<\/a><\/div>\n\n\n\n<p class=\"has-text-align-center\">Publikace ke sta\u017een\u00ed tak\u00e9 na <a href=\"https:\/\/uloz.to\/!gQC1lI07V0Vn\/jenikov-600-cropped-pdf\">https:\/\/uloz.to\/!gQC1lI07V0Vn\/jenikov-600-cropped-pdf<\/a><\/p>\n","protected":false},"excerpt":{"rendered":"<p>Obec Jen\u00edkov le\u017e\u00ed v nadmo\u0159sk\u00e9 v\u00fd\u0161ce 648 m. Prvn\u00ed p\u00edsemn\u00e1 zpr\u00e1va poch\u00e1z\u00ed z roku 1392 v souvislosti s rychmbursk\u00fdm panstv\u00edm, p\u0159esto\u017ee byla zalo\u017eena ji\u017e na po\u010d\u00e1tku 14. stolet\u00ed. Vznikala jako&#8230;<\/p>\n","protected":false},"author":1,"featured_media":0,"parent":0,"menu_order":0,"comment_status":"closed","ping_status":"closed","template":"","meta":{"jetpack_post_was_ever_published":false,"footnotes":""},"class_list":["post-17","page","type-page","status-publish","hentry","entry"],"jetpack_sharing_enabled":true,"jetpack_shortlink":"https:\/\/wp.me\/PaBo8P-h","jetpack-related-posts":[],"post_mailing_queue_ids":[],"_links":{"self":[{"href":"https:\/\/www.obecjenikov.cz\/index.php?rest_route=\/wp\/v2\/pages\/17","targetHints":{"allow":["GET"]}}],"collection":[{"href":"https:\/\/www.obecjenikov.cz\/index.php?rest_route=\/wp\/v2\/pages"}],"about":[{"href":"https:\/\/www.obecjenikov.cz\/index.php?rest_route=\/wp\/v2\/types\/page"}],"author":[{"embeddable":true,"href":"https:\/\/www.obecjenikov.cz\/index.php?rest_route=\/wp\/v2\/users\/1"}],"replies":[{"embeddable":true,"href":"https:\/\/www.obecjenikov.cz\/index.php?rest_route=%2Fwp%2Fv2%2Fcomments&post=17"}],"version-history":[{"count":6,"href":"https:\/\/www.obecjenikov.cz\/index.php?rest_route=\/wp\/v2\/pages\/17\/revisions"}],"predecessor-version":[{"id":5139,"href":"https:\/\/www.obecjenikov.cz\/index.php?rest_route=\/wp\/v2\/pages\/17\/revisions\/5139"}],"wp:attachment":[{"href":"https:\/\/www.obecjenikov.cz\/index.php?rest_route=%2Fwp%2Fv2%2Fmedia&parent=17"}],"curies":[{"name":"wp","href":"https:\/\/api.w.org\/{rel}","templated":true}]}}