{"id":23,"date":"2015-06-21T19:58:59","date_gmt":"2015-06-21T18:58:59","guid":{"rendered":"http:\/\/www.obec-jenikov.cz\/?page_id=23"},"modified":"2022-10-24T18:39:50","modified_gmt":"2022-10-24T17:39:50","slug":"odkazy","status":"publish","type":"page","link":"https:\/\/www.obecjenikov.cz\/?page_id=23","title":{"rendered":"Odkazy"},"content":{"rendered":"<p><a href=\"http:\/\/www.mashlinecko.cz\/_katalog-socialni-sluzby\/\" target=\"_blank\" rel=\"noopener noreferrer\"><img loading=\"lazy\" decoding=\"async\" data-attachment-id=\"2003\" data-permalink=\"https:\/\/www.obecjenikov.cz\/?attachment_id=2003\" data-orig-file=\"https:\/\/www.obecjenikov.cz\/wp-content\/uploads\/2019\/11\/banner215x350.jpg\" data-orig-size=\"215,350\" data-comments-opened=\"0\" data-image-meta=\"{&quot;aperture&quot;:&quot;0&quot;,&quot;credit&quot;:&quot;&quot;,&quot;camera&quot;:&quot;&quot;,&quot;caption&quot;:&quot;&quot;,&quot;created_timestamp&quot;:&quot;0&quot;,&quot;copyright&quot;:&quot;&quot;,&quot;focal_length&quot;:&quot;0&quot;,&quot;iso&quot;:&quot;0&quot;,&quot;shutter_speed&quot;:&quot;0&quot;,&quot;title&quot;:&quot;&quot;,&quot;orientation&quot;:&quot;0&quot;}\" data-image-title=\"banner215x350\" data-image-description=\"\" data-image-caption=\"\" data-medium-file=\"https:\/\/www.obecjenikov.cz\/wp-content\/uploads\/2019\/11\/banner215x350-92x150.jpg\" data-large-file=\"https:\/\/www.obecjenikov.cz\/wp-content\/uploads\/2019\/11\/banner215x350.jpg\" class=\"alignnone wp-image-2003\" src=\"http:\/\/www.obec-jenikov.cz\/wp-content\/uploads\/2019\/11\/banner215x350-92x150.jpg\" alt=\"Katalog soci\u00e1ln\u00edch slu\u017eeb a souvisej\u00edc\u00edch aktivit\" width=\"70\" height=\"114\" srcset=\"https:\/\/www.obecjenikov.cz\/wp-content\/uploads\/2019\/11\/banner215x350-92x150.jpg 92w, https:\/\/www.obecjenikov.cz\/wp-content\/uploads\/2019\/11\/banner215x350.jpg 215w\" sizes=\"auto, (max-width: 70px) 100vw, 70px\" \/><\/a><\/p>\n<h2><strong>Z regionu<\/strong><\/h2>\n<p>MIKROREGION HLINECKO<br \/><a href=\"http:\/\/www.hlineckoregion.cz\/\" target=\"_blank\" rel=\"noopener noreferrer\">www.hlineckoregion.cz<\/a><br \/>MAS Hlinecko <br \/><a href=\"http:\/\/www.mashlinecko.cz\" target=\"_blank\" rel=\"noopener noreferrer\">www.mashlinecko.cz<\/a><br \/>PARDUBICK\u00dd KRAJ<br \/><a href=\"http:\/\/www.pardubickykraj.cz\/\" target=\"_blank\" rel=\"noopener noreferrer\">www.pardubickykraj.cz<\/a><br \/>M\u011aSTO HLINSKO<br \/><a href=\"http:\/\/www.hlinsko.cz\/\" target=\"_blank\" rel=\"noopener noreferrer\">www.hlinsko.cz<\/a><br \/>INFORMACE O V\u00ddCHODN\u00cdCH \u010cECH\u00c1CH<br \/><a href=\"http:\/\/www.vychodni-cechy.cz\/\" target=\"_blank\" rel=\"noopener noreferrer\">www.vychodni-cechy.cz<\/a><\/p>\n<h2><strong>Mapy<\/strong><\/h2>\n<p>\u00dazemn\u00ed pl\u00e1n Jen\u00edkov<br \/><a href=\"https:\/\/www.hlinsko.cz\/urad-1\/uzemni-planovani\/platne-dokumenty-up\/obec-jenikov\/\">http:\/\/www.hlinsko.cz\/mestsky-urad\/uzemni-planovani\/platne-dokumenty-up\/obec-jenikov<\/a><br \/>Katastr nemovitost\u00ed<br \/><a href=\"http:\/\/sgi-nahlizenidokn.cuzk.cz\/marushka\/default.aspx?themeid=3&amp;&amp;MarQueryId=6D2BCEB5&amp;MarQParam0=658359&amp;MarQParamCount=1&amp;MarWindowName=Marushka\" target=\"_blank\" rel=\"noopener noreferrer\">https:\/\/nahlizenidokn.cuzk.cz<\/a><br \/>Archivn\u00ed mapy katastru nemovitost\u00ed<br \/><a href=\"https:\/\/archivnimapy.cuzk.cz\/uazk\/pohledy\/archiv.html?lastextent=-642009.24636916,-1096887.5895537,-635361.71126684,-1093890.3504863\" target=\"_blank\" rel=\"noopener noreferrer\">https:\/\/archivnimapy.cuzk.cz<\/a> nap\u0159\u00edklad <a href=\"https:\/\/archivnimapy.cuzk.cz\/uazk\/coc\/coc_data\/2831-1\/2831-1-003_index.html\" target=\"_blank\" rel=\"noopener noreferrer\">1824<\/a> &#8230;<br \/>Archiv leteck\u00fdch m\u011b\u0159i\u010dsk\u00fdch sn\u00edmk\u016f<br \/><a href=\"https:\/\/lms.cuzk.cz\/lms\/lms_prehl_05.html?lastextent=-643980.05246141,-1097888.97002,-633390.90517459,-1092888.97002\" target=\"_blank\" rel=\"noopener noreferrer\">https:\/\/lms.cuzk.cz<\/a> nap\u0159\u00edklad\u00a0 <a href=\"https:\/\/lms.cuzk.cz\/lms\/LMS_wms_02e.html?mapfile=WMSA08.1949.HLIN57.07285&amp;viewExtent=-639637.21,-1097394.138,-635959.71,-1093716.638&amp;image_dir=d:\/confms\/lms\/WMSA08\/1949\/HLIN\" target=\"_blank\" rel=\"noopener noreferrer\">1949<\/a>, \u00a0 <a href=\"https:\/\/lms.cuzk.cz\/lms\/LMS_wms_02e.html?mapfile=WMSA08.1962.HLIN57.11913&amp;viewExtent=-638807.115674,-1096252.93255,-636509.665137,-1093955.48202&amp;image_dir=d:\/confms\/lms\/WMSA08\/1962\/HLIN\" target=\"_blank\" rel=\"noopener noreferrer\">1962<\/a>, \u00a0 <a href=\"https:\/\/lms.cuzk.cz\/lms\/LMS_wms_02e.html?mapfile=WMSA24.2004.HLIN47.00224&amp;viewExtent=-640215.232,-1096710.34,-634750.454,-1091245.609&amp;image_dir=d:\/confms\/lms\/WMSA24\/2004\/HLIN\" target=\"_blank\" rel=\"noopener noreferrer\">2004<\/a> &#8230;<br \/>Geoport\u00e1l GEPRO <br \/><a href=\"http:\/\/geoportal.gepro.cz\/OBCE\/547816#\/\" target=\"_blank\" rel=\"noopener noreferrer\">geoportal.gepro.cz<\/a><br \/>Geologick\u00e9 mapy (radon)<br \/><a href=\"http:\/\/www.geologicke-mapy.cz\/regiony\/ku-658359\/#mapy-online\" target=\"_blank\" rel=\"noopener noreferrer\">http:\/\/www.geologicke-mapy.cz<\/a><br \/>Port\u00e1l farm\u00e1\u0159e LPIS<br \/><a href=\"http:\/\/eagri.cz\/public\/app\/lpisext\/lpis\/verejny2\/plpis\/\" target=\"_blank\" rel=\"noopener noreferrer\">http:\/\/eagri.cz<\/a><br \/>Evidence lesa<br \/><a href=\"http:\/\/geoportal.uhul.cz\/mapy\/mapylho.html\" target=\"_blank\" rel=\"noopener\">http:\/\/geoportal.uhul.cz\/mapy\/mapylho.html<\/a><br \/>FOTOGRAFICK\u00c1 MAPA \u010cR Z ROKU 1950<br \/><a href=\"https:\/\/geoportal.gov.cz\/web\/guest\/map\" target=\"_blank\" rel=\"noopener\">https:\/\/geoportal.gov.cz\/web\/guest\/map<\/a><\/p>\n<h2><strong>Kalend\u00e1\u0159<\/strong><\/h2>\n<p><a href=\"https:\/\/calendar.google.com\/calendar\/b\/1?cid=b2JlYy5qZW5pa292QGdtYWlsLmNvbQ\" target=\"_blank\" rel=\"noopener noreferrer\">Obecn\u00ed kalend\u00e1\u0159<\/a>\u00a0 lze na po\u010d\u00edta\u010di naimportovat do osobn\u00edho kalend\u00e1\u0159e Google a n\u00e1sledn\u011b si jej v mobilu p\u0159es spr\u00e1vu kalend\u00e1\u0159\u016f zobrazit.<br \/>Ostatn\u00ed aplikace mohou importovat kalend\u00e1\u0159 p\u0159es slu\u017ebu <a href=\"https:\/\/calendar.google.com\/calendar\/ical\/obec.jenikov%40gmail.com\/public\/basic.ics\" target=\"_blank\" rel=\"noopener noreferrer\">iCal<\/a>.<\/p>\n\n\n<p><\/p>\n","protected":false},"excerpt":{"rendered":"<p>Z regionu MIKROREGION HLINECKOwww.hlineckoregion.czMAS Hlinecko www.mashlinecko.czPARDUBICK\u00dd KRAJwww.pardubickykraj.czM\u011aSTO HLINSKOwww.hlinsko.czINFORMACE O V\u00ddCHODN\u00cdCH \u010cECH\u00c1CHwww.vychodni-cechy.cz Mapy \u00dazemn\u00ed pl\u00e1n Jen\u00edkovhttp:\/\/www.hlinsko.cz\/mestsky-urad\/uzemni-planovani\/platne-dokumenty-up\/obec-jenikovKatastr nemovitost\u00edhttps:\/\/nahlizenidokn.cuzk.czArchivn\u00ed mapy katastru nemovitost\u00edhttps:\/\/archivnimapy.cuzk.cz nap\u0159\u00edklad 1824 &#8230;Archiv leteck\u00fdch m\u011b\u0159i\u010dsk\u00fdch sn\u00edmk\u016fhttps:\/\/lms.cuzk.cz nap\u0159\u00edklad\u00a0 1949, \u00a0 1962, \u00a0&#8230;<\/p>\n","protected":false},"author":1,"featured_media":0,"parent":0,"menu_order":0,"comment_status":"closed","ping_status":"closed","template":"","meta":{"jetpack_post_was_ever_published":false,"footnotes":""},"class_list":["post-23","page","type-page","status-publish","hentry","entry"],"jetpack_sharing_enabled":true,"jetpack_shortlink":"https:\/\/wp.me\/PaBo8P-n","jetpack-related-posts":[],"post_mailing_queue_ids":[],"_links":{"self":[{"href":"https:\/\/www.obecjenikov.cz\/index.php?rest_route=\/wp\/v2\/pages\/23","targetHints":{"allow":["GET"]}}],"collection":[{"href":"https:\/\/www.obecjenikov.cz\/index.php?rest_route=\/wp\/v2\/pages"}],"about":[{"href":"https:\/\/www.obecjenikov.cz\/index.php?rest_route=\/wp\/v2\/types\/page"}],"author":[{"embeddable":true,"href":"https:\/\/www.obecjenikov.cz\/index.php?rest_route=\/wp\/v2\/users\/1"}],"replies":[{"embeddable":true,"href":"https:\/\/www.obecjenikov.cz\/index.php?rest_route=%2Fwp%2Fv2%2Fcomments&post=23"}],"version-history":[{"count":27,"href":"https:\/\/www.obecjenikov.cz\/index.php?rest_route=\/wp\/v2\/pages\/23\/revisions"}],"predecessor-version":[{"id":5619,"href":"https:\/\/www.obecjenikov.cz\/index.php?rest_route=\/wp\/v2\/pages\/23\/revisions\/5619"}],"wp:attachment":[{"href":"https:\/\/www.obecjenikov.cz\/index.php?rest_route=%2Fwp%2Fv2%2Fmedia&parent=23"}],"curies":[{"name":"wp","href":"https:\/\/api.w.org\/{rel}","templated":true}]}}