{"id":6077,"date":"2023-03-14T21:24:42","date_gmt":"2023-03-14T20:24:42","guid":{"rendered":"http:\/\/www.obec-jenikov.cz\/?page_id=6077"},"modified":"2024-05-21T21:55:10","modified_gmt":"2024-05-21T20:55:10","slug":"online-prohlidka-vystavy-jenikov-v-promenach-casu","status":"publish","type":"page","link":"https:\/\/www.obecjenikov.cz\/?page_id=6077","title":{"rendered":"Online prohl\u00eddka v\u00fdstavy Jen\u00edkov v prom\u011bn\u00e1ch \u010dasu"},"content":{"rendered":"\n<p><\/p>\n\n\n\n<figure class=\"wp-block-image size-large\"><img loading=\"lazy\" decoding=\"async\" width=\"1024\" height=\"767\" data-attachment-id=\"6080\" data-permalink=\"https:\/\/www.obecjenikov.cz\/?attachment_id=6080\" data-orig-file=\"https:\/\/www.obecjenikov.cz\/wp-content\/uploads\/2023\/03\/IMG_20220924_144105-scaled.jpg\" data-orig-size=\"2560,1917\" data-comments-opened=\"0\" data-image-meta=\"{&quot;aperture&quot;:&quot;2.2&quot;,&quot;credit&quot;:&quot;&quot;,&quot;camera&quot;:&quot;Redmi 6&quot;,&quot;caption&quot;:&quot;&quot;,&quot;created_timestamp&quot;:&quot;1664030465&quot;,&quot;copyright&quot;:&quot;&quot;,&quot;focal_length&quot;:&quot;3.82&quot;,&quot;iso&quot;:&quot;372&quot;,&quot;shutter_speed&quot;:&quot;0.029999&quot;,&quot;title&quot;:&quot;&quot;,&quot;orientation&quot;:&quot;1&quot;}\" data-image-title=\"IMG_20220924_144105\" data-image-description=\"\" data-image-caption=\"\" data-medium-file=\"https:\/\/www.obecjenikov.cz\/wp-content\/uploads\/2023\/03\/IMG_20220924_144105-200x150.jpg\" data-large-file=\"https:\/\/www.obecjenikov.cz\/wp-content\/uploads\/2023\/03\/IMG_20220924_144105-1024x767.jpg\" src=\"http:\/\/www.obec-jenikov.cz\/wp-content\/uploads\/2023\/03\/IMG_20220924_144105-1024x767.jpg\" alt=\"\" class=\"wp-image-6080\" srcset=\"https:\/\/www.obecjenikov.cz\/wp-content\/uploads\/2023\/03\/IMG_20220924_144105-1024x767.jpg 1024w, https:\/\/www.obecjenikov.cz\/wp-content\/uploads\/2023\/03\/IMG_20220924_144105-200x150.jpg 200w, https:\/\/www.obecjenikov.cz\/wp-content\/uploads\/2023\/03\/IMG_20220924_144105-768x575.jpg 768w, https:\/\/www.obecjenikov.cz\/wp-content\/uploads\/2023\/03\/IMG_20220924_144105-1536x1150.jpg 1536w, https:\/\/www.obecjenikov.cz\/wp-content\/uploads\/2023\/03\/IMG_20220924_144105-2048x1534.jpg 2048w, https:\/\/www.obecjenikov.cz\/wp-content\/uploads\/2023\/03\/IMG_20220924_144105-640x479.jpg 640w\" sizes=\"auto, (max-width: 1024px) 100vw, 1024px\" \/><\/figure>\n\n\n\n<p><\/p>\n\n\n\n<figure class=\"wp-block-image size-large\"><img loading=\"lazy\" decoding=\"async\" width=\"767\" height=\"1024\" data-attachment-id=\"6081\" data-permalink=\"https:\/\/www.obecjenikov.cz\/?attachment_id=6081\" data-orig-file=\"https:\/\/www.obecjenikov.cz\/wp-content\/uploads\/2023\/03\/IMG_20220924_144110-scaled.jpg\" data-orig-size=\"1917,2560\" data-comments-opened=\"0\" data-image-meta=\"{&quot;aperture&quot;:&quot;2.2&quot;,&quot;credit&quot;:&quot;&quot;,&quot;camera&quot;:&quot;Redmi 6&quot;,&quot;caption&quot;:&quot;&quot;,&quot;created_timestamp&quot;:&quot;1664030470&quot;,&quot;copyright&quot;:&quot;&quot;,&quot;focal_length&quot;:&quot;3.82&quot;,&quot;iso&quot;:&quot;136&quot;,&quot;shutter_speed&quot;:&quot;0.029999&quot;,&quot;title&quot;:&quot;&quot;,&quot;orientation&quot;:&quot;0&quot;}\" data-image-title=\"IMG_20220924_144110\" data-image-description=\"\" data-image-caption=\"\" data-medium-file=\"https:\/\/www.obecjenikov.cz\/wp-content\/uploads\/2023\/03\/IMG_20220924_144110-112x150.jpg\" data-large-file=\"https:\/\/www.obecjenikov.cz\/wp-content\/uploads\/2023\/03\/IMG_20220924_144110-767x1024.jpg\" src=\"http:\/\/www.obec-jenikov.cz\/wp-content\/uploads\/2023\/03\/IMG_20220924_144110-767x1024.jpg\" alt=\"\" class=\"wp-image-6081\" srcset=\"https:\/\/www.obecjenikov.cz\/wp-content\/uploads\/2023\/03\/IMG_20220924_144110-767x1024.jpg 767w, https:\/\/www.obecjenikov.cz\/wp-content\/uploads\/2023\/03\/IMG_20220924_144110-112x150.jpg 112w, https:\/\/www.obecjenikov.cz\/wp-content\/uploads\/2023\/03\/IMG_20220924_144110-768x1025.jpg 768w, https:\/\/www.obecjenikov.cz\/wp-content\/uploads\/2023\/03\/IMG_20220924_144110-1150x1536.jpg 1150w, https:\/\/www.obecjenikov.cz\/wp-content\/uploads\/2023\/03\/IMG_20220924_144110-1534x2048.jpg 1534w, https:\/\/www.obecjenikov.cz\/wp-content\/uploads\/2023\/03\/IMG_20220924_144110-640x854.jpg 640w, https:\/\/www.obecjenikov.cz\/wp-content\/uploads\/2023\/03\/IMG_20220924_144110-scaled.jpg 1917w\" sizes=\"auto, (max-width: 767px) 100vw, 767px\" \/><\/figure>\n\n\n\n<p><\/p>\n\n\n\n<figure class=\"wp-block-image size-large\"><img loading=\"lazy\" decoding=\"async\" width=\"767\" height=\"1024\" data-attachment-id=\"6082\" data-permalink=\"https:\/\/www.obecjenikov.cz\/?attachment_id=6082\" data-orig-file=\"https:\/\/www.obecjenikov.cz\/wp-content\/uploads\/2023\/03\/IMG_20220924_144120-scaled.jpg\" data-orig-size=\"1917,2560\" data-comments-opened=\"0\" data-image-meta=\"{&quot;aperture&quot;:&quot;2.2&quot;,&quot;credit&quot;:&quot;&quot;,&quot;camera&quot;:&quot;Redmi 6&quot;,&quot;caption&quot;:&quot;&quot;,&quot;created_timestamp&quot;:&quot;1664030480&quot;,&quot;copyright&quot;:&quot;&quot;,&quot;focal_length&quot;:&quot;3.82&quot;,&quot;iso&quot;:&quot;394&quot;,&quot;shutter_speed&quot;:&quot;0.029999&quot;,&quot;title&quot;:&quot;&quot;,&quot;orientation&quot;:&quot;0&quot;}\" data-image-title=\"IMG_20220924_144120\" data-image-description=\"\" data-image-caption=\"\" data-medium-file=\"https:\/\/www.obecjenikov.cz\/wp-content\/uploads\/2023\/03\/IMG_20220924_144120-112x150.jpg\" data-large-file=\"https:\/\/www.obecjenikov.cz\/wp-content\/uploads\/2023\/03\/IMG_20220924_144120-767x1024.jpg\" src=\"http:\/\/www.obec-jenikov.cz\/wp-content\/uploads\/2023\/03\/IMG_20220924_144120-767x1024.jpg\" alt=\"\" class=\"wp-image-6082\" srcset=\"https:\/\/www.obecjenikov.cz\/wp-content\/uploads\/2023\/03\/IMG_20220924_144120-767x1024.jpg 767w, https:\/\/www.obecjenikov.cz\/wp-content\/uploads\/2023\/03\/IMG_20220924_144120-112x150.jpg 112w, https:\/\/www.obecjenikov.cz\/wp-content\/uploads\/2023\/03\/IMG_20220924_144120-768x1025.jpg 768w, https:\/\/www.obecjenikov.cz\/wp-content\/uploads\/2023\/03\/IMG_20220924_144120-1150x1536.jpg 1150w, https:\/\/www.obecjenikov.cz\/wp-content\/uploads\/2023\/03\/IMG_20220924_144120-1534x2048.jpg 1534w, https:\/\/www.obecjenikov.cz\/wp-content\/uploads\/2023\/03\/IMG_20220924_144120-640x854.jpg 640w, https:\/\/www.obecjenikov.cz\/wp-content\/uploads\/2023\/03\/IMG_20220924_144120-scaled.jpg 1917w\" sizes=\"auto, (max-width: 767px) 100vw, 767px\" \/><\/figure>\n\n\n\n<script type=\"text\/javascript\">\nfunction showHtmlDiv() {\n  var htmlShow = document.getElementById(\"html-show\");\n  if (htmlShow.style.display === \"none\") {\n    htmlShow.style.display = \"flex\";\n  } else {\n    htmlShow.style.display = \"none\";\n    document.getElementById('obrnahore').src=\"\";\n  }\n}\n\ndocument.addEventListener('keydown', function(e) {\n    var htmlShow = document.getElementById(\"html-show\");\n\n    if(e.keyCode == 27){\n       htmlShow.style.display = \"none\";\n       document.getElementById('obrnahore').src=\"\";\n    }\n});\n\n<\/script>\n\n<div onclick=\"showHtmlDiv()\" id=\"html-show\" style=\"position: fixed; left: 0; top: 0; z-index: 10; display: none; height: 100%; justify-content: center; align-items: center; margin: auto;\">\n  <img decoding=\"async\" id=\"obrnahore\" src=\"\" style=\"height: inherit; width: inherit;\">\n<\/div>\n\n\n\n<h2 class=\"wp-block-heading\">Hasi\u010di<\/h2>\n\n\n\n<div style=\"position: relative;\">\n  <img decoding=\"async\" src=\"http:\/\/www.obecjenikov.cz\/wp-content\/uploads\/2023\/03\/1panel.png\" style=\"width: 100%; height: auto;\">\n\n <a href=\"\" title=\"Studnice v\u00fdro\u010d\u00ed kolem roku 1975\" onclick=\"showHtmlDiv();document.getElementById('obrnahore').src='http:\/\/www.obecjenikov.cz\/wp-content\/uploads\/2023\/03\/1panel-1.png'; return false;\" style=\"position: absolute; left: 5.58%; top: 8.23%; width: 21.01%; height: 14.43%; z-index: 2;\"><\/a>\n\n<a href=\"\" title=\"Jen\u00edkov\u0161t\u00ed hasi\u010di\" onclick=\"showHtmlDiv();document.getElementById('obrnahore').src='http:\/\/www.obecjenikov.cz\/wp-content\/uploads\/2023\/03\/1panel-2-1.png'; return false;\" style=\"position: absolute; left: 30.03%; top: 7.11%; width: 14.14%; height: 20.49%; z-index: 2;\"><\/a>\n\n<a href=\"\" title=\"Hasi\u010dsk\u00fd sbor\" onclick=\"showHtmlDiv();document.getElementById('obrnahore').src='http:\/\/www.obecjenikov.cz\/wp-content\/uploads\/2023\/03\/1panel-4.png'; return false;\" style=\"position: absolute; left: 1.56%; top: 26.55%; width: 21.34%; height: 30.5%; z-index: 2;\"><\/a>\n\n<a href=\"\" title=\"P\u0159i vykl\u00edzen\u00ed p\u0159ed oponou.\" onclick=\"showHtmlDiv();document.getElementById('obrnahore').src='http:\/\/www.obecjenikov.cz\/wp-content\/uploads\/2023\/04\/1panel-5.png'; return false;\" style=\"position: absolute; left: 79.25%; top: 12.45%; width: 15.76%; height: 11.66%; z-index: 2;\"><\/a>\n\n<a href=\"\" title=\"Opona p\u0159ipraven\u00e1 k\u00a0ulo\u017een\u00ed.\" onclick=\"showHtmlDiv();document.getElementById('obrnahore').src='http:\/\/www.obecjenikov.cz\/wp-content\/uploads\/2023\/04\/1panel-6.png'; return false;\" style=\"position: absolute; left: 78.79%; top: 25.3%; width: 16.21%; height: 10.94%; z-index: 2;\"><\/a>\n\n<a href=\"\" title=\"Studnice v\u00fdro\u010d\u00ed kolem roku 1975\" onclick=\"showHtmlDiv();document.getElementById('obrnahore').src='http:\/\/www.obecjenikov.cz\/wp-content\/uploads\/2023\/04\/1panel-7.png'; return false;\" style=\"position: absolute; left: 27.04%; top: 31.75%; width: 20.82%; height: 14.16%; z-index: 2;\"><\/a>\n\n<a href=\"\" title=\"Jen\u00edkov\u0161t\u00ed hasi\u010di\" onclick=\"showHtmlDiv();document.getElementById('obrnahore').src='http:\/\/www.obecjenikov.cz\/wp-content\/uploads\/2023\/04\/1panel-8.png'; return false;\" style=\"position: absolute; left: 28.92%; top: 49.21%; width: 19.13%; height: 13.64%; z-index: 2;\"><\/a>\n\n<a href=\"\" title=\"Vykl\u00edzen\u00ed kulturn\u00edho domu-hasi\u010d\u00e1rny p\u0159ed rekonstrukc\u00ed \u2013 \u00fanor 2018\" onclick=\"showHtmlDiv();document.getElementById('obrnahore').src='http:\/\/www.obecjenikov.cz\/wp-content\/uploads\/2023\/04\/1panel-9.png'; return false;\" style=\"position: absolute; left: 58.24%; top: 39.26%; width: 16.08%; height: 11.86%; z-index: 2;\"><\/a>\n\n<a href=\"\" title=\"Vykl\u00edzen\u00ed kulturn\u00edho domu-hasi\u010d\u00e1rny p\u0159ed rekonstrukc\u00ed \u2013 \u00fanor 2018\" onclick=\"showHtmlDiv();document.getElementById('obrnahore').src='http:\/\/www.obecjenikov.cz\/wp-content\/uploads\/2023\/04\/1panel-10.png'; return false;\" style=\"position: absolute; left: 58.37%; top: 51.19%; width: 15.63%; height: 11.99%; z-index: 2;\"><\/a>\n\n<a href=\"\" title=\"Vykl\u00edzen\u00ed kulturn\u00edho domu-hasi\u010d\u00e1rny p\u0159ed rekonstrukc\u00ed \u2013 \u00fanor 2018\" onclick=\"showHtmlDiv();document.getElementById('obrnahore').src='http:\/\/www.obecjenikov.cz\/wp-content\/uploads\/2023\/04\/1panel-11.png'; return false;\" style=\"position: absolute; left: 79.9%; top: 46.9%; width: 15.24%; height: 11.07%; z-index: 2;\"><\/a>\n\n<a href=\"\" title=\"Vykl\u00edzen\u00ed kulturn\u00edho domu-hasi\u010d\u00e1rny p\u0159ed rekonstrukc\u00ed \u2013 \u00fanor 2018\" onclick=\"showHtmlDiv();document.getElementById('obrnahore').src='http:\/\/www.obecjenikov.cz\/wp-content\/uploads\/2023\/04\/1panel-12.png'; return false;\" style=\"position: absolute; left: 79.96%; top: 58.1%; width: 14.85%; height: 10.94%; z-index: 2;\"><\/a>\n\n<a href=\"\" title=\"Jen\u00edkov\u0161t\u00ed hasi\u010di\" onclick=\"showHtmlDiv();document.getElementById('obrnahore').src='http:\/\/www.obecjenikov.cz\/wp-content\/uploads\/2023\/04\/1panel-13.png'; return false;\" style=\"position: absolute; left: 6.03%; top: 62.52%; width: 18.74%; height: 13.37%; z-index: 2;\"><\/a>\n\n<a href=\"\" title=\"Jen\u00edkov\u0161t\u00ed hasi\u010di\" onclick=\"showHtmlDiv();document.getElementById('obrnahore').src='http:\/\/www.obecjenikov.cz\/wp-content\/uploads\/2023\/04\/1panel-15.png'; return false;\" style=\"position: absolute; left: 28.4%; top: 66.07%; width: 20.3%; height: 13.64%; z-index: 2;\"><\/a>\n\n<a href=\"\" title=\"Jen\u00edkov\u0161t\u00ed hasi\u010di\" onclick=\"showHtmlDiv();document.getElementById('obrnahore').src='http:\/\/www.obecjenikov.cz\/wp-content\/uploads\/2023\/04\/1panel-14.png'; return false;\" style=\"position: absolute; left: 6.42%; top: 82.54%; width: 19.26%; height: 13.5%; z-index: 2;\"><\/a>\n\n<a href=\"\" title=\"Jen\u00edkov\u0161t\u00ed hasi\u010di\" onclick=\"showHtmlDiv();document.getElementById('obrnahore').src='http:\/\/www.obecjenikov.cz\/wp-content\/uploads\/2023\/04\/1panel-16.png'; return false;\" title=\"\" style=\"position: absolute; left: 29.83%; top: 82.74%; width: 18.61%; height: 12.06%; z-index: 2;\"><\/a>\n\n<a href=\"\" title=\"P\u016fda hasi\u010d\u00e1rny p\u0159i vykl\u00edzen\u00ed, v\u00a0t\u011bchto prostor\u00e1ch b\u00fdvala obecn\u00ed knihovna.\" onclick=\"showHtmlDiv();document.getElementById('obrnahore').src='http:\/\/www.obecjenikov.cz\/wp-content\/uploads\/2023\/04\/1panel-17.png'; return false;\" style=\"position: absolute; left: 57.39%; top: 72.13%; width: 16.21%; height: 13.18%; z-index: 2;\"><\/a>\n\n<a href=\"\" title=\"Kulturn\u00ed d\u016fm p\u0159ed rekostrukc\u00ed\" onclick=\"showHtmlDiv();document.getElementById('obrnahore').src='http:\/\/www.obecjenikov.cz\/wp-content\/uploads\/2023\/04\/1panel-18.png'; return false;\" style=\"position: absolute; left: 78.99%; top: 77.34%; width: 16.08%; height: 11%; z-index: 2;\"><\/a>\n\n<a href=\"\" title=\"Kulturn\u00ed d\u016fm \u2013 hasi\u010d\u00e1rna p\u0159ed rekonstrukc\u00ed.\" onclick=\"showHtmlDiv();document.getElementById('obrnahore').src='http:\/\/www.obecjenikov.cz\/wp-content\/uploads\/2023\/04\/1panel-3.png'; return false;\" style=\"position: absolute; left: 56.42%; top: 5.2%; width: 15.24%; height: 11.53%; z-index: 2;\"><\/a>\n\n<a href=\"\" title=\"Kulturn\u00ed d\u016fm \u2013 hasi\u010d\u00e1rna p\u0159ed rekonstrukc\u00ed.\" onclick=\"showHtmlDiv();document.getElementById('obrnahore').src='http:\/\/www.obecjenikov.cz\/wp-content\/uploads\/2023\/04\/1panel-19.png'; return false;\" style=\"position: absolute; left: 56.55%; top: 16.93%; width: 14.85%; height: 12.19%; z-index: 2;\"><\/a>\n\n<\/div>\n\n\n\n<div style=\"position: relative;\">\n  <img decoding=\"async\" src=\"http:\/\/www.obecjenikov.cz\/wp-content\/uploads\/2023\/04\/2panel.png\" style=\"width: 100%; height: auto;\">\n\n\n<a href=\"\" title=\"\u010cervenec 2006 \u2013 \u00faprava prostranstv\u00ed u hasi\u010d\u00e1rny. Bude tu p\u0159\u00edjemn\u00e9 posezen\u00ed na zahr\u00e1dce\" onclick=\"showHtmlDiv();document.getElementById('obrnahore').src='http:\/\/www.obecjenikov.cz\/wp-content\/uploads\/2023\/04\/2panel-1.png'; return false;\" style=\"position: absolute; left: 9.18%; top: 5.62%; width: 15.82%; height: 10.61%; z-index: 2;\"><\/a>\n\n<a href=\"\" title=\"\u010cervenec 2006 \u2013 \u00faprava prostranstv\u00ed u hasi\u010d\u00e1rny. Bude tu p\u0159\u00edjemn\u00e9 posezen\u00ed na zahr\u00e1dce\" onclick=\"showHtmlDiv();document.getElementById('obrnahore').src='http:\/\/www.obecjenikov.cz\/wp-content\/uploads\/2023\/04\/2panel-2.png'; return false;\" style=\"position: absolute; left: 9.31%; top: 17.3%; width: 15.63%; height: 9.47%; z-index: 2;\"><\/a>\n\n<a href=\"\" title=\"\u010cervenec 2006 \u2013 \u00faprava prostranstv\u00ed u hasi\u010d\u00e1rny. Bude tu p\u0159\u00edjemn\u00e9 posezen\u00ed na zahr\u00e1dce\" onclick=\"showHtmlDiv();document.getElementById('obrnahore').src='http:\/\/www.obecjenikov.cz\/wp-content\/uploads\/2023\/04\/2panel-3.png'; return false;\" style=\"position: absolute; left: 2.86%; top: 33.59%; width: 14.96%; height: 9.91%; z-index: 2;\"><\/a>\n\n<a href=\"\" title=\"\u010cervenec 2006 \u2013 \u00faprava prostranstv\u00ed u hasi\u010d\u00e1rny. Bude tu p\u0159\u00edjemn\u00e9 posezen\u00ed na zahr\u00e1dce\" onclick=\"showHtmlDiv();document.getElementById('obrnahore').src='http:\/\/www.obecjenikov.cz\/wp-content\/uploads\/2023\/04\/2panel-4.png'; return false;\" style=\"position: absolute; left: 2.73%; top: 44.13%; width: 15.23%; height: 10.1%; z-index: 2;\"><\/a>\n\n<a href=\"\" title=\"U\u017e se nat\u00edraj\u00ed lavi\u010dky.\" onclick=\"showHtmlDiv();document.getElementById('obrnahore').src='http:\/\/www.obecjenikov.cz\/wp-content\/uploads\/2023\/04\/2panel-5.png'; return false;\" style=\"position: absolute; left: 11.44%; top: 55.93%; width: 16.82%; height: 10.73%; z-index: 2;\"><\/a>\n\n<a href=\"\" title=\"\u010cerven 2007 \u2013 U\u017e zb\u00fdv\u00e1 jen dod\u011blat oplocen\u00ed.\" onclick=\"showHtmlDiv();document.getElementById('obrnahore').src='http:\/\/www.obecjenikov.cz\/wp-content\/uploads\/2023\/04\/2panel-6.png'; return false;\" style=\"position: absolute; left: 3.32%; top: 68.88%; width: 20.61%; height: 13.51%; z-index: 2;\"><\/a>\n\n<a href=\"\" title=\"U\u017e se nat\u00edraj\u00ed lavi\u010dky.\" onclick=\"showHtmlDiv();document.getElementById('obrnahore').src='http:\/\/www.obecjenikov.cz\/wp-content\/uploads\/2023\/04\/2panel-7.png'; return false;\" title=\"\" style=\"position: absolute; left: 11.24%; top: 83.96%; width: 16.02%; height: 10.61%; z-index: 2;\"><\/a>\n\n<a href=\"\" title=\"P\u0159ed rekostrukc\u00ed\" onclick=\"showHtmlDiv();document.getElementById('obrnahore').src='http:\/\/www.obecjenikov.cz\/wp-content\/uploads\/2023\/04\/2panel-8.png'; return false;\" title=\"\" style=\"position: absolute; left: 35.37%; top: 10.54%; width: 16.69%; height: 10.98%; z-index: 2;\"><\/a>\n\n<a href=\"\" title=\"P\u0159estavba hasi\u010d\u00e1rny\" onclick=\"showHtmlDiv();document.getElementById('obrnahore').src='http:\/\/www.obecjenikov.cz\/wp-content\/uploads\/2023\/04\/2panel-9.png'; return false;\" style=\"position: absolute; left: 34.57%; top: 31.5%; width: 16.36%; height: 11.43%; z-index: 2;\"><\/a>\n\n<a href=\"\" title=\"P\u0159estavba hasi\u010d\u00e1rny\" onclick=\"showHtmlDiv();document.getElementById('obrnahore').src='http:\/\/www.obecjenikov.cz\/wp-content\/uploads\/2023\/04\/2panel-10.png'; return false;\" style=\"position: absolute; left: 34.64%; top: 42.99%; width: 16.09%; height: 11.62%; z-index: 2;\"><\/a>\n\n<a href=\"\" title=\"P\u0159estavba hasi\u010d\u00e1rny\" onclick=\"showHtmlDiv();document.getElementById('obrnahore').src='http:\/\/www.obecjenikov.cz\/wp-content\/uploads\/2023\/04\/2panel-11.png'; return false;\" style=\"position: absolute; left: 34.91%; top: 67.68%; width: 16.02%; height: 10.92%; z-index: 2;\"><\/a>\n\n<a href=\"\" title=\"P\u0159estavba hasi\u010d\u00e1rny\" onclick=\"showHtmlDiv();document.getElementById('obrnahore').src='http:\/\/www.obecjenikov.cz\/wp-content\/uploads\/2023\/04\/2panel-12.png'; return false;\" style=\"position: absolute; left: 34.91%; top: 78.91%; width: 16.02%; height: 11.81%; z-index: 2;\"><\/a>\n\n<a href=\"\" title=\"P\u0159ed rekostrukc\u00ed\" onclick=\"showHtmlDiv();document.getElementById('obrnahore').src='http:\/\/www.obecjenikov.cz\/wp-content\/uploads\/2023\/04\/2panel-13.png'; return false;\" style=\"position: absolute; left: 58.58%; top: 7.89%; width: 17.02%; height: 12.06%; z-index: 2;\"><\/a>\n\n<a href=\"\" title=\"P\u0159estavba hasi\u010d\u00e1rny\" onclick=\"showHtmlDiv();document.getElementById('obrnahore').src='http:\/\/www.obecjenikov.cz\/wp-content\/uploads\/2023\/04\/2panel-14.png'; return false;\" style=\"position: absolute; left: 58.38%; top: 20.08%; width: 17.02%; height: 12.44%; z-index: 2;\"><\/a>\n\n<a href=\"\" title=\"St\u011bhov\u00e1n\u00ed hospody U Hasi\u010de zp\u011bt do nov\u011b opravn\u00e9ho kulturn\u00edho domu \u2013         \u0159\u00edjen 2018\" onclick=\"showHtmlDiv();document.getElementById('obrnahore').src='http:\/\/www.obecjenikov.cz\/wp-content\/uploads\/2023\/04\/2panel-15.png'; return false;\" style=\"position: absolute; left: 61.77%; top: 41.6%; width: 11.3%; height: 7.83%; z-index: 2;\"><\/a>\n\n<a href=\"\" title=\"St\u011bhov\u00e1n\u00ed hospody U Hasi\u010de zp\u011bt do nov\u011b opravn\u00e9ho kulturn\u00edho domu \u2013         \u0159\u00edjen 2018\" onclick=\"showHtmlDiv();document.getElementById('obrnahore').src='http:\/\/www.obecjenikov.cz\/wp-content\/uploads\/2023\/04\/2panel-16.png'; return false;\" style=\"position: absolute; left: 61.44%; top: 49.24%; width: 11.24%; height: 8.14%; z-index: 2;\"><\/a>\n\n<a href=\"\" title=\"St\u011bhov\u00e1n\u00ed hospody U Hasi\u010de zp\u011bt do nov\u011b opravn\u00e9ho kulturn\u00edho domu \u2013         \u0159\u00edjen 2018\" onclick=\"showHtmlDiv();document.getElementById('obrnahore').src='http:\/\/www.obecjenikov.cz\/wp-content\/uploads\/2023\/04\/2panel-17.png'; return false;\" style=\"position: absolute; left: 60.9%; top: 57.01%; width: 11.77%; height: 8.4%; z-index: 2;\"><\/a>\n\n<a href=\"\" title=\"St\u011bhov\u00e1n\u00ed hospody U Hasi\u010de zp\u011bt do nov\u011b opravn\u00e9ho kulturn\u00edho domu \u2013         \u0159\u00edjen 2018\" onclick=\"showHtmlDiv();document.getElementById('obrnahore').src='http:\/\/www.obecjenikov.cz\/wp-content\/uploads\/2023\/04\/2panel-18.png'; return false;\" style=\"position: absolute; left: 58.91%; top: 71.46%; width: 12.5%; height: 7.95%; z-index: 2;\"><\/a>\n\n<a href=\"\" title=\"St\u011bhov\u00e1n\u00ed hospody U Hasi\u010de zp\u011bt do nov\u011b opravn\u00e9ho kulturn\u00edho domu \u2013         \u0159\u00edjen 2018\" onclick=\"showHtmlDiv();document.getElementById('obrnahore').src='http:\/\/www.obecjenikov.cz\/wp-content\/uploads\/2023\/04\/2panel-19.png'; return false;\" style=\"position: absolute; left: 58.78%; top: 79.36%; width: 12.63%; height: 7.83%; z-index: 2;\"><\/a>\n\n<a href=\"\" title=\"St\u011bhov\u00e1n\u00ed hospody U Hasi\u010de zp\u011bt do nov\u011b opravn\u00e9ho kulturn\u00edho domu \u2013         \u0159\u00edjen 2018\" onclick=\"showHtmlDiv();document.getElementById('obrnahore').src='http:\/\/www.obecjenikov.cz\/wp-content\/uploads\/2023\/04\/2panel-20.png'; return false;\" style=\"position: absolute; left: 58.64%; top: 87.25%; width: 12.7%; height: 7.95%; z-index: 2;\"><\/a>\n\n<a href=\"\" title=\"P\u0159estavba hasi\u010d\u00e1rny\" onclick=\"showHtmlDiv();document.getElementById('obrnahore').src='http:\/\/www.obecjenikov.cz\/wp-content\/uploads\/2023\/04\/2panel-21.png'; return false;\" style=\"position: absolute; left: 83.11%; top: 6.44%; width: 17.02%; height: 13.95%; z-index: 2;\"><\/a>\n\n<a href=\"\" title=\"St\u011bhov\u00e1n\u00ed hospody U Hasi\u010de zp\u011bt do nov\u011b opravn\u00e9ho kulturn\u00edho domu \u2013         \u0159\u00edjen 2018\" onclick=\"showHtmlDiv();document.getElementById('obrnahore').src='http:\/\/www.obecjenikov.cz\/wp-content\/uploads\/2023\/04\/2panel-22.png'; return false;\" style=\"position: absolute; left: 82.25%; top: 28.6%; width: 13.36%; height: 8.21%; z-index: 2;\"><\/a>\n\n<a href=\"\" title=\"St\u011bhov\u00e1n\u00ed hospody U Hasi\u010de zp\u011bt do nov\u011b opravn\u00e9ho kulturn\u00edho domu \u2013         \u0159\u00edjen 2018\" onclick=\"showHtmlDiv();document.getElementById('obrnahore').src='http:\/\/www.obecjenikov.cz\/wp-content\/uploads\/2023\/04\/2panel-23.png'; return false;\" style=\"position: absolute; left: 81.91%; top: 36.81%; width: 13.63%; height: 8.21%; z-index: 2;\"><\/a>\n\n<a href=\"\" title=\"St\u011bhov\u00e1n\u00ed hospody U Hasi\u010de zp\u011bt do nov\u011b opravn\u00e9ho kulturn\u00edho domu \u2013         \u0159\u00edjen 2018\" onclick=\"showHtmlDiv();document.getElementById('obrnahore').src='http:\/\/www.obecjenikov.cz\/wp-content\/uploads\/2023\/04\/2panel-24.png'; return false;\" style=\"position: absolute; left: 81.52%; top: 44.82%; width: 13.43%; height: 8.84%; z-index: 2;\"><\/a>\n\n<a href=\"\" title=\"Hotovo, rekonstrukce i st\u011bhov\u00e1n\u00ed jsou hotov\u00e9. Den otev\u0159en\u00fdch dve\u0159\u00ed KD 28.10.2018\" onclick=\"showHtmlDiv();document.getElementById('obrnahore').src='http:\/\/www.obecjenikov.cz\/wp-content\/uploads\/2023\/04\/2panel-25.png'; return false;\" style=\"position: absolute; left: 80.52%; top: 62.06%; width: 10.77%; height: 7.83%; z-index: 2;\"><\/a>\n\n<a href=\"\" title=\"Hotovo, rekonstrukce i st\u011bhov\u00e1n\u00ed jsou hotov\u00e9. Den otev\u0159en\u00fdch dve\u0159\u00ed KD 28.10.2018\" onclick=\"showHtmlDiv();document.getElementById('obrnahore').src='http:\/\/www.obecjenikov.cz\/wp-content\/uploads\/2023\/04\/2panel-26.png'; return false;\" style=\"position: absolute; left: 80.12%; top: 69.89%; width: 11.64%; height: 6.88%; z-index: 2;\"><\/a>\n\n<a href=\"\" title=\"Hotovo, rekonstrukce i st\u011bhov\u00e1n\u00ed jsou hotov\u00e9. Den otev\u0159en\u00fdch dve\u0159\u00ed KD 28.10.2018\" onclick=\"showHtmlDiv();document.getElementById('obrnahore').src='http:\/\/www.obecjenikov.cz\/wp-content\/uploads\/2023\/04\/2panel-27.png'; return false;\" style=\"position: absolute; left: 79.65%; top: 76.77%; width: 11.64%; height: 7.77%; z-index: 2;\"><\/a>\n\n<\/div>\n\n\n\n<h2 class=\"wp-block-heading\"><br>Hasi\u010di &#8211; Masopustn\u00ed obch\u016fzky<\/h2>\n\n\n\n<p><\/p>\n\n\n\n<figure class=\"wp-block-image size-large\"><img loading=\"lazy\" decoding=\"async\" width=\"767\" height=\"1024\" data-attachment-id=\"6344\" data-permalink=\"https:\/\/www.obecjenikov.cz\/?attachment_id=6344\" data-orig-file=\"https:\/\/www.obecjenikov.cz\/wp-content\/uploads\/2023\/04\/IMG_20220924_144202-scaled.jpg\" data-orig-size=\"1917,2560\" data-comments-opened=\"0\" data-image-meta=\"{&quot;aperture&quot;:&quot;2.2&quot;,&quot;credit&quot;:&quot;&quot;,&quot;camera&quot;:&quot;Redmi 6&quot;,&quot;caption&quot;:&quot;&quot;,&quot;created_timestamp&quot;:&quot;1664030522&quot;,&quot;copyright&quot;:&quot;&quot;,&quot;focal_length&quot;:&quot;3.82&quot;,&quot;iso&quot;:&quot;240&quot;,&quot;shutter_speed&quot;:&quot;0.029999&quot;,&quot;title&quot;:&quot;&quot;,&quot;orientation&quot;:&quot;0&quot;}\" data-image-title=\"IMG_20220924_144202\" data-image-description=\"\" data-image-caption=\"\" data-medium-file=\"https:\/\/www.obecjenikov.cz\/wp-content\/uploads\/2023\/04\/IMG_20220924_144202-112x150.jpg\" data-large-file=\"https:\/\/www.obecjenikov.cz\/wp-content\/uploads\/2023\/04\/IMG_20220924_144202-767x1024.jpg\" src=\"http:\/\/www.obec-jenikov.cz\/wp-content\/uploads\/2023\/04\/IMG_20220924_144202-767x1024.jpg\" alt=\"\" class=\"wp-image-6344\" srcset=\"https:\/\/www.obecjenikov.cz\/wp-content\/uploads\/2023\/04\/IMG_20220924_144202-767x1024.jpg 767w, https:\/\/www.obecjenikov.cz\/wp-content\/uploads\/2023\/04\/IMG_20220924_144202-112x150.jpg 112w, https:\/\/www.obecjenikov.cz\/wp-content\/uploads\/2023\/04\/IMG_20220924_144202-768x1025.jpg 768w, https:\/\/www.obecjenikov.cz\/wp-content\/uploads\/2023\/04\/IMG_20220924_144202-1150x1536.jpg 1150w, https:\/\/www.obecjenikov.cz\/wp-content\/uploads\/2023\/04\/IMG_20220924_144202-1534x2048.jpg 1534w, https:\/\/www.obecjenikov.cz\/wp-content\/uploads\/2023\/04\/IMG_20220924_144202-640x854.jpg 640w, https:\/\/www.obecjenikov.cz\/wp-content\/uploads\/2023\/04\/IMG_20220924_144202-scaled.jpg 1917w\" sizes=\"auto, (max-width: 767px) 100vw, 767px\" \/><\/figure>\n\n\n\n<div style=\"position: relative;\">\n  <img decoding=\"async\" src=\"http:\/\/www.obecjenikov.cz\/wp-content\/uploads\/2023\/04\/3panel.png\" style=\"width: 100%; height: auto;\">\n\n<a href=\"\" title=\"Po letech rozm\u00fd\u0161len\u00ed, po roce pl\u00e1nov\u00e1n\u00ed a tvrd\u00e9 pr\u00e1ce je to kone\u010dn\u011b tady MA\u0160KARA 2016\" onclick=\"showHtmlDiv();document.getElementById('obrnahore').src='http:\/\/www.obecjenikov.cz\/wp-content\/uploads\/2023\/04\/3panel-1.png'; return false;\" style=\"position: absolute; left: 5.47%; top: 10.44%; width: 12.33%; height: 7.56%; z-index: 2;\"><\/a>\n\n<a href=\"\" title=\"P\u0159\u00edprava masek na masopustn\u00ed pr\u016fvod v\u00a0kulturn\u00edm dom\u011b.\" onclick=\"showHtmlDiv();document.getElementById('obrnahore').src='http:\/\/www.obecjenikov.cz\/wp-content\/uploads\/2023\/04\/3panel-2.png'; return false;\" style=\"position: absolute; left: 5.47%; top: 17.9%; width: 13.06%; height: 7.97%; z-index: 2;\"><\/a>\n\n<a href=\"\" title=\"P\u0159\u00edprava masek na masopustn\u00ed pr\u016fvod v\u00a0kulturn\u00edm dom\u011b.\" onclick=\"showHtmlDiv();document.getElementById('obrnahore').src='http:\/\/www.obecjenikov.cz\/wp-content\/uploads\/2023\/04\/3panel-24.png'; return false;\" style=\"position: absolute; left: 5.92%; top: 25.87%; width: 12.67%; height: 7.56%; z-index: 2;\"><\/a>\n\n<a href=\"\" title=\"Masky \u017eid\u016f\" onclick=\"showHtmlDiv();document.getElementById('obrnahore').src='http:\/\/www.obecjenikov.cz\/wp-content\/uploads\/2023\/04\/3panel-3.png'; return false;\" style=\"position: absolute; left: 15.96%; top: 43.06%; width: 16.18%; height: 9.62%; z-index: 2;\"><\/a>\n\n<a href=\"\" title=\"Masky komin\u00edk\u016f s\u00a0kobylou\" onclick=\"showHtmlDiv();document.getElementById('obrnahore').src='http:\/\/www.obecjenikov.cz\/wp-content\/uploads\/2023\/04\/3panel-4.png'; return false;\" style=\"position: absolute; left: 16.35%; top: 52.57%; width: 15.96%; height: 9.57%; z-index: 2;\"><\/a>\n\n<a href=\"\" title=\"Upl\u00e9st masku slam\u00e1ka nen\u00ed jednoduch\u00e9 a vy\u017eaduje to dlouhou p\u0159\u00edpravu, kter\u00e1 za\u010d\u00edn\u00e1 u\u017e set\u00edm obil\u00ed, ze kter\u00e9ho se maska bude pl\u00e9st.\nN\u00e1ro\u010dn\u00e9 je tak\u00e9 m\u00edt cel\u00fd den masku oble\u010denou a je\u0161t\u011b v\u00a0n\u00ed k\u0159ep\u010dit a rozd\u00e1vat vesel\u00ed.\" onclick=\"showHtmlDiv();document.getElementById('obrnahore').src='http:\/\/www.obecjenikov.cz\/wp-content\/uploads\/2023\/04\/3panel-5.png'; return false;\" style=\"position: absolute; left: 8.2%; top: 68.31%; width: 16.46%; height: 9.41%; z-index: 2;\"><\/a>\n\n<a href=\"\" title=\"P\u00e1n s\u00a0pan\u00ed, kobilky a turci\" onclick=\"showHtmlDiv();document.getElementById('obrnahore').src='http:\/\/www.obecjenikov.cz\/wp-content\/uploads\/2023\/04\/3panel-6.png'; return false;\" style=\"position: absolute; left: 8.65%; top: 81.84%; width: 16.13%; height: 9.47%; z-index: 2;\"><\/a>\n\n<a href=\"\" title=\"Je\u0161t\u011b tane\u010dek a m\u016f\u017ee se j\u00edt pro povolen\u00ed.\" onclick=\"showHtmlDiv();document.getElementById('obrnahore').src='http:\/\/www.obecjenikov.cz\/wp-content\/uploads\/2023\/04\/3panel-7.png'; return false;\" style=\"position: absolute; left: 30.92%; top: 10.6%; width: 12.33%; height: 7.56%; z-index: 2;\"><\/a>\n\n<a href=\"\" title=\"Pr\u016fvod ke starostovi obce.\" onclick=\"showHtmlDiv();document.getElementById('obrnahore').src='http:\/\/www.obecjenikov.cz\/wp-content\/uploads\/2023\/04\/3panel-8.png'; return false;\" style=\"position: absolute; left: 31.25%; top: 18.26%; width: 12.28%; height: 7.66%; z-index: 2;\"><\/a>\n\n<a href=\"\" title=\"Laufr \u010dte \u017e\u00e1dost o povolen\u00ed obch\u016fzky obc\u00ed.\" onclick=\"showHtmlDiv();document.getElementById('obrnahore').src='http:\/\/www.obecjenikov.cz\/wp-content\/uploads\/2023\/04\/3panel-9.png'; return false;\" style=\"position: absolute; left: 31.58%; top: 26.03%; width: 11.89%; height: 7.87%; z-index: 2;\"><\/a>\n\n<a href=\"\" title=\"\" onclick=\"showHtmlDiv();document.getElementById('obrnahore').src='http:\/\/www.obecjenikov.cz\/wp-content\/uploads\/2023\/04\/3panel-10.png'; return false;\" style=\"position: absolute; left: 41.8%; top: 34.62%; width: 20.2%; height: 13.94%; z-index: 2;\"><\/a>\n\n<a href=\"\" title=\"Obnoven\u00ed zvyku ma\u0161karn\u00edch obch\u016fzek po 19 letech.\nCel\u00e1 skupina ma\u0161kar p\u0159ed pr\u016fvodem ke starostovi pro povolen\u00ed obch\u016fzky.\" onclick=\"showHtmlDiv();document.getElementById('obrnahore').src='http:\/\/www.obecjenikov.cz\/wp-content\/uploads\/2023\/04\/3panel-11.png'; return false;\" style=\"position: absolute; left: 40.9%; top: 50.51%; width: 20.15%; height: 12.4%; z-index: 2;\"><\/a>\n\n<a href=\"\" title=\"Rasov\u00e9 v\u00a0cel\u00e9 kr\u00e1se.\" onclick=\"showHtmlDiv();document.getElementById('obrnahore').src='http:\/\/www.obecjenikov.cz\/wp-content\/uploads\/2023\/04\/3panel-12.png'; return false;\" style=\"position: absolute; left: 31.86%; top: 71.09%; width: 15.07%; height: 9.05%; z-index: 2;\"><\/a>\n\n<a href=\"\" title=\"Turci jako malovan\u00ed.\" onclick=\"showHtmlDiv();document.getElementById('obrnahore').src='http:\/\/www.obecjenikov.cz\/wp-content\/uploads\/2023\/04\/3panel-13.png'; return false;\" style=\"position: absolute; left: 32.03%; top: 80.14%; width: 15.23%; height: 8.69%; z-index: 2;\"><\/a>\n\n<a href=\"\" title=\"V\u00a0\u010dele masopustn\u00edho pr\u016fvodu jde v\u017edy laufr a hned za n\u00edm p\u00e1n s\u00a0pan\u00ed.\nZa nimi turci, rasov\u00e9, kobilky, slam\u011bn\u00ed, komin\u00edci, \u017eidi a na z\u00e1v\u011br kapela, \nkter\u00e1 cel\u00fd pr\u016fvod doprov\u00e1z\u00ed vesnic\u00ed. \nNa t\u00e9to fotografii p\u0159ed budovou star\u00e9ho kulturn\u00edho domu \u2013 hasi\u010d\u00e1rny.\" onclick=\"showHtmlDiv();document.getElementById('obrnahore').src='http:\/\/www.obecjenikov.cz\/wp-content\/uploads\/2023\/04\/3panel-14.png'; return false;\" style=\"position: absolute; left: 56.25%; top: 11.99%; width: 15.74%; height: 10.7%; z-index: 2;\"><\/a>\n\n<a href=\"\" title=\"Slam\u011bn\u00ed a komin\u00edci p\u0159ed star\u00fdm obecn\u00edm \u00fa\u0159adem\" onclick=\"showHtmlDiv();document.getElementById('obrnahore').src='http:\/\/www.obecjenikov.cz\/wp-content\/uploads\/2023\/04\/3panel-15.png'; return false;\" style=\"position: absolute; left: 55.08%; top: 71.14%; width: 15.96%; height: 9.47%; z-index: 2;\"><\/a>\n\n<a href=\"\" title=\"Tane\u010dek turk\u016f u \u017d\u00e1k\u016f\" onclick=\"showHtmlDiv();document.getElementById('obrnahore').src='http:\/\/www.obecjenikov.cz\/wp-content\/uploads\/2023\/04\/3panel-16.png'; return false;\" style=\"position: absolute; left: 55.25%; top: 80.56%; width: 15.96%; height: 9.16%; z-index: 2;\"><\/a>\n\n<a href=\"\" title=\"Obch\u016fzka povolena, m\u016f\u017ee za\u010d\u00edt masopustn\u00ed rej Jen\u00edkovem\" onclick=\"showHtmlDiv();document.getElementById('obrnahore').src='http:\/\/www.obecjenikov.cz\/wp-content\/uploads\/2023\/04\/3panel-17.png'; return false;\" style=\"position: absolute; left: 80.97%; top: 11.57%; width: 11.22%; height: 6.89%; z-index: 2;\"><\/a>\n\n<a href=\"\" title=\"Obch\u016fzka povolena, m\u016f\u017ee za\u010d\u00edt masopustn\u00ed rej Jen\u00edkovem\" onclick=\"showHtmlDiv();document.getElementById('obrnahore').src='http:\/\/www.obecjenikov.cz\/wp-content\/uploads\/2023\/04\/3panel-18.png'; return false;\" style=\"position: absolute; left: 80.8%; top: 18.47%; width: 11.22%; height: 7.3%; z-index: 2;\"><\/a>\n\n<a href=\"\" title=\"Obch\u016fzka povolena, m\u016f\u017ee za\u010d\u00edt masopustn\u00ed rej Jen\u00edkovem\" onclick=\"showHtmlDiv();document.getElementById('obrnahore').src='http:\/\/www.obecjenikov.cz\/wp-content\/uploads\/2023\/04\/3panel-19.png'; return false;\" style=\"position: absolute; left: 80.3%; top: 25.93%; width: 11.44%; height: 7.61%; z-index: 2;\"><\/a>\n\n<a href=\"\" title=\"Laufr a p\u00e1n s\u00a0pan\u00ed vedou masopustn\u00ed pr\u016fvod Jen\u00edkovem.\" onclick=\"showHtmlDiv();document.getElementById('obrnahore').src='http:\/\/www.obecjenikov.cz\/wp-content\/uploads\/2023\/04\/3panel-20.png'; return false;\" style=\"position: absolute; left: 70.54%; top: 41.72%; width: 14.9%; height: 20.32%; z-index: 2;\"><\/a>\n\n<a href=\"\" title=\"Turci u ka\u017ed\u00e9ho domu zatan\u010d\u00ed kole\u010dko za doprovodu kapely, kter\u00e1 za hraje dle p\u0159\u00e1n\u00ed hospod\u00e1\u0159e.\" onclick=\"showHtmlDiv();document.getElementById('obrnahore').src='http:\/\/www.obecjenikov.cz\/wp-content\/uploads\/2023\/04\/3panel-21.png'; return false;\" style=\"position: absolute; left: 79.13%; top: 70.06%; width: 10.94%; height: 6.69%; z-index: 2;\"><\/a>\n\n<a href=\"\" title=\"A ostatn\u00ed masky k\u0159ep\u010d\u00ed, po\u0161\u0165uchuj\u00ed a r\u016fzn\u00fdmi vtipn\u00fdmi pr\u016fpov\u00eddkami bav\u00ed dom\u00e1c\u00ed i p\u0159ihl\u00ed\u017eej\u00edc\u00ed obecenstvo.\" onclick=\"showHtmlDiv();document.getElementById('obrnahore').src='http:\/\/www.obecjenikov.cz\/wp-content\/uploads\/2023\/04\/3panel-22.png'; return false;\" style=\"position: absolute; left: 79.24%; top: 76.8%; width: 10.49%; height: 5.66%; z-index: 2;\"><\/a>\n\n<a href=\"\" title=\"A ostatn\u00ed masky k\u0159ep\u010d\u00ed, po\u0161\u0165uchuj\u00ed a r\u016fzn\u00fdmi vtipn\u00fdmi pr\u016fpov\u00eddkami bav\u00ed dom\u00e1c\u00ed i p\u0159ihl\u00ed\u017eej\u00edc\u00ed obecenstvo.\" onclick=\"showHtmlDiv();document.getElementById('obrnahore').src='http:\/\/www.obecjenikov.cz\/wp-content\/uploads\/2023\/04\/3panel-23.png'; return false;\" style=\"position: absolute; left: 79.13%; top: 82.41%; width: 10.38%; height: 6.79%; z-index: 2;\"><\/a>\n\n<\/div>\n\n\n\n<h2 class=\"wp-block-heading\">Hasi\u010di &#8211; akce<\/h2>\n\n\n\n<div style=\"position: relative;\">\n  <img decoding=\"async\" src=\"http:\/\/www.obecjenikov.cz\/wp-content\/uploads\/2023\/04\/4panel.png\" style=\"width: 100%; height: auto;\">\n\n<a href=\"\" title=\"Mari\u00e1\u0161n\u00edci\" onclick=\"showHtmlDiv();document.getElementById('obrnahore').src='http:\/\/www.obecjenikov.cz\/wp-content\/uploads\/2023\/04\/4panel-1.png'; return false;\" style=\"position: absolute; left: 2.96%; top: 8.85%; width: 18.94%; height: 13.44%; z-index: 2;\"><\/a>\n\n<a href=\"\" title=\"\" onclick=\"showHtmlDiv();document.getElementById('obrnahore').src='http:\/\/www.obecjenikov.cz\/wp-content\/uploads\/2023\/04\/4panel-2.png'; return false;\" style=\"position: absolute; left: 3.09%; top: 25.13%; width: 19.78%; height: 13.24%; z-index: 2;\"><\/a>\n\n<a href=\"\" title=\"N\u011bkolikr\u00e1t jsme tak\u00e9 po\u0159\u00e1dali turnaj v mari\u00e1\u0161i. Nejlep\u0161\u00ed hr\u00e1\u010di v\u017edy z\u00edskali hodnotn\u00e9 ocen\u011bn\u00ed.\" onclick=\"showHtmlDiv();document.getElementById('obrnahore').src='http:\/\/www.obecjenikov.cz\/wp-content\/uploads\/2023\/04\/4panel-3.png'; return false;\" style=\"position: absolute; left: 3.67%; top: 40.5%; width: 18.23%; height: 12.47%; z-index: 2;\"><\/a>\n\n<a href=\"\" title=\"Mari\u00e1\u0161n\u00edci\" onclick=\"showHtmlDiv();document.getElementById('obrnahore').src='http:\/\/www.obecjenikov.cz\/wp-content\/uploads\/2023\/04\/4panel-4.png'; return false;\" style=\"position: absolute; left: 3.03%; top: 56.98%; width: 19.46%; height: 13.82%; z-index: 2;\"><\/a>\n\n<a href=\"\" title=\"\u00da\u010dast byla v\u017edy hojn\u00e1, na t\u011bchto sn\u00edmc\u00edch r.2000-2003\" onclick=\"showHtmlDiv();document.getElementById('obrnahore').src='http:\/\/www.obecjenikov.cz\/wp-content\/uploads\/2023\/04\/4panel-5.png'; return false;\" style=\"position: absolute; left: 5.28%; top: 74.61%; width: 17.07%; height: 12.47%; z-index: 2;\"><\/a>\n\n<a href=\"\" title=\"Hasi\u010dsk\u00fd ples v\u00a0opraven\u00e9m kulturn\u00edm dom\u011b, 22.1.2022\" onclick=\"showHtmlDiv();document.getElementById('obrnahore').src='http:\/\/www.obecjenikov.cz\/wp-content\/uploads\/2023\/04\/4panel-6.png'; return false;\" style=\"position: absolute; left: 30.61%; top: 4.33%; width: 15.46%; height: 12.92%; z-index: 2;\"><\/a>\n\n<a href=\"\" title=\"\u010c\u00e1st cen pro tombolu.\" onclick=\"showHtmlDiv();document.getElementById('obrnahore').src='http:\/\/www.obecjenikov.cz\/wp-content\/uploads\/2023\/04\/4panel-7.png'; return false;\" style=\"position: absolute; left: 40.34%; top: 18.35%; width: 15.72%; height: 14.15%; z-index: 2;\"><\/a>\n\n<a href=\"\" title=\"\" onclick=\"showHtmlDiv();document.getElementById('obrnahore').src='http:\/\/www.obecjenikov.cz\/wp-content\/uploads\/2023\/04\/4panel-8.png'; return false;\" style=\"position: absolute; left: 30.09%; top: 32.88%; width: 15.01%; height: 15.96%; z-index: 2;\"><\/a>\n\n<a href=\"\" title=\"\" onclick=\"showHtmlDiv();document.getElementById('obrnahore').src='http:\/\/www.obecjenikov.cz\/wp-content\/uploads\/2023\/04\/4panel-9.png'; return false;\" style=\"position: absolute; left: 48.65%; top: 36.3%; width: 13.34%; height: 20.61%; z-index: 2;\"><\/a>\n\n<a href=\"\" title=\"Hasi\u010di mysl\u00ed nejen na na\u0161e star\u0161\u00ed spoluob\u010dany, ale tak\u00e9 na d\u011bti. Pravideln\u011b po\u0159\u00e1daj\u00ed, vyjma obdob\u00ed Covidu-19, d\u011btsk\u00e9 karnevaly.\" onclick=\"showHtmlDiv();document.getElementById('obrnahore').src='http:\/\/www.obecjenikov.cz\/wp-content\/uploads\/2023\/04\/4panel-10.png'; return false;\" style=\"position: absolute; left: 28.99%; top: 52.58%; width: 15.91%; height: 10.98%; z-index: 2;\"><\/a>\n\n<a href=\"\" title=\"\" onclick=\"showHtmlDiv();document.getElementById('obrnahore').src='http:\/\/www.obecjenikov.cz\/wp-content\/uploads\/2023\/04\/4panel-11.png'; return false;\" style=\"position: absolute; left: 27.96%; top: 67.76%; width: 15.14%; height: 10.34%; z-index: 2;\"><\/a>\n\n<a href=\"\" title=\"\" onclick=\"showHtmlDiv();document.getElementById('obrnahore').src='http:\/\/www.obecjenikov.cz\/wp-content\/uploads\/2023\/04\/4panel-12.png'; return false;\" style=\"position: absolute; left: 45.62%; top: 73.9%; width: 11.6%; height: 19.32%; z-index: 2;\"><\/a>\n\n<a href=\"\" title=\"D\u011btsk\u00fd karneval 2018 \u2013 posledn\u00ed akce hasi\u010d\u016f p\u0159ed rekonstrukc\u00ed KD-hasi\u010d\u00e1rny.\" onclick=\"showHtmlDiv();document.getElementById('obrnahore').src='http:\/\/www.obecjenikov.cz\/wp-content\/uploads\/2023\/04\/4panel-13.png'; return false;\" style=\"position: absolute; left: 26.42%; top: 83.66%; width: 15.85%; height: 12.86%; z-index: 2;\"><\/a>\n\n<a href=\"\" title=\"N\u011bkolik let po sob\u011b \u010dlenov\u00e9 hasi\u010dsk\u00e9ho sboru organizovali\nposezen\u00ed pro na\u0161e d\u016fchodce.\" onclick=\"showHtmlDiv();document.getElementById('obrnahore').src='http:\/\/www.obecjenikov.cz\/wp-content\/uploads\/2023\/04\/4panel-14.png'; return false;\" style=\"position: absolute; left: 63.34%; top: 5.1%; width: 11.34%; height: 8.79%; z-index: 2;\"><\/a>\n\n<a href=\"\" title=\"N\u011bkolik let po sob\u011b \u010dlenov\u00e9 hasi\u010dsk\u00e9ho sboru organizovali\nposezen\u00ed pro na\u0161e d\u016fchodce.\" onclick=\"showHtmlDiv();document.getElementById('obrnahore').src='http:\/\/www.obecjenikov.cz\/wp-content\/uploads\/2023\/04\/4panel-15.png'; return false;\" style=\"position: absolute; left: 63.34%; top: 13.76%; width: 11.28%; height: 6.98%; z-index: 2;\"><\/a>\n\n<a href=\"\" title=\"N\u011bkolik let po sob\u011b \u010dlenov\u00e9 hasi\u010dsk\u00e9ho sboru organizovali\nposezen\u00ed pro na\u0161e d\u016fchodce.\" onclick=\"showHtmlDiv();document.getElementById('obrnahore').src='http:\/\/www.obecjenikov.cz\/wp-content\/uploads\/2023\/04\/4panel-16.png'; return false;\" style=\"position: absolute; left: 63.14%; top: 20.67%; width: 11.4%; height: 8.46%; z-index: 2;\"><\/a>\n\n<a href=\"\" title=\"\" onclick=\"showHtmlDiv();document.getElementById('obrnahore').src='http:\/\/www.obecjenikov.cz\/wp-content\/uploads\/2023\/04\/4panel-17.png'; return false;\" style=\"position: absolute; left: 80.54%; top: 5.17%; width: 16.3%; height: 11.3%; z-index: 2;\"><\/a>\n\n<a href=\"\" title=\"\" onclick=\"showHtmlDiv();document.getElementById('obrnahore').src='http:\/\/www.obecjenikov.cz\/wp-content\/uploads\/2023\/04\/4panel-18.png'; return false;\" style=\"position: absolute; left: 80.15%; top: 17.05%; width: 16.49%; height: 11.3%; z-index: 2;\"><\/a>\n\n<a href=\"\" title=\"Hasi\u010di tak\u00e9 byli po\u0159adateli ka\u017edoro\u010dn\u00edho setk\u00e1n\u00ed d\u016fchodc\u016f. Fotografie jsou ze setk\u00e1n\u00ed v r. 2004\" onclick=\"showHtmlDiv();document.getElementById('obrnahore').src='http:\/\/www.obecjenikov.cz\/wp-content\/uploads\/2023\/04\/4panel-19.png'; return false;\" style=\"position: absolute; left: 71.71%; top: 32.75%; width: 20.36%; height: 14.79%; z-index: 2;\"><\/a>\n\n<a href=\"\" title=\"Na setk\u00e1n\u00edch d\u016fchodc\u016f je v\u017edy dobr\u00e1 n\u00e1lada a veselo.\" onclick=\"showHtmlDiv();document.getElementById('obrnahore').src='http:\/\/www.obecjenikov.cz\/wp-content\/uploads\/2023\/04\/4panel-20.png'; return false;\" style=\"position: absolute; left: 73.84%; top: 50.32%; width: 14.95%; height: 11.11%; z-index: 2;\"><\/a>\n\n<a href=\"\" title=\"Napjat\u00e9 o\u010dek\u00e1v\u00e1n\u00ed.\" onclick=\"showHtmlDiv();document.getElementById('obrnahore').src='http:\/\/www.obecjenikov.cz\/wp-content\/uploads\/2023\/04\/4panel-21.png'; return false;\" style=\"position: absolute; left: 59.86%; top: 68.73%; width: 11.92%; height: 8.2%; z-index: 2;\"><\/a>\n\n<a href=\"\" title=\"Starosta p.Hladk\u00fd pop\u0159\u00e1l ob\u010dan\u016fm p\u0159\u00edjemn\u00e9 pro\u017eit\u00ed p\u0159ich\u00e1zej\u00edc\u00edch v\u00e1no\u010dn\u00edch sv\u00e1tk\u016f.\" onclick=\"showHtmlDiv();document.getElementById('obrnahore').src='http:\/\/www.obecjenikov.cz\/wp-content\/uploads\/2023\/04\/4panel-22.png'; return false;\" style=\"position: absolute; left: 59.92%; top: 76.61%; width: 11.92%; height: 8.07%; z-index: 2;\"><\/a>\n\n<a href=\"\" title=\"Mikul\u00e1\u0161 s and\u011blem a \u010dertem rozdali d\u011btem drobn\u00e9 d\u00e1rky.\" onclick=\"showHtmlDiv();document.getElementById('obrnahore').src='http:\/\/www.obecjenikov.cz\/wp-content\/uploads\/2023\/04\/4panel-23.png'; return false;\" style=\"position: absolute; left: 59.99%; top: 84.11%; width: 11.92%; height: 8.33%; z-index: 2;\"><\/a>\n\n<a href=\"\" title=\"\" onclick=\"showHtmlDiv();document.getElementById('obrnahore').src='http:\/\/www.obecjenikov.cz\/wp-content\/uploads\/2023\/04\/4panel-24.png'; return false;\" style=\"position: absolute; left: 77.06%; top: 72.93%; width: 16.69%; height: 11.3%; z-index: 2;\"><\/a>\n\n<a href=\"\" title=\"Rozsv\u011bcen\u00ed v\u00e1no\u010dn\u00edho stromku u nov\u00e9ho KD 1.12.2018\" onclick=\"showHtmlDiv();document.getElementById('obrnahore').src='http:\/\/www.obecjenikov.cz\/wp-content\/uploads\/2023\/04\/4panel-25.png'; return false;\" style=\"position: absolute; left: 77.26%; top: 83.79%; width: 16.75%; height: 10.98%; z-index: 2;\"><\/a>\n\n<\/div>\n\n\n\n<h2 class=\"wp-block-heading\">Hasi\u010di &#8211; z\u00e1sahy<\/h2>\n\n\n\n<div style=\"position: relative;\">\n  <img decoding=\"async\" src=\"http:\/\/www.obecjenikov.cz\/wp-content\/uploads\/2023\/04\/5panel.png\" style=\"width: 100%; height: auto;\">\n\n<a href=\"\" title=\"P\u0159ipraveni k ostr\u00e9mu svatebn\u00edmu z\u00e1sahu...\" onclick=\"showHtmlDiv();document.getElementById('obrnahore').src='http:\/\/www.obecjenikov.cz\/wp-content\/uploads\/2023\/04\/5panel-1.png'; return false;\" style=\"position: absolute; left: 16.09%; top: 7.48%; width: 20.69%; height: 14.23%; z-index: 2;\"><\/a>\n\n<a href=\"\" title=\"\" onclick=\"showHtmlDiv();document.getElementById('obrnahore').src='http:\/\/www.obecjenikov.cz\/wp-content\/uploads\/2023\/04\/5panel-2.png'; return false;\" style=\"position: absolute; left: 5.98%; top: 26.97%; width: 20.69%; height: 14.41%; z-index: 2;\"><\/a>\n\n<a href=\"\" title=\"\" onclick=\"showHtmlDiv();document.getElementById('obrnahore').src='http:\/\/www.obecjenikov.cz\/wp-content\/uploads\/2023\/04\/5panel-3.png'; return false;\" style=\"position: absolute; left: 6.4%; top: 45.33%; width: 21.11%; height: 14.41%; z-index: 2;\"><\/a>\n\n<a href=\"\" title=\"\" onclick=\"showHtmlDiv();document.getElementById('obrnahore').src='http:\/\/www.obecjenikov.cz\/wp-content\/uploads\/2023\/04\/5panel-4.png'; return false;\" style=\"position: absolute; left: 7%; top: 64.71%; width: 20.33%; height: 12.62%; z-index: 2;\"><\/a>\n\n<a href=\"\" title=\"\" onclick=\"showHtmlDiv();document.getElementById('obrnahore').src='http:\/\/www.obecjenikov.cz\/wp-content\/uploads\/2023\/04\/5panel-5.png'; return false;\" style=\"position: absolute; left: 7.54%; top: 81.04%; width: 19.86%; height: 13.28%; z-index: 2;\"><\/a>\n\n<a href=\"\" title=\"\" onclick=\"showHtmlDiv();document.getElementById('obrnahore').src='http:\/\/www.obecjenikov.cz\/wp-content\/uploads\/2023\/04\/5panel-6.png'; return false;\" style=\"position: absolute; left: 30.44%; top: 51.67%; width: 18.9%; height: 13.34%; z-index: 2;\"><\/a>\n\n<a href=\"\" title=\"Prvn\u00ed opravdov\u00fd po\u017e\u00e1rn\u00ed poplach a z\u00e1sah 16.6.2007 v 06:00 hod. Profesion\u00e1ln\u00ed hasi\u010di si vy\u017e\u00e1dali pomos SDH Jen\u00edkov p\u0159i likvidaci po\u017e\u00e1ru briket v jednom z Jen\u00edkovsk\u00fdch dom\u016f. Po z\u00e1sahu......radost z dob\u0159e odveden\u00e9 pr\u00e1ce.\" onclick=\"showHtmlDiv();document.getElementById('obrnahore').src='http:\/\/www.obecjenikov.cz\/wp-content\/uploads\/2023\/04\/5panel-7.png'; return false;\" style=\"position: absolute; left: 58.13%; top: 9.09%; width: 17.05%; height: 11.54%; z-index: 2;\"><\/a>\n\n<a href=\"\" title=\"\" onclick=\"showHtmlDiv();document.getElementById('obrnahore').src='http:\/\/www.obecjenikov.cz\/wp-content\/uploads\/2023\/04\/5panel-8.png'; return false;\" style=\"position: absolute; left: 56.34%; top: 33.19%; width: 11.9%; height: 7.89%; z-index: 2;\"><\/a>\n\n<a href=\"\" title=\"\" onclick=\"showHtmlDiv();document.getElementById('obrnahore').src='http:\/\/www.obecjenikov.cz\/wp-content\/uploads\/2023\/04\/5panel-9.png'; return false;\" style=\"position: absolute; left: 56.34%; top: 40.79%; width: 11.96%; height: 7.83%; z-index: 2;\"><\/a>\n\n<a href=\"10\" title=\"\"\" title=\"\" onclick=\"showHtmlDiv();document.getElementById('obrnahore').src='http:\/\/www.obecjenikov.cz\/wp-content\/uploads\/2023\/04\/5panel-10.png'; return false;\" style=\"position: absolute; left: 56.46%; top: 48.68%; width: 11.84%; height: 8.49%; z-index: 2;\"><\/a>\n\n<a href=\"\" title=\"2. ostr\u00fd z\u00e1sah vy\u017e\u00e1dan\u00fd HZS \u2013 ha\u0161en\u00ed zaho\u0159en\u00ed porostu u poln\u00ed cesty na kopci Pe\u0161ava.\" onclick=\"showHtmlDiv();document.getElementById('obrnahore').src='http:\/\/www.obecjenikov.cz\/wp-content\/uploads\/2023\/04\/5panel-11.png'; return false;\" style=\"position: absolute; left: 79.43%; top: 23.09%; width: 12.02%; height: 7.78%; z-index: 2;\"><\/a>\n\n<a href=\"\" title=\"\" onclick=\"showHtmlDiv();document.getElementById('obrnahore').src='http:\/\/www.obecjenikov.cz\/wp-content\/uploads\/2023\/04\/5panel-12.png'; return false;\" style=\"position: absolute; left: 79.37%; top: 30.62%; width: 12.02%; height: 7.78%; z-index: 2;\"><\/a>\n\n<a href=\"\" title=\"\" onclick=\"showHtmlDiv();document.getElementById('obrnahore').src='http:\/\/www.obecjenikov.cz\/wp-content\/uploads\/2023\/04\/5panel-13.png'; return false;\" style=\"position: absolute; left: 79.37%; top: 38.16%; width: 12.02%; height: 8.31%; z-index: 2;\"><\/a>\n\n<a href=\"\" title=\"4. z\u00e1sah vy\u017e\u00e1dan\u00fd HZS \u2013 09\/2021 - p\u00e1tr\u00e1n\u00ed po poh\u0159e\u0161ovan\u00e9 osob\u011b. Z\u00e1sah prob\u00edhal za sou\u010dinnosti jednotek: Jen\u00edkov, Kameni\u010dky, D\u011bdov\u00e1, Blatno, Hlinsko, stanice Hlinsko a stanice Pardubice.\" onclick=\"showHtmlDiv();document.getElementById('obrnahore').src='http:\/\/www.obecjenikov.cz\/wp-content\/uploads\/2023\/04\/5panel-14.png'; return false;\" style=\"position: absolute; left: 56.76%; top: 66.03%; width: 12.14%; height: 7.78%; z-index: 2;\"><\/a>\n\n<a href=\"\" title=\"\" onclick=\"showHtmlDiv();document.getElementById('obrnahore').src='http:\/\/www.obecjenikov.cz\/wp-content\/uploads\/2023\/04\/5panel-15.png'; return false;\" style=\"position: absolute; left: 56.88%; top: 73.74%; width: 11.9%; height: 7.89%; z-index: 2;\"><\/a>\n\n<a href=\"\" title=\"\" onclick=\"showHtmlDiv();document.getElementById('obrnahore').src='http:\/\/www.obecjenikov.cz\/wp-content\/uploads\/2023\/04\/5panel-16.png'; return false;\" style=\"position: absolute; left: 56.88%; top: 81.58%; width: 12.08%; height: 7.83%; z-index: 2;\"><\/a>\n\n<a href=\"\" title=\"3. z\u00e1sah vy\u017e\u00e1dan\u00fd HZS \u2013 6.4.2020 13:58 Jen\u00edkov \u2013 po\u017e\u00e1r tr\u00e1vy ve smrkov\u00e9m porostu. Zasahuj\u00edc\u00ed jednotky: Hlinsko, stanice Hlinsko, Hlinsko-Blatno, Jen\u00edkov, Svratouch, Krouna, Trhov\u00e1 Kamenice. Jen\u00edkov\u0161t\u00ed hasi\u010di pom\u00e1hali p\u0159i dopl\u0148ov\u00e1n\u00ed vody do cisteren a \u0159\u00eddili dopravu.\" onclick=\"showHtmlDiv();document.getElementById('obrnahore').src='http:\/\/www.obecjenikov.cz\/wp-content\/uploads\/2023\/04\/5panel-17.png'; return false;\" style=\"position: absolute; left: 79.13%; top: 58.07%; width: 14.53%; height: 10.05%; z-index: 2;\"><\/a>\n\n<a href=\"\" title=\"\" onclick=\"showHtmlDiv();document.getElementById('obrnahore').src='http:\/\/www.obecjenikov.cz\/wp-content\/uploads\/2023\/04\/5panel-18.png'; return false;\" style=\"position: absolute; left: 79.01%; top: 68.06%; width: 14.41%; height: 10.05%; z-index: 2;\"><\/a>\n\n<\/div>\n\n\n\n<h2 class=\"wp-block-heading\">Hasi\u010di &#8211; oslavy<\/h2>\n\n\n\n<div style=\"position: relative;\">\n  <img decoding=\"async\" src=\"http:\/\/www.obecjenikov.cz\/wp-content\/uploads\/2023\/04\/6panel.png\" style=\"width: 100%; height: auto;\">\n\n<a href=\"\" title=\"Oslava 90. narozenin dlouholet\u00e9ho a zaslou\u017eil\u00e9ho \u010dlena SDH Jen\u00edkov pana Josefa Zav\u0159ela. Na jeho po\u010dest SDH Jen\u00edkov po\u0159\u00e1d\u00e1 hasi\u010dskou sout\u011b\u017e v po\u017e\u00e1rn\u00edm \u00fatoku\n 'Memori\u00e1l Josefa Zav\u0159ela'\" onclick=\"showHtmlDiv();document.getElementById('obrnahore').src='http:\/\/www.obecjenikov.cz\/wp-content\/uploads\/2023\/04\/6panel-1.png'; return false;\" style=\"position: absolute; left: 5.68%; top: 11%; width: 11.29%; height: 7.4%; z-index: 2;\"><\/a>\n\n<a href=\"\" title=\"\" onclick=\"showHtmlDiv();document.getElementById('obrnahore').src='http:\/\/www.obecjenikov.cz\/wp-content\/uploads\/2023\/04\/6panel-2.png'; return false;\" style=\"position: absolute; left: 5.61%; top: 18.81%; width: 10.82%; height: 8.62%; z-index: 2;\"><\/a>\n\n<a href=\"\" title=\"\" onclick=\"showHtmlDiv();document.getElementById('obrnahore').src='http:\/\/www.obecjenikov.cz\/wp-content\/uploads\/2023\/04\/6panel-3.png'; return false;\" style=\"position: absolute; left: 5.61%; top: 27.56%; width: 11.02%; height: 8.01%; z-index: 2;\"><\/a>\n\n<a href=\"\" title=\"V\u00fdsledek sout\u011b\u017ee: 1. Kameni\u010dky, 2. D\u011bdov\u00e1, 3. Jen\u00edkov\" onclick=\"showHtmlDiv();document.getElementById('obrnahore').src='http:\/\/www.obecjenikov.cz\/wp-content\/uploads\/2023\/04\/6panel-4.png'; return false;\" style=\"position: absolute; left: 5.21%; top: 43.99%; width: 17.11%; height: 11.47%; z-index: 2;\"><\/a>\n\n<a href=\"\" title=\"Sout\u011b\u017e v po\u017e\u00e1rn\u00edm \u00fatoku 10.5.2008 Filipov - D\u011bv\u010data 1. m\u00edsto\" onclick=\"showHtmlDiv();document.getElementById('obrnahore').src='http:\/\/www.obecjenikov.cz\/wp-content\/uploads\/2023\/04\/6panel-5.png'; return false;\" style=\"position: absolute; left: 5.81%; top: 63.54%; width: 16.09%; height: 11%; z-index: 2;\"><\/a>\n\n<a href=\"\" title=\"Sout\u011b\u017e v po\u017e\u00e1rn\u00edm \u00fatoku 10.5.2008 Filipov - Kluci 2. m\u00edsto\" onclick=\"showHtmlDiv();document.getElementById('obrnahore').src='http:\/\/www.obecjenikov.cz\/wp-content\/uploads\/2023\/04\/6panel-6.png'; return false;\" style=\"position: absolute; left: 5.81%; top: 74.68%; width: 16.29%; height: 11.74%; z-index: 2;\"><\/a>\n\n<a href=\"\" title=\"\" onclick=\"showHtmlDiv();document.getElementById('obrnahore').src='http:\/\/www.obecjenikov.cz\/wp-content\/uploads\/2023\/04\/6panel-7.png'; return false;\" style=\"position: absolute; left: 45.03%; top: 10.52%; width: 20.55%; height: 15.48%; z-index: 2;\"><\/a>\n\n<a href=\"\" title=\"Oslavy 120. v\u00fdro\u010d\u00ed zalo\u017een\u00ed SDH Jen\u00edkov\" onclick=\"showHtmlDiv();document.getElementById('obrnahore').src='http:\/\/www.obecjenikov.cz\/wp-content\/uploads\/2023\/04\/6panel-8.png'; return false;\" style=\"position: absolute; left: 46.86%; top: 35.23%; width: 11.09%; height: 8.08%; z-index: 2;\"><\/a>\n\n<a href=\"\" title=\"\" onclick=\"showHtmlDiv();document.getElementById('obrnahore').src='http:\/\/www.obecjenikov.cz\/wp-content\/uploads\/2023\/04\/6panel-9.png'; return false;\" style=\"position: absolute; left: 46.79%; top: 42.91%; width: 10.89%; height: 9.3%; z-index: 2;\"><\/a>\n\n<a href=\"\" title=\"Polo\u017een\u00ed v\u011bnce k pomn\u00edku padl\u00fdch.\" onclick=\"showHtmlDiv();document.getElementById('obrnahore').src='http:\/\/www.obecjenikov.cz\/wp-content\/uploads\/2023\/04\/6panel-10.png'; return false;\" style=\"position: absolute; left: 46.79%; top: 52.21%; width: 10.82%; height: 7.74%; z-index: 2;\"><\/a>\n\n<a href=\"\" title=\"Kulturn\u00ed program oslav se konal na prostranstv\u00ed na doln\u00edm konci Jen\u00edkova.\" onclick=\"showHtmlDiv();document.getElementById('obrnahore').src='http:\/\/www.obecjenikov.cz\/wp-content\/uploads\/2023\/04\/6panel-11.png'; return false;\" style=\"position: absolute; left: 46.52%; top: 70.54%; width: 15.21%; height: 10.66%; z-index: 2;\"><\/a>\n\n<a href=\"\" title=\"Starosta hasi\u010d\u016f p. Tepl\u00fd p\u0159ednesl proslov.\" onclick=\"showHtmlDiv();document.getElementById('obrnahore').src='http:\/\/www.obecjenikov.cz\/wp-content\/uploads\/2023\/04\/6panel-12.png'; return false;\" style=\"position: absolute; left: 46.59%; top: 81.33%; width: 15.08%; height: 11.07%; z-index: 2;\"><\/a>\n\n<a href=\"\" title=\"V r\u00e1mci oslav prob\u011bhla sout\u011b\u017e v po\u017e\u00e1rn\u00edm \u00fatoku.\" onclick=\"showHtmlDiv();document.getElementById('obrnahore').src='http:\/\/www.obecjenikov.cz\/wp-content\/uploads\/2023\/04\/6panel-13.png'; return false;\" style=\"position: absolute; left: 77.35%; top: 7.47%; width: 15.96%; height: 11.81%; z-index: 2;\"><\/a>\n\n<a href=\"\" title=\"\" onclick=\"showHtmlDiv();document.getElementById('obrnahore').src='http:\/\/www.obecjenikov.cz\/wp-content\/uploads\/2023\/04\/6panel-14.png'; return false;\" style=\"position: absolute; left: 77.01%; top: 19.48%; width: 16.16%; height: 11.41%; z-index: 2;\"><\/a>\n\n<a href=\"\" title=\"Radost ze 3. m\u00edsta p\u0159i sout\u011b\u017ei v r\u00e1mci oslav 120. let od zalo\u017een\u00ed SDH Jen\u00edkov\" onclick=\"showHtmlDiv();document.getElementById('obrnahore').src='http:\/\/www.obecjenikov.cz\/wp-content\/uploads\/2023\/04\/6panel-15.png'; return false;\" style=\"position: absolute; left: 73.77%; top: 40.33%; width: 19.47%; height: 13.92%; z-index: 2;\"><\/a>\n\n<\/div>\n\n\n\n<h2 class=\"wp-block-heading\">Obec Jen\u00edkov<\/h2>\n\n\n\n<div style=\"position: relative;\">\n  <img decoding=\"async\" src=\"http:\/\/www.obecjenikov.cz\/wp-content\/uploads\/2023\/04\/7panel.png\" style=\"width: 100%; height: auto;\">\n\n\n<a href=\"\" title=\"\" onclick=\"showHtmlDiv();document.getElementById('obrnahore').src='http:\/\/www.obecjenikov.cz\/wp-content\/uploads\/2023\/04\/7panel-1.png'; return false;\" style=\"position: absolute; left: 8.67%; top: 5.08%; width: 21.77%; height: 31.38%; z-index: 2;\"><\/a>\n\n<a href=\"\" title=\"\" onclick=\"showHtmlDiv();document.getElementById('obrnahore').src='http:\/\/www.obecjenikov.cz\/wp-content\/uploads\/2023\/04\/7panel-2.png'; return false;\" style=\"position: absolute; left: 1.61%; top: 48.05%; width: 29.54%; height: 20.9%; z-index: 2;\"><\/a>\n\n<a href=\"\" title=\"\" onclick=\"showHtmlDiv();document.getElementById('obrnahore').src='http:\/\/www.obecjenikov.cz\/wp-content\/uploads\/2023\/04\/7panel-3.png'; return false;\" style=\"position: absolute; left: 31.92%; top: 5.53%; width: 21.19%; height: 31.32%; z-index: 2;\"><\/a>\n\n<a href=\"\" title=\"\" onclick=\"showHtmlDiv();document.getElementById('obrnahore').src='http:\/\/www.obecjenikov.cz\/wp-content\/uploads\/2023\/04\/7panel-4.jpg'; return false;\" style=\"position: absolute; left: 30.76%; top: 37.5%; width: 18.82%; height: 19.99%; z-index: 2;\"><\/a>\n\n<a href=\"\" title=\"\" onclick=\"showHtmlDiv();document.getElementById('obrnahore').src='http:\/\/www.obecjenikov.cz\/wp-content\/uploads\/2023\/04\/7panel-5.png'; return false;\" style=\"position: absolute; left: 17.47%; top: 69.34%; width: 36.42%; height: 26.17%; z-index: 2;\"><\/a>\n\n<a href=\"\" title=\"\" onclick=\"showHtmlDiv();document.getElementById('obrnahore').src='http:\/\/www.obecjenikov.cz\/wp-content\/uploads\/2023\/04\/7panel-6.png'; return false;\" style=\"position: absolute; left: 54.78%; top: 5.73%; width: 21%; height: 31.25%; z-index: 2;\"><\/a>\n\n<a href=\"7\" title=\"\" onclick=\"showHtmlDiv();document.getElementById('obrnahore').src='http:\/\/www.obecjenikov.cz\/wp-content\/uploads\/2023\/04\/7panel-7.jpg'; return false;\" style=\"position: absolute; left: 53.69%; top: 37.63%; width: 19.27%; height: 20.57%; z-index: 2;\"><\/a>\n\n<a href=\"\" title=\"\" onclick=\"showHtmlDiv();document.getElementById('obrnahore').src='http:\/\/www.obecjenikov.cz\/wp-content\/uploads\/2023\/04\/7panel-8.png'; return false;\" style=\"position: absolute; left: 56.13%; top: 69.27%; width: 38.99%; height: 26.5%; z-index: 2;\"><\/a>\n\n<a href=\"\" title=\"\" onclick=\"showHtmlDiv();document.getElementById('obrnahore').src='http:\/\/www.obecjenikov.cz\/wp-content\/uploads\/2023\/04\/7panel-9.png'; return false;\" style=\"position: absolute; left: 77.71%; top: 6.58%; width: 19.52%; height: 30.27%; z-index: 2;\"><\/a>\n\n<a href=\"\" title=\"\" onclick=\"showHtmlDiv();document.getElementById('obrnahore').src='http:\/\/www.obecjenikov.cz\/wp-content\/uploads\/2023\/04\/7panel-10.png'; return false;\" style=\"position: absolute; left: 70.91%; top: 50.65%; width: 26.33%; height: 17.25%; z-index: 2;\"><\/a>\n\n<\/div>\n\n\n\n<figure class=\"wp-block-image size-large\"><img loading=\"lazy\" decoding=\"async\" width=\"1024\" height=\"723\" data-attachment-id=\"6739\" data-permalink=\"https:\/\/www.obecjenikov.cz\/?attachment_id=6739\" data-orig-file=\"https:\/\/www.obecjenikov.cz\/wp-content\/uploads\/2023\/04\/prvni_dokument.jpg\" data-orig-size=\"1594,1125\" data-comments-opened=\"0\" data-image-meta=\"{&quot;aperture&quot;:&quot;0&quot;,&quot;credit&quot;:&quot;&quot;,&quot;camera&quot;:&quot;&quot;,&quot;caption&quot;:&quot;&quot;,&quot;created_timestamp&quot;:&quot;0&quot;,&quot;copyright&quot;:&quot;&quot;,&quot;focal_length&quot;:&quot;0&quot;,&quot;iso&quot;:&quot;0&quot;,&quot;shutter_speed&quot;:&quot;0&quot;,&quot;title&quot;:&quot;&quot;,&quot;orientation&quot;:&quot;0&quot;}\" data-image-title=\"prvni_dokument\" data-image-description=\"\" data-image-caption=\"\" data-medium-file=\"https:\/\/www.obecjenikov.cz\/wp-content\/uploads\/2023\/04\/prvni_dokument-200x141.jpg\" data-large-file=\"https:\/\/www.obecjenikov.cz\/wp-content\/uploads\/2023\/04\/prvni_dokument-1024x723.jpg\" src=\"http:\/\/www.obec-jenikov.cz\/wp-content\/uploads\/2023\/04\/prvni_dokument-1024x723.jpg\" alt=\"\" class=\"wp-image-6739\" srcset=\"https:\/\/www.obecjenikov.cz\/wp-content\/uploads\/2023\/04\/prvni_dokument-1024x723.jpg 1024w, https:\/\/www.obecjenikov.cz\/wp-content\/uploads\/2023\/04\/prvni_dokument-200x141.jpg 200w, https:\/\/www.obecjenikov.cz\/wp-content\/uploads\/2023\/04\/prvni_dokument-768x542.jpg 768w, https:\/\/www.obecjenikov.cz\/wp-content\/uploads\/2023\/04\/prvni_dokument-1536x1084.jpg 1536w, https:\/\/www.obecjenikov.cz\/wp-content\/uploads\/2023\/04\/prvni_dokument-640x452.jpg 640w, https:\/\/www.obecjenikov.cz\/wp-content\/uploads\/2023\/04\/prvni_dokument.jpg 1594w\" sizes=\"auto, (max-width: 1024px) 100vw, 1024px\" \/><\/figure>\n\n\n\n<p><\/p>\n\n\n\n<h2 class=\"wp-block-heading\">Pieta a pam\u00e1tn\u00fd k\u0159\u00ed\u017e<\/h2>\n\n\n\n<div style=\"position: relative;\">\n  <img decoding=\"async\" src=\"http:\/\/www.obecjenikov.cz\/wp-content\/uploads\/2023\/04\/8panel.png\" style=\"width: 100%; height: auto;\">\n\n<a href=\"\" title=\"\" onclick=\"showHtmlDiv();document.getElementById('obrnahore').src='http:\/\/www.obecjenikov.cz\/wp-content\/uploads\/2023\/04\/8panel-1.png'; return false;\" style=\"position: absolute; left: 7.28%; top: 11.2%; width: 16.93%; height: 22.4%; z-index: 2;\"><\/a>\n\n<a href=\"\" title=\"K\u0159\u00ed\u017e u prodejny sm\u00ed\u0161en\u00e9ho zbo\u017e\u00ed, roku 2022\" onclick=\"showHtmlDiv();document.getElementById('obrnahore').src='http:\/\/www.obecjenikov.cz\/wp-content\/uploads\/2023\/04\/8panel-2.png'; return false;\" style=\"position: absolute; left: 3.46%; top: 45.76%; width: 18.45%; height: 13.32%; z-index: 2;\"><\/a>\n\n<a href=\"\" title=\"Sv\u011bcen\u00ed litinov\u00e9ho k\u0159\u00ed\u017ee u prodejny.\" onclick=\"showHtmlDiv();document.getElementById('obrnahore').src='http:\/\/www.obecjenikov.cz\/wp-content\/uploads\/2023\/04\/8panel-3.png'; return false;\" style=\"position: absolute; left: 16.14%; top: 62.17%; width: 18.69%; height: 12.77%; z-index: 2;\"><\/a>\n\n<a href=\"\" title=\"\" onclick=\"showHtmlDiv();document.getElementById('obrnahore').src='http:\/\/www.obecjenikov.cz\/wp-content\/uploads\/2023\/04\/8panel-4.png'; return false;\" style=\"position: absolute; left: 3.76%; top: 77.18%; width: 15.84%; height: 10.65%; z-index: 2;\"><\/a>\n\n<a href=\"\" title=\"Sm\u00edr\u010d\u00ed k\u0159\u00ed\u017e u ka\u0161tan\u016f.\" onclick=\"showHtmlDiv();document.getElementById('obrnahore').src='http:\/\/www.obecjenikov.cz\/wp-content\/uploads\/2023\/04\/8panel-5.png'; return false;\" style=\"position: absolute; left: 22.94%; top: 86.32%; width: 15.9%; height: 10.9%; z-index: 2;\"><\/a>\n\n<a href=\"\" title=\"\" onclick=\"showHtmlDiv();document.getElementById('obrnahore').src='http:\/\/www.obecjenikov.cz\/wp-content\/uploads\/2023\/04\/8panel-6.png'; return false;\" style=\"position: absolute; left: 27.97%; top: 33.05%; width: 10.92%; height: 10.41%; z-index: 2;\"><\/a>\n\n<a href=\"\" title=\"Pieta u h\u0159bitova.Z obdob\u00ed p\u0159ed z\u0159\u00edzen\u00edm h\u0159bitova. Ten byl z\u0159\u00edzen n\u00e1kladem obce v r. 1908 a t\u00e9ho\u017e roku 28. z\u00e1\u0159\u00ed vysv\u011bcen. 'Na kter\u00fdm byl prvn\u00ed polo\u017een z ob. z\u00e1st. \u010dlen Jan Va\u0161ko z \u010d\u00eds. p. 94.' (citace z Obedn\u00ed kroniky)\" onclick=\"showHtmlDiv();document.getElementById('obrnahore').src='http:\/\/www.obecjenikov.cz\/wp-content\/uploads\/2023\/04\/8panel-7.png'; return false;\" style=\"position: absolute; left: 34.22%; top: 1.94%; width: 30.7%; height: 21.73%; z-index: 2;\"><\/a>\n\n<a href=\"\" title=\"Pieta byla zbudov\u00e1na v roce 1892 a v leto\u0161n\u00edm roce opravena.\" onclick=\"showHtmlDiv();document.getElementById('obrnahore').src='http:\/\/www.obecjenikov.cz\/wp-content\/uploads\/2023\/04\/8panel-8.png'; return false;\" style=\"position: absolute; left: 41.99%; top: 37.11%; width: 15.29%; height: 21.85%; z-index: 2;\"><\/a>\n\n<a href=\"\" title=\"Kamenn\u00fd k\u0159\u00ed\u017e st\u00e1l p\u016fvodn\u011b u cesty na pozemku \u010d.p. 24\nna horn\u00edm Jen\u00edkov\u011b. K\u0159\u00ed\u017e dala postavit Terezie Zav\u0159elov\u00e1 kolem roku 1770,\njako pod\u011bkov\u00e1n\u00ed za \u0161\u0165astn\u00fd n\u00e1vrat syn\u016f Josefa a Tom\u00e1\u0161e ze sedmilet\u00e9 v\u00e1lky.\nVlastn\u00edm n\u00e1kladem k\u0159\u00ed\u017e opravila rodina Nov\u00e1kov\u00fdch. Roku 2016 kdy byl nov\u011b posv\u011bcen.\" onclick=\"showHtmlDiv();document.getElementById('obrnahore').src='http:\/\/www.obecjenikov.cz\/wp-content\/uploads\/2023\/04\/8panel-9.png'; return false;\" style=\"position: absolute; left: 42.05%; top: 71.37%; width: 14.68%; height: 18.77%; z-index: 2;\"><\/a>\n\n<a href=\"\" title=\"\" onclick=\"showHtmlDiv();document.getElementById('obrnahore').src='http:\/\/www.obecjenikov.cz\/wp-content\/uploads\/2023\/04\/8panel-10.png'; return false;\" style=\"position: absolute; left: 59.95%; top: 33.9%; width: 11.47%; height: 10.96%; z-index: 2;\"><\/a>\n\n<a href=\"\" title=\"Pam\u00e1tn\u00fd k\u0159\u00ed\u017e z roku 1770. Um\u00edst\u011bn\u00fd pod ka\u0161tany u p\u016fvodn\u00ed cesty za \u010d.p. 109. Dnes um\u00edst\u011bn\u00fd u hlavn\u00ed silnice.\" onclick=\"showHtmlDiv();document.getElementById('obrnahore').src='http:\/\/www.obecjenikov.cz\/wp-content\/uploads\/2023\/04\/8panel-11.png'; return false;\" style=\"position: absolute; left: 65.29%; top: 53.27%; width: 12.74%; height: 18.89%; z-index: 2;\"><\/a>\n\n<a href=\"\" title=\"\" onclick=\"showHtmlDiv();document.getElementById('obrnahore').src='http:\/\/www.obecjenikov.cz\/wp-content\/uploads\/2023\/04\/8panel-12.png'; return false;\" style=\"position: absolute; left: 76.03%; top: 10.9%; width: 14.81%; height: 23.06%; z-index: 2;\"><\/a>\n\n<a href=\"\" title=\"\" onclick=\"showHtmlDiv();document.getElementById('obrnahore').src='http:\/\/www.obecjenikov.cz\/wp-content\/uploads\/2023\/04\/8panel-13.png'; return false;\" style=\"position: absolute; left: 85.38%; top: 37.77%; width: 12.32%; height: 17.74%; z-index: 2;\"><\/a>\n\n<a href=\"\" title=\"\" onclick=\"showHtmlDiv();document.getElementById('obrnahore').src='http:\/\/www.obecjenikov.cz\/wp-content\/uploads\/2023\/04\/8panel-14.png'; return false;\" style=\"position: absolute; left: 75.73%; top: 78.51%; width: 15.23%; height: 14.53%; z-index: 2;\"><\/a>\n\n<\/div>\n\n\n\n<h2 class=\"wp-block-heading\">Kaple a zvoni\u010dka<\/h2>\n\n\n\n<div style=\"position: relative;\">\n  <img decoding=\"async\" src=\"http:\/\/www.obecjenikov.cz\/wp-content\/uploads\/2023\/04\/9panel.png\" style=\"width: 100%; height: auto;\">\n\n<a href=\"\" title=\"Kaple Sv. V\u00e1clava - p\u0159ed posledn\u00ed opravou v r. 2010\" onclick=\"showHtmlDiv();document.getElementById('obrnahore').src='http:\/\/www.obecjenikov.cz\/wp-content\/uploads\/2023\/04\/9panel-1.png'; return false;\" style=\"position: absolute; left: 7.76%; top: 7.54%; width: 21.52%; height: 15.5%; z-index: 2;\"><\/a>\n\n<a href=\"\" title=\"\" onclick=\"showHtmlDiv();document.getElementById('obrnahore').src='http:\/\/www.obecjenikov.cz\/wp-content\/uploads\/2023\/04\/9panel-2.png'; return false;\" style=\"position: absolute; left: 7.69%; top: 28.68%; width: 21.03%; height: 29.6%; z-index: 2;\"><\/a>\n\n<a href=\"\" title=\"Sv\u011bcen\u00ed nov\u011b zrekonstruovan\u00e9 kaple sv. V\u00e1clava\" onclick=\"showHtmlDiv();document.getElementById('obrnahore').src='http:\/\/www.obecjenikov.cz\/wp-content\/uploads\/2023\/04\/9panel-3.png'; return false;\" style=\"position: absolute; left: 7.06%; top: 63.92%; width: 20.48%; height: 14.24%; z-index: 2;\"><\/a>\n\n<a href=\"\" title=\"\" onclick=\"showHtmlDiv();document.getElementById('obrnahore').src='http:\/\/www.obecjenikov.cz\/wp-content\/uploads\/2023\/04\/9panel-4.png'; return false;\" style=\"position: absolute; left: 15.02%; top: 84.21%; width: 18.38%; height: 12.76%; z-index: 2;\"><\/a>\n\n<a href=\"\" title=\"\" onclick=\"showHtmlDiv();document.getElementById('obrnahore').src='http:\/\/www.obecjenikov.cz\/wp-content\/uploads\/2023\/04\/9panel-5.png'; return false;\" style=\"position: absolute; left: 43.4%; top: 8.6%; width: 21.31%; height: 15.93%; z-index: 2;\"><\/a>\n\n<a href=\"\" title=\"Pl\u00e1n na roz\u0161\u00ed\u0159en\u00ed kaple Sv. V\u00e1clava, b\u0159ezen 1934.\" onclick=\"showHtmlDiv();document.getElementById('obrnahore').src='http:\/\/www.obecjenikov.cz\/wp-content\/uploads\/2023\/04\/9panel-6.png'; return false;\" style=\"position: absolute; left: 40.81%; top: 31.64%; width: 24.46%; height: 23.54%; z-index: 2;\"><\/a>\n\n<a href=\"\" title=\"\" onclick=\"showHtmlDiv();document.getElementById('obrnahore').src='http:\/\/www.obecjenikov.cz\/wp-content\/uploads\/2023\/04\/9panel-7.png'; return false;\" style=\"position: absolute; left: 35.99%; top: 61.8%; width: 17.26%; height: 17.12%; z-index: 2;\"><\/a>\n\n<a href=\"\" title=\"\" onclick=\"showHtmlDiv();document.getElementById('obrnahore').src='http:\/\/www.obecjenikov.cz\/wp-content\/uploads\/2023\/04\/9panel-8.png'; return false;\" style=\"position: absolute; left: 49.41%; top: 81.25%; width: 15.44%; height: 12.19%; z-index: 2;\"><\/a>\n\n<a href=\"\" title=\"Zvoni\u010dka na dobov\u00e9 kresb\u011b.\" onclick=\"showHtmlDiv();document.getElementById('obrnahore').src='http:\/\/www.obecjenikov.cz\/wp-content\/uploads\/2023\/04\/9panel-9.png'; return false;\" style=\"position: absolute; left: 77.57%; top: 4.09%; width: 16.21%; height: 27.34%; z-index: 2;\"><\/a>\n\n<a href=\"\" title=\"Zvoni\u010dka v Jen\u00edkov\u011b, r. 1899\" onclick=\"showHtmlDiv();document.getElementById('obrnahore').src='http:\/\/www.obecjenikov.cz\/wp-content\/uploads\/2023\/04\/9panel-10.png'; return false;\" style=\"position: absolute; left: 77.15%; top: 39.68%; width: 14.54%; height: 24.03%; z-index: 2;\"><\/a>\n\n<a href=\"\" title=\"\" onclick=\"showHtmlDiv();document.getElementById('obrnahore').src='http:\/\/www.obecjenikov.cz\/wp-content\/uploads\/2023\/04\/9panel-11.png'; return false;\" style=\"position: absolute; left: 73.79%; top: 75.83%; width: 18.52%; height: 13.74%; z-index: 2;\"><\/a>\n\n<\/div>\n\n\n\n<h2 class=\"wp-block-heading\">H\u0159bitov<\/h2>\n\n\n\n<div style=\"position: relative;\">\n  <img decoding=\"async\" src=\"http:\/\/www.obecjenikov.cz\/wp-content\/uploads\/2023\/04\/10panel.png\" style=\"width: 100%; height: auto;\">\n\n<a href=\"\" title=\"\" onclick=\"showHtmlDiv();document.getElementById('obrnahore').src='http:\/\/www.obecjenikov.cz\/wp-content\/uploads\/2023\/04\/10panel-1.png'; return false;\" style=\"position: absolute; left: 8.19%; top: 7.92%; width: 21.19%; height: 15.36%; z-index: 2;\"><\/a>\n\n<a href=\"\" title=\"\" onclick=\"showHtmlDiv();document.getElementById('obrnahore').src='http:\/\/www.obecjenikov.cz\/wp-content\/uploads\/2023\/04\/10panel-2.png'; return false;\" style=\"position: absolute; left: 20.55%; top: 32.3%; width: 20.55%; height: 15.29%; z-index: 2;\"><\/a>\n\n<a href=\"\" title=\"\" onclick=\"showHtmlDiv();document.getElementById('obrnahore').src='http:\/\/www.obecjenikov.cz\/wp-content\/uploads\/2023\/04\/10panel-3.png'; return false;\" style=\"position: absolute; left: 8.97%; top: 59.09%; width: 21.4%; height: 14.26%; z-index: 2;\"><\/a>\n\n<a href=\"\" title=\"\" onclick=\"showHtmlDiv();document.getElementById('obrnahore').src='http:\/\/www.obecjenikov.cz\/wp-content\/uploads\/2023\/04\/10panel-4.png'; return false;\" style=\"position: absolute; left: 19.63%; top: 80.72%; width: 23.59%; height: 13.91%; z-index: 2;\"><\/a>\n\n<a href=\"\" title=\"\" onclick=\"showHtmlDiv();document.getElementById('obrnahore').src='http:\/\/www.obecjenikov.cz\/wp-content\/uploads\/2023\/04\/10panel-5.png'; return false;\" style=\"position: absolute; left: 59.04%; top: 9.3%; width: 21.19%; height: 15.15%; z-index: 2;\"><\/a>\n\n<a href=\"\" title=\"\" onclick=\"showHtmlDiv();document.getElementById('obrnahore').src='http:\/\/www.obecjenikov.cz\/wp-content\/uploads\/2023\/04\/10panel-6.png'; return false;\" style=\"position: absolute; left: 71.47%; top: 33.82%; width: 23.52%; height: 14.74%; z-index: 2;\"><\/a>\n\n<a href=\"\" title=\"Vlevo za k\u0159\u00ed\u017eem hrobka rodu La\u0161t\u016fvk\u016f, b\u00fdval\u00fdch majitel\u016f nemovitosti \u010d.p. 7. Dnes budova obecn\u00edho \u00fa\u0159adu.\" onclick=\"showHtmlDiv();document.getElementById('obrnahore').src='http:\/\/www.obecjenikov.cz\/wp-content\/uploads\/2023\/04\/10panel-7.png'; return false;\" style=\"position: absolute; left: 51.13%; top: 56.06%; width: 17.94%; height: 17.91%; z-index: 2;\"><\/a>\n\n<a href=\"\" title=\"Jen\u00edkovsk\u00fd h\u0159bitov.\" onclick=\"showHtmlDiv();document.getElementById('obrnahore').src='http:\/\/www.obecjenikov.cz\/wp-content\/uploads\/2023\/04\/10panel-8.png'; return false;\" style=\"position: absolute; left: 74.29%; top: 75.07%; width: 16.81%; height: 15.77%; z-index: 2;\"><\/a>\n\n<a href=\"\" title=\"\" onclick=\"showHtmlDiv();document.getElementById('obrnahore').src='http:\/\/www.obecjenikov.cz\/wp-content\/uploads\/2023\/04\/10panel-9.png'; return false;\" style=\"position: absolute; left: 75.64%; top: 58.47%; width: 9.39%; height: 11.64%; z-index: 2;\"><\/a>\n\n<\/div>\n\n\n\n<h2 class=\"wp-block-heading\">Hromadn\u00e1 fota<\/h2>\n\n\n\n<div style=\"position: relative;\">\n  <img decoding=\"async\" src=\"http:\/\/www.obecjenikov.cz\/wp-content\/uploads\/2023\/04\/11panel.png\" style=\"width: 100%; height: auto;\">\n\n<a href=\"\" title=\"Sdru\u017een\u00ed katolick\u00e9 ml\u00e1de\u017ee v Jen\u00edkov\u011b 1924.\" onclick=\"showHtmlDiv();document.getElementById('obrnahore').src='http:\/\/www.obecjenikov.cz\/wp-content\/uploads\/2023\/04\/11panel-1.png'; return false;\" style=\"position: absolute; left: 7.33%; top: 7.42%; width: 21.17%; height: 15.61%; z-index: 2;\"><\/a>\n\n<a href=\"\" title=\"\" onclick=\"showHtmlDiv();document.getElementById('obrnahore').src='http:\/\/www.obecjenikov.cz\/wp-content\/uploads\/2023\/04\/11panel-2.png'; return false;\" style=\"position: absolute; left: 6.79%; top: 43.48%; width: 24.66%; height: 17.35%; z-index: 2;\"><\/a>\n\n<a href=\"\" title=\"\" onclick=\"showHtmlDiv();document.getElementById('obrnahore').src='http:\/\/www.obecjenikov.cz\/wp-content\/uploads\/2023\/04\/11panel-3.png'; return false;\" style=\"position: absolute; left: 8.47%; top: 78.03%; width: 21.64%; height: 15.83%; z-index: 2;\"><\/a>\n\n<a href=\"\" title=\"T\u0159\u00eddn\u00ed fotografie ze \u0161koly v Kameni\u010dk\u00e1ch asi roku 1927.\" onclick=\"showHtmlDiv();document.getElementById('obrnahore').src='http:\/\/www.obecjenikov.cz\/wp-content\/uploads\/2023\/04\/11panel-4.png'; return false;\" style=\"position: absolute; left: 39.18%; top: 7.58%; width: 24.87%; height: 17.35%; z-index: 2;\"><\/a>\n\n<a href=\"\" title=\"\u0160koln\u00ed fotografie v\u010d. podpis\u016f spolu\u017e\u00e1k\u016f na rubov\u00e9 stran\u011b.\" onclick=\"showHtmlDiv();document.getElementById('obrnahore').src='http:\/\/www.obecjenikov.cz\/wp-content\/uploads\/2023\/04\/11panel-5.png'; return false;\" style=\"position: absolute; left: 43.82%; top: 37.8%; width: 17.07%; height: 11.67%; z-index: 2;\"><\/a>\n\n<a href=\"\" title=\"\" onclick=\"showHtmlDiv();document.getElementById('obrnahore').src='http:\/\/www.obecjenikov.cz\/wp-content\/uploads\/2023\/04\/11panel-6.png'; return false;\" style=\"position: absolute; left: 44.02%; top: 49.92%; width: 10.95%; height: 12.2%; z-index: 2;\"><\/a>\n\n<a href=\"\" title=\"Jen\u00edkov\u0161t\u00ed sokolov\u00e9? Pozn\u00e1v\u00e1te sv\u00e9 bl\u00edzk\u00e9?\" onclick=\"showHtmlDiv();document.getElementById('obrnahore').src='http:\/\/www.obecjenikov.cz\/wp-content\/uploads\/2023\/04\/11panel-7.png'; return false;\" style=\"position: absolute; left: 39.45%; top: 76.44%; width: 24.26%; height: 14.17%; z-index: 2;\"><\/a>\n\n<a href=\"\" title=\"T\u0159\u00eddn\u00ed fotografie ze \u0161koly v Kameni\u010dk\u00e1ch asi roku 1929.\" onclick=\"showHtmlDiv();document.getElementById('obrnahore').src='http:\/\/www.obecjenikov.cz\/wp-content\/uploads\/2023\/04\/11panel-8.png'; return false;\" style=\"position: absolute; left: 72.24%; top: 8.33%; width: 22.11%; height: 17.5%; z-index: 2;\"><\/a>\n\n<a href=\"\" title=\"\" onclick=\"showHtmlDiv();document.getElementById('obrnahore').src='http:\/\/www.obecjenikov.cz\/wp-content\/uploads\/2023\/04\/11panel-9.png'; return false;\" style=\"position: absolute; left: 70.83%; top: 42.88%; width: 23.66%; height: 17.35%; z-index: 2;\"><\/a>\n\n<a href=\"\" title=\"Jen\u00edkov\u0161t\u00ed na v\u00fdlet\u011b. Mo\u017en\u00e1 pozn\u00e1te sv\u00e9 bl\u00edzk\u00e9 a budete zn\u00e1t rok, kdy se uskute\u010dnil.\" onclick=\"showHtmlDiv();document.getElementById('obrnahore').src='http:\/\/www.obecjenikov.cz\/wp-content\/uploads\/2023\/04\/11panel-10.png'; return false;\" style=\"position: absolute; left: 73.39%; top: 75.76%; width: 16.8%; height: 15.53%; z-index: 2;\"><\/a>\n\n<\/div>\n\n\n\n<h2 class=\"wp-block-heading\">M\u00edstn\u00ed legion\u00e1\u0159<\/h2>\n\n\n\n<div style=\"position: relative;\">\n  <img decoding=\"async\" src=\"http:\/\/www.obecjenikov.cz\/wp-content\/uploads\/2023\/04\/12panel.png\" style=\"width: 100%; height: auto;\">\n\n<a href=\"\" title=\"Citace z Obecn\u00ed kroniky. Z\u00e1pis z roku 1923.\" onclick=\"showHtmlDiv();document.getElementById('obrnahore').src='http:\/\/www.obecjenikov.cz\/wp-content\/uploads\/2023\/04\/12panel-1.png'; return false;\" style=\"position: absolute; left: 8.22%; top: 20.08%; width: 30.23%; height: 32.12%; z-index: 2;\"><\/a>\n\n<a href=\"\" title=\"Rodn\u00fd d\u016fm legion\u00e1\u0159e Josefa \u0160torka \u010d.p. 5\" onclick=\"showHtmlDiv();document.getElementById('obrnahore').src='http:\/\/www.obecjenikov.cz\/wp-content\/uploads\/2023\/04\/12panel-2.jpg'; return false;\" style=\"position: absolute; left: 14.74%; top: 78.22%; width: 20.86%; height: 12.24%; z-index: 2;\"><\/a>\n\n<a href=\"\" title=\"P\u0159edn\u00ed a zadn\u00ed strana pam\u011btn\u00ed pohlednice.\" onclick=\"showHtmlDiv();document.getElementById('obrnahore').src='http:\/\/www.obecjenikov.cz\/wp-content\/uploads\/2023\/04\/12panel-3.jpg'; return false;\" style=\"position: absolute; left: 58.29%; top: 7.51%; width: 20.72%; height: 12.93%; z-index: 2;\"><\/a>\n\n<a href=\"\" title=\"\" onclick=\"showHtmlDiv();document.getElementById('obrnahore').src='http:\/\/www.obecjenikov.cz\/wp-content\/uploads\/2023\/04\/12panel-4.jpg'; return false;\" style=\"position: absolute; left: 58.46%; top: 21.36%; width: 20.31%; height: 13.22%; z-index: 2;\"><\/a>\n\n<a href=\"\" title=\"Pam\u011btn\u00ed deska na domku \u010d. p. 5, rok 2022\" onclick=\"showHtmlDiv();document.getElementById('obrnahore').src='http:\/\/www.obecjenikov.cz\/wp-content\/uploads\/2023\/04\/12panel-5.png'; return false;\" style=\"position: absolute; left: 60.22%; top: 46.52%; width: 15.69%; height: 17.03%; z-index: 2;\"><\/a>\n\n<a href=\"\" title=\"\u010c. p. 5 roku 2022\" onclick=\"showHtmlDiv();document.getElementById('obrnahore').src='http:\/\/www.obecjenikov.cz\/wp-content\/uploads\/2023\/04\/12panel-6.png'; return false;\" style=\"position: absolute; left: 50.61%; top: 76.71%; width: 26.53%; height: 16.67%; z-index: 2;\"><\/a>\n\n<\/div>\n\n\n\n<h2 class=\"wp-block-heading\">Branci<\/h2>\n\n\n\n<div style=\"position: relative;\">\n  <img decoding=\"async\" src=\"http:\/\/www.obecjenikov.cz\/wp-content\/uploads\/2023\/04\/13panel.png\" style=\"width: 100%; height: auto;\">\n\n<a href=\"\" title=\"Branci r. 1912\" onclick=\"showHtmlDiv();document.getElementById('obrnahore').src='http:\/\/www.obecjenikov.cz\/wp-content\/uploads\/2023\/04\/13panel-1.png'; return false;\" style=\"position: absolute; left: 1.3%; top: 12.38%; width: 27.71%; height: 17.05%; z-index: 2;\"><\/a>\n\n<a href=\"\" title=\"Branci r. 1917\" onclick=\"showHtmlDiv();document.getElementById('obrnahore').src='http:\/\/www.obecjenikov.cz\/wp-content\/uploads\/2023\/04\/13panel-2.png'; return false;\" style=\"position: absolute; left: 8.69%; top: 47.57%; width: 27.94%; height: 15.84%; z-index: 2;\"><\/a>\n\n<a href=\"\" title=\"Kolem roku 1920??? Mo\u017en\u00e1 pozn\u00e1te sv\u00e9 bl\u00edzk\u00e9.\" onclick=\"showHtmlDiv();document.getElementById('obrnahore').src='http:\/\/www.obecjenikov.cz\/wp-content\/uploads\/2023\/04\/13panel-3.png'; return false;\" style=\"position: absolute; left: 9.99%; top: 78.05%; width: 25.94%; height: 15.02%; z-index: 2;\"><\/a>\n\n<a href=\"\" title=\"\" onclick=\"showHtmlDiv();document.getElementById('obrnahore').src='http:\/\/www.obecjenikov.cz\/wp-content\/uploads\/2023\/04\/13panel-4.png'; return false;\" style=\"position: absolute; left: 47.33%; top: 7.23%; width: 14.64%; height: 21.2%; z-index: 2;\"><\/a>\n\n<a href=\"\" title=\"\" onclick=\"showHtmlDiv();document.getElementById('obrnahore').src='http:\/\/www.obecjenikov.cz\/wp-content\/uploads\/2023\/04\/13panel-5.png'; return false;\" style=\"position: absolute; left: 75.03%; top: 7.17%; width: 20.82%; height: 27.87%; z-index: 2;\"><\/a>\n\n<a href=\"\" title=\"Jen\u00edkov\u0161t\u00ed branci z r. 1933 s kapelou Josefa Vodi\u010dky a starostou obce Aloisem Bart\u016f\u0148kem.\" onclick=\"showHtmlDiv();document.getElementById('obrnahore').src='http:\/\/www.obecjenikov.cz\/wp-content\/uploads\/2023\/04\/13panel-6.png'; return false;\" style=\"position: absolute; left: 60.93%; top: 47.85%; width: 26.34%; height: 15.9%; z-index: 2;\"><\/a>\n\n<a href=\"\" title=\"Kolem roku 1920??? Mo\u017en\u00e1 pozn\u00e1te sv\u00e9 bl\u00edzk\u00e9.\" onclick=\"showHtmlDiv();document.getElementById('obrnahore').src='http:\/\/www.obecjenikov.cz\/wp-content\/uploads\/2023\/04\/13panel-7.png'; return false;\" style=\"position: absolute; left: 61.46%; top: 78.55%; width: 24.6%; height: 14.43%; z-index: 2;\"><\/a>\n\n<\/div>\n\n\n\n<figure class=\"wp-block-image size-full\"><img loading=\"lazy\" decoding=\"async\" width=\"888\" height=\"768\" data-attachment-id=\"6724\" data-permalink=\"https:\/\/www.obecjenikov.cz\/?attachment_id=6724\" data-orig-file=\"https:\/\/www.obecjenikov.cz\/wp-content\/uploads\/2023\/04\/vojensky_kufr.png\" data-orig-size=\"888,768\" data-comments-opened=\"0\" data-image-meta=\"{&quot;aperture&quot;:&quot;0&quot;,&quot;credit&quot;:&quot;&quot;,&quot;camera&quot;:&quot;&quot;,&quot;caption&quot;:&quot;&quot;,&quot;created_timestamp&quot;:&quot;0&quot;,&quot;copyright&quot;:&quot;&quot;,&quot;focal_length&quot;:&quot;0&quot;,&quot;iso&quot;:&quot;0&quot;,&quot;shutter_speed&quot;:&quot;0&quot;,&quot;title&quot;:&quot;&quot;,&quot;orientation&quot;:&quot;0&quot;}\" data-image-title=\"vojensky_kufr\" data-image-description=\"\" data-image-caption=\"\" data-medium-file=\"https:\/\/www.obecjenikov.cz\/wp-content\/uploads\/2023\/04\/vojensky_kufr-173x150.png\" data-large-file=\"https:\/\/www.obecjenikov.cz\/wp-content\/uploads\/2023\/04\/vojensky_kufr.png\" src=\"http:\/\/www.obec-jenikov.cz\/wp-content\/uploads\/2023\/04\/vojensky_kufr.png\" alt=\"Vojensk\u00fd kufr\n\" class=\"wp-image-6724\" srcset=\"https:\/\/www.obecjenikov.cz\/wp-content\/uploads\/2023\/04\/vojensky_kufr.png 888w, https:\/\/www.obecjenikov.cz\/wp-content\/uploads\/2023\/04\/vojensky_kufr-173x150.png 173w, https:\/\/www.obecjenikov.cz\/wp-content\/uploads\/2023\/04\/vojensky_kufr-768x664.png 768w, https:\/\/www.obecjenikov.cz\/wp-content\/uploads\/2023\/04\/vojensky_kufr-640x554.png 640w\" sizes=\"auto, (max-width: 888px) 100vw, 888px\" \/><\/figure>\n\n\n\n<div style=\"position: relative;\">\n  <img decoding=\"async\" src=\"http:\/\/www.obecjenikov.cz\/wp-content\/uploads\/2023\/04\/14panel.png\" style=\"width: 100%; height: auto;\">\n\n<a href=\"\" title=\"Jen\u00edkov\u0161t\u00ed branci, roku 1945\" onclick=\"showHtmlDiv();document.getElementById('obrnahore').src='http:\/\/www.obecjenikov.cz\/wp-content\/uploads\/2023\/04\/14panel-1.png'; return false;\" style=\"position: absolute; left: 7.19%; top: 7.74%; width: 22.59%; height: 15.41%; z-index: 2;\"><\/a>\n\n<a href=\"\" title=\"Branci r. 1936\" onclick=\"showHtmlDiv();document.getElementById('obrnahore').src='http:\/\/www.obecjenikov.cz\/wp-content\/uploads\/2023\/04\/14panel-2.png'; return false;\" style=\"position: absolute; left: 18.16%; top: 31.97%; width: 23.17%; height: 14.19%; z-index: 2;\"><\/a>\n\n<a href=\"\" title=\"Jen\u00edkov\u0161t\u00ed branci v roce 1964\" onclick=\"showHtmlDiv();document.getElementById('obrnahore').src='http:\/\/www.obecjenikov.cz\/wp-content\/uploads\/2023\/04\/14panel-3.png'; return false;\" style=\"position: absolute; left: 20.92%; top: 54.84%; width: 21.21%; height: 14.77%; z-index: 2;\"><\/a>\n\n<a href=\"\" title=\"\" onclick=\"showHtmlDiv();document.getElementById('obrnahore').src='http:\/\/www.obecjenikov.cz\/wp-content\/uploads\/2023\/04\/14panel-4.png'; return false;\" style=\"position: absolute; left: 12.27%; top: 79%; width: 19.46%; height: 15.48%; z-index: 2;\"><\/a>\n\n<a href=\"\" title=\"\" onclick=\"showHtmlDiv();document.getElementById('obrnahore').src='http:\/\/www.obecjenikov.cz\/wp-content\/uploads\/2023\/04\/14panel-5.png'; return false;\" style=\"position: absolute; left: 41.54%; top: 8.67%; width: 20.99%; height: 14.41%; z-index: 2;\"><\/a>\n\n<a href=\"\" title=\"Branci, rok 1946\" onclick=\"showHtmlDiv();document.getElementById('obrnahore').src='http:\/\/www.obecjenikov.cz\/wp-content\/uploads\/2023\/04\/14panel-6.png'; return false;\" style=\"position: absolute; left: 63.47%; top: 31.83%; width: 20.99%; height: 14.27%; z-index: 2;\"><\/a>\n\n<a href=\"\" title=\"\" onclick=\"showHtmlDiv();document.getElementById('obrnahore').src='http:\/\/www.obecjenikov.cz\/wp-content\/uploads\/2023\/04\/14panel-7.png'; return false;\" style=\"position: absolute; left: 63.83%; top: 53.41%; width: 19.17%; height: 15.84%; z-index: 2;\"><\/a>\n\n<a href=\"\" title=\"Branci, rok 1974\" onclick=\"showHtmlDiv();document.getElementById('obrnahore').src='http:\/\/www.obecjenikov.cz\/wp-content\/uploads\/2023\/04\/14panel-8.png'; return false;\" style=\"position: absolute; left: 44.44%; top: 77.35%; width: 19.17%; height: 15.27%; z-index: 2;\"><\/a>\n\n<a href=\"\" title=\"\" onclick=\"showHtmlDiv();document.getElementById('obrnahore').src='http:\/\/www.obecjenikov.cz\/wp-content\/uploads\/2023\/04\/14panel-9.png'; return false;\" style=\"position: absolute; left: 73.86%; top: 9.32%; width: 19.46%; height: 14.84%; z-index: 2;\"><\/a>\n\n<a href=\"\" title=\"Branci, rok 1975\" onclick=\"showHtmlDiv();document.getElementById('obrnahore').src='http:\/\/www.obecjenikov.cz\/wp-content\/uploads\/2023\/04\/14panel-10.png'; return false;\" style=\"position: absolute; left: 74.51%; top: 74.77%; width: 21.28%; height: 15.7%; z-index: 2;\"><\/a>\n\n<\/div>\n\n\n\n<h2 class=\"wp-block-heading\">Jen\u00edkovsk\u00e9 domy &#8222;v\u010dera&#8220; a dnes<\/h2>\n\n\n\n<div style=\"position: relative;\">\n  <img decoding=\"async\" src=\"http:\/\/www.obecjenikov.cz\/wp-content\/uploads\/2023\/04\/15panel.png\" style=\"width: 100%; height: auto;\">\n\n<a href=\"\" title=\"Ma\u0161karn\u00ed obch\u016fzka, p\u00e1n s pan\u00ed. Za nimi \u010d.p. 10. Kolem roku 1985\" onclick=\"showHtmlDiv();document.getElementById('obrnahore').src='http:\/\/www.obecjenikov.cz\/wp-content\/uploads\/2023\/04\/15panel-1.png'; return false;\" style=\"position: absolute; left: 8.48%; top: 5.28%; width: 16.24%; height: 23.57%; z-index: 2;\"><\/a>\n\n<a href=\"\" title=\"Pohled od kulturn\u00edho domu k \u010d.p. 9 a 10, rok 2022\" onclick=\"showHtmlDiv();document.getElementById('obrnahore').src='http:\/\/www.obecjenikov.cz\/wp-content\/uploads\/2023\/04\/15panel-2.png'; return false;\" style=\"position: absolute; left: 4.77%; top: 35.21%; width: 24.79%; height: 14.97%; z-index: 2;\"><\/a>\n\n<a href=\"\" title=\"Pohled ze stejn\u00e9ho \u00fahlu, ale z balkonu na doln\u00ed n\u00e1ves r. 2022\" onclick=\"showHtmlDiv();document.getElementById('obrnahore').src='http:\/\/www.obecjenikov.cz\/wp-content\/uploads\/2023\/04\/15panel-3.png'; return false;\" style=\"position: absolute; left: 4.99%; top: 61.82%; width: 26.57%; height: 10.48%; z-index: 2;\"><\/a>\n\n<a href=\"\" title=\"Doln\u00ed jen\u00edkovsk\u00e1 n\u00e1ves r. 1976\" onclick=\"showHtmlDiv();document.getElementById('obrnahore').src='http:\/\/www.obecjenikov.cz\/wp-content\/uploads\/2023\/04\/15panel-4.png'; return false;\" style=\"position: absolute; left: 6.13%; top: 80.19%; width: 24.22%; height: 12.51%; z-index: 2;\"><\/a>\n\n<a href=\"\" title=\"Pechova chalupa p\u0159i demolici v roce 1991.\" onclick=\"showHtmlDiv();document.getElementById('obrnahore').src='http:\/\/www.obecjenikov.cz\/wp-content\/uploads\/2023\/04\/15panel-5.png'; return false;\" style=\"position: absolute; left: 40.31%; top: 12.8%; width: 22.79%; height: 15.26%; z-index: 2;\"><\/a>\n\n<a href=\"\" title=\"\u010c.p. 129 roku 2022, v t\u011bchto m\u00edstech st\u00e1vala Pechova chalupa.\" onclick=\"showHtmlDiv();document.getElementById('obrnahore').src='http:\/\/www.obecjenikov.cz\/wp-content\/uploads\/2023\/04\/15panel-6.png'; return false;\" style=\"position: absolute; left: 41.81%; top: 32.61%; width: 20.51%; height: 14.39%; z-index: 2;\"><\/a>\n\n<a href=\"\" title=\"Obchod U P\u00e1tk\u016f \u010d.p. 105, kolem roku 1970\" onclick=\"showHtmlDiv();document.getElementById('obrnahore').src='http:\/\/www.obecjenikov.cz\/wp-content\/uploads\/2023\/04\/15panel-7.png'; return false;\" style=\"position: absolute; left: 41.17%; top: 59.51%; width: 22.36%; height: 13.02%; z-index: 2;\"><\/a>\n\n<a href=\"\" title=\"\u010c.p. 105 dnes.\" onclick=\"showHtmlDiv();document.getElementById('obrnahore').src='http:\/\/www.obecjenikov.cz\/wp-content\/uploads\/2023\/04\/15panel-8.png'; return false;\" style=\"position: absolute; left: 42.88%; top: 77.08%; width: 19.94%; height: 13.52%; z-index: 2;\"><\/a>\n\n<a href=\"\" title=\"\u010c.p. 60 p\u0159ed p\u0159estavbou.\" onclick=\"showHtmlDiv();document.getElementById('obrnahore').src='http:\/\/www.obecjenikov.cz\/wp-content\/uploads\/2023\/04\/15panel-9.png'; return false;\" style=\"position: absolute; left: 78.63%; top: 6.94%; width: 17.38%; height: 15.55%; z-index: 2;\"><\/a>\n\n<a href=\"1\" title=\"\u010c.p. 60, rok 2022\" onclick=\"showHtmlDiv();document.getElementById('obrnahore').src='http:\/\/www.obecjenikov.cz\/wp-content\/uploads\/2023\/04\/15panel-10.png'; return false;\" style=\"position: absolute; left: 75%; top: 28.78%; width: 20.73%; height: 14.82%; z-index: 2;\"><\/a>\n\n<a href=\"\" title=\"\u010c.p. 76, p\u0159ed p\u0159estavbou.\" onclick=\"showHtmlDiv();document.getElementById('obrnahore').src='http:\/\/www.obecjenikov.cz\/wp-content\/uploads\/2023\/04\/15panel-11.png'; return false;\" style=\"position: absolute; left: 76.35%; top: 54.3%; width: 15.6%; height: 13.02%; z-index: 2;\"><\/a>\n\n<a href=\"\" title=\"\u010c.p. 76, roku 2022\" onclick=\"showHtmlDiv();document.getElementById('obrnahore').src='http:\/\/www.obecjenikov.cz\/wp-content\/uploads\/2023\/04\/15panel-12.png'; return false;\" style=\"position: absolute; left: 75.78%; top: 71.01%; width: 16.1%; height: 22.2%; z-index: 2;\"><\/a>\n\n<\/div>\n\n\n\n<div style=\"position: relative;\">\n  <img decoding=\"async\" src=\"http:\/\/www.obecjenikov.cz\/wp-content\/uploads\/2023\/04\/16panel.png\" style=\"width: 100%; height: auto;\">\n\n<a href=\"\" title=\"V letech 1973-1974 byla zah\u00e1jena v\u00fdstavba 6 bytov\u00fdch jednotek pro\nzam\u011bstnance JZD Jen\u00edkov. Stavba byla dokon\u010dena v r. 1975.\" onclick=\"showHtmlDiv();document.getElementById('obrnahore').src='http:\/\/www.obecjenikov.cz\/wp-content\/uploads\/2023\/04\/16panel-1.png'; return false;\" style=\"position: absolute; left: 4.6%; top: 2.56%; width: 15.06%; height: 22.73%; z-index: 2;\"><\/a>\n\n<a href=\"\" title=\"Ko\u0148sk\u00e9 sp\u0159e\u017een\u00ed na rozcest\u00ed u Kal\u00e1\u0161e, v pozad\u00ed z leva Hostinec u \u017d\u00e1k\u016f \u010d.p. 3, \u010d.p. 2, \u010d.p. 1. P\u0159ed rokem 1970.\" onclick=\"showHtmlDiv();document.getElementById('obrnahore').src='http:\/\/www.obecjenikov.cz\/wp-content\/uploads\/2023\/04\/16panel-2.png'; return false;\" style=\"position: absolute; left: 5.02%; top: 37.56%; width: 22.04%; height: 15.87%; z-index: 2;\"><\/a>\n\n<a href=\"\" title=\"Jedna z m\u00e1la zimn\u00edch fotografi\u00ed, \u010d.p. 101, kolem roku 1992\" onclick=\"showHtmlDiv();document.getElementById('obrnahore').src='http:\/\/www.obecjenikov.cz\/wp-content\/uploads\/2023\/04\/16panel-3.png'; return false;\" style=\"position: absolute; left: 5.16%; top: 62.02%; width: 20.92%; height: 14.76%; z-index: 2;\"><\/a>\n\n<a href=\"\" title=\"Jen\u00edkovsk\u00e1 bytovka dnes.\" onclick=\"showHtmlDiv();document.getElementById('obrnahore').src='http:\/\/www.obecjenikov.cz\/wp-content\/uploads\/2023\/04\/16panel-4.png'; return false;\" style=\"position: absolute; left: 22.18%; top: 7.76%; width: 23.08%; height: 16.49%; z-index: 2;\"><\/a>\n\n<a href=\"\" title=\"Tudy by dnes proj\u00ed\u017ed\u011blo ko\u0148sk\u00e9 sp\u0159e\u017een\u00ed. Rok 2022.\" onclick=\"showHtmlDiv();document.getElementById('obrnahore').src='http:\/\/www.obecjenikov.cz\/wp-content\/uploads\/2023\/04\/16panel-5.png'; return false;\" style=\"position: absolute; left: 30.33%; top: 32.02%; width: 15.48%; height: 19.61%; z-index: 2;\"><\/a>\n\n<a href=\"\" title=\"\u010c.p. 101 dnes.\" onclick=\"showHtmlDiv();document.getElementById('obrnahore').src='http:\/\/www.obecjenikov.cz\/wp-content\/uploads\/2023\/04\/16panel-6.png'; return false;\" style=\"position: absolute; left: 17.29%; top: 78.86%; width: 20.99%; height: 14.9%; z-index: 2;\"><\/a>\n\n<a href=\"\" title=\"D\u016fm \u010d.p. 22 p\u0159ed rekonstrukc\u00ed\" onclick=\"showHtmlDiv();document.getElementById('obrnahore').src='http:\/\/www.obecjenikov.cz\/wp-content\/uploads\/2023\/04\/16panel-7.png'; return false;\" style=\"position: absolute; left: 62.55%; top: 5.75%; width: 18.83%; height: 14.69%; z-index: 2;\"><\/a>\n\n<a href=\"\" title=\"\u010c.p. 71, kolem roku 1990.\" onclick=\"showHtmlDiv();document.getElementById('obrnahore').src='http:\/\/www.obecjenikov.cz\/wp-content\/uploads\/2023\/04\/16panel-8.png'; return false;\" style=\"position: absolute; left: 53.97%; top: 45.05%; width: 19.53%; height: 14.76%; z-index: 2;\"><\/a>\n\n<a href=\"\" title=\"D\u016fm \u010d\u00edslo popisn\u00e9 65 asi v roce 1995.\" onclick=\"showHtmlDiv();document.getElementById('obrnahore').src='http:\/\/www.obecjenikov.cz\/wp-content\/uploads\/2023\/04\/16panel-9.png'; return false;\" style=\"position: absolute; left: 49.16%; top: 66.94%; width: 17.22%; height: 13.79%; z-index: 2;\"><\/a>\n\n<a href=\"\" title=\"\u010c.p. 22 dnes.\" onclick=\"showHtmlDiv();document.getElementById('obrnahore').src='http:\/\/www.obecjenikov.cz\/wp-content\/uploads\/2023\/04\/16panel-10.png'; return false;\" style=\"position: absolute; left: 71.34%; top: 23.22%; width: 24.41%; height: 16.91%; z-index: 2;\"><\/a>\n\n<a href=\"\" title=\"\u010c.p. 71, rok 2022\" onclick=\"showHtmlDiv();document.getElementById('obrnahore').src='http:\/\/www.obecjenikov.cz\/wp-content\/uploads\/2023\/04\/16panel-11.png'; return false;\" style=\"position: absolute; left: 74.62%; top: 45.67%; width: 17.02%; height: 14.28%; z-index: 2;\"><\/a>\n\n<a href=\"\" title=\"D\u016fm \u010d\u00edslo popisn\u00e9 65 dnes.\" onclick=\"showHtmlDiv();document.getElementById('obrnahore').src='http:\/\/www.obecjenikov.cz\/wp-content\/uploads\/2023\/04\/16panel-12.png'; return false;\" style=\"position: absolute; left: 70.08%; top: 80.73%; width: 17.64%; height: 15.04%; z-index: 2;\"><\/a>\n\n<\/div>\n\n\n\n<div style=\"position: relative;\">\n  <img decoding=\"async\" src=\"http:\/\/www.obecjenikov.cz\/wp-content\/uploads\/2023\/04\/17panel.png\" style=\"width: 100%; height: auto;\">\n\n\n<a href=\"\" title=\"\u010c.p. 16, kolem roku 1990\" onclick=\"showHtmlDiv();document.getElementById('obrnahore').src='http:\/\/www.obecjenikov.cz\/wp-content\/uploads\/2023\/04\/17panel-1.png'; return false;\" style=\"position: absolute; left: 4.93%; top: 3.06%; width: 20.84%; height: 15.74%; z-index: 2;\"><\/a>\n\n<a href=\"\" title=\"\u010c.p. 16 roku 2022.\" onclick=\"showHtmlDiv();document.getElementById('obrnahore').src='http:\/\/www.obecjenikov.cz\/wp-content\/uploads\/2023\/04\/17panel-2.png'; return false;\" style=\"position: absolute; left: 28.84%; top: 12.32%; width: 23.84%; height: 15.31%; z-index: 2;\"><\/a>\n\n<a href=\"\" title=\"\u010c\u00edslo popisn\u00e9 48 kolem roku 1975.\" onclick=\"showHtmlDiv();document.getElementById('obrnahore').src='http:\/\/www.obecjenikov.cz\/wp-content\/uploads\/2023\/04\/17panel-3.png'; return false;\" style=\"position: absolute; left: 5.42%; top: 33.69%; width: 18.92%; height: 15.24%; z-index: 2;\"><\/a>\n\n<a href=\"\" title=\"\u010c.p. 48, rok 2022.\" onclick=\"showHtmlDiv();document.getElementById('obrnahore').src='http:\/\/www.obecjenikov.cz\/wp-content\/uploads\/2023\/04\/17panel-4.png'; return false;\" style=\"position: absolute; left: 15.42%; top: 50.43%; width: 21.98%; height: 15.95%; z-index: 2;\"><\/a>\n\n<a href=\"\" title=\"\u010c. p. 42 kolem roku 1950.\" onclick=\"showHtmlDiv();document.getElementById('obrnahore').src='http:\/\/www.obecjenikov.cz\/wp-content\/uploads\/2023\/04\/17panel-5.png'; return false;\" style=\"position: absolute; left: 3.71%; top: 72.93%; width: 21.48%; height: 13.75%; z-index: 2;\"><\/a>\n\n<a href=\"\" title=\"\u010c.p. 42 dnes.\" onclick=\"showHtmlDiv();document.getElementById('obrnahore').src='http:\/\/www.obecjenikov.cz\/wp-content\/uploads\/2023\/04\/17panel-6.png'; return false;\" style=\"position: absolute; left: 29.91%; top: 82.12%; width: 20.06%; height: 14.46%; z-index: 2;\"><\/a>\n\n<a href=\"\" title=\"D\u016fm \u010d.p. 69 p\u0159ed p\u0159estavbou\" onclick=\"showHtmlDiv();document.getElementById('obrnahore').src='http:\/\/www.obecjenikov.cz\/wp-content\/uploads\/2023\/04\/17panel-7.png'; return false;\" style=\"position: absolute; left: 63.31%; top: 4.7%; width: 21.48%; height: 15.24%; z-index: 2;\"><\/a>\n\n<a href=\"\" title=\"\u010c.p. 69 dnes.\" onclick=\"showHtmlDiv();document.getElementById('obrnahore').src='http:\/\/www.obecjenikov.cz\/wp-content\/uploads\/2023\/04\/17panel-8.png'; return false;\" style=\"position: absolute; left: 73.8%; top: 22.36%; width: 22.7%; height: 15.24%; z-index: 2;\"><\/a>\n\n<a href=\"\" title=\"\u010c.p. 26 v roce 1956, d\u016fm byl postaven r. 1913 jako domek pro chud\u00e9.\" onclick=\"showHtmlDiv();document.getElementById('obrnahore').src='http:\/\/www.obecjenikov.cz\/wp-content\/uploads\/2023\/04\/17panel-9.png'; return false;\" style=\"position: absolute; left: 45.9%; top: 38.75%; width: 23.13%; height: 15.38%; z-index: 2;\"><\/a>\n\n<a href=\"\" title=\"\u010c.p. 26 r. 2022.\" onclick=\"showHtmlDiv();document.getElementById('obrnahore').src='http:\/\/www.obecjenikov.cz\/wp-content\/uploads\/2023\/04\/17panel-10.png'; return false;\" style=\"position: absolute; left: 72.95%; top: 48.36%; width: 22.7%; height: 14.46%; z-index: 2;\"><\/a>\n\n<a href=\"\" title=\"\u010d.p. 80 kolem roku 1970\" onclick=\"showHtmlDiv();document.getElementById('obrnahore').src='http:\/\/www.obecjenikov.cz\/wp-content\/uploads\/2023\/04\/17panel-11.png'; return false;\" style=\"position: absolute; left: 54.75%; top: 65.31%; width: 19.56%; height: 14.17%; z-index: 2;\"><\/a>\n\n<a href=\"\" title=\"\u010c.p. 163 novostavba v pozad\u00ed a \u010d.p. 80 dnes slou\u017e\u00ed jako d\u00edlna a gar\u00e1\u017e.\" onclick=\"showHtmlDiv();document.getElementById('obrnahore').src='http:\/\/www.obecjenikov.cz\/wp-content\/uploads\/2023\/04\/17panel-12.png'; return false;\" style=\"position: absolute; left: 71.73%; top: 83.26%; width: 21.7%; height: 14.46%; z-index: 2;\"><\/a>\n\n<\/div>\n\n\n\n<div style=\"position: relative;\">\n  <img decoding=\"async\" src=\"http:\/\/www.obecjenikov.cz\/wp-content\/uploads\/2023\/04\/18panel.png\" style=\"width: 100%; height: auto;\">\n\n\n<a href=\"\" title=\"\u010c.p. 90 roku 1989\" onclick=\"showHtmlDiv();document.getElementById('obrnahore').src='http:\/\/www.obecjenikov.cz\/wp-content\/uploads\/2023\/04\/18panel-1.png'; return false;\" style=\"position: absolute; left: 3.02%; top: 3.3%; width: 23.49%; height: 17.11%; z-index: 2;\"><\/a>\n\n<a href=\"\" title=\"\u010c.p. 90 roku 2022\" onclick=\"showHtmlDiv();document.getElementById('obrnahore').src='http:\/\/www.obecjenikov.cz\/wp-content\/uploads\/2023\/04\/18panel-2.png'; return false;\" style=\"position: absolute; left: 20.87%; top: 23.7%; width: 24.08%; height: 14.77%; z-index: 2;\"><\/a>\n\n<a href=\"\" title=\"D\u016fm \u010d.p.11 (Draho\u0161ovi)\" onclick=\"showHtmlDiv();document.getElementById('obrnahore').src='http:\/\/www.obecjenikov.cz\/wp-content\/uploads\/2023\/04\/18panel-3.png'; return false;\" style=\"position: absolute; left: 5.84%; top: 45.5%; width: 20.14%; height: 13.94%; z-index: 2;\"><\/a>\n\n<a href=\"\" title=\"\u010c.p. 11, rok 2022\" onclick=\"showHtmlDiv();document.getElementById('obrnahore').src='http:\/\/www.obecjenikov.cz\/wp-content\/uploads\/2023\/04\/18panel-4.png'; return false;\" style=\"position: absolute; left: 8.01%; top: 61.85%; width: 17.06%; height: 14.58%; z-index: 2;\"><\/a>\n\n<a href=\"\" title=\"Pohled ze dvora domu \u010d.p. 22 sm\u011brem k \u010d.p. 1. Kolem r. 1970. Dnes ve v\u00fdhledu stoj\u00ed prodejna COOP.\" onclick=\"showHtmlDiv();document.getElementById('obrnahore').src='http:\/\/www.obecjenikov.cz\/wp-content\/uploads\/2023\/04\/18panel-5.png'; return false;\" style=\"position: absolute; left: 4.46%; top: 83.21%; width: 22.51%; height: 14.89%; z-index: 2;\"><\/a>\n\n<a href=\"\" title=\"Pohled ze dvora \u010d.p. 22 dnes.\" onclick=\"showHtmlDiv();document.getElementById('obrnahore').src='http:\/\/www.obecjenikov.cz\/wp-content\/uploads\/2023\/04\/18panel-6.png'; return false;\" style=\"position: absolute; left: 31.43%; top: 82.64%; width: 22.05%; height: 14.13%; z-index: 2;\"><\/a>\n\n<a href=\"\" title=\"Doln\u00ed Jen\u00edkov, \u010d.p. 50, kolem r. 1930\" onclick=\"showHtmlDiv();document.getElementById('obrnahore').src='http:\/\/www.obecjenikov.cz\/wp-content\/uploads\/2023\/04\/18panel-7.png'; return false;\" style=\"position: absolute; left: 58.99%; top: 4.82%; width: 24.74%; height: 16.03%; z-index: 2;\"><\/a>\n\n<a href=\"\" title=\"D\u016fm pana La\u0161t\u016fvky na doln\u00edm Jen\u00edkov\u011b p\u0159ed demolic\u00ed.\" onclick=\"showHtmlDiv();document.getElementById('obrnahore').src='http:\/\/www.obecjenikov.cz\/wp-content\/uploads\/2023\/04\/18panel-8.png'; return false;\" style=\"position: absolute; left: 49.87%; top: 32.95%; width: 18.9%; height: 13.05%; z-index: 2;\"><\/a>\n\n<a href=\"\" title=\"\u010c.p. 50 roku 2022\" onclick=\"showHtmlDiv();document.getElementById('obrnahore').src='http:\/\/www.obecjenikov.cz\/wp-content\/uploads\/2023\/04\/18panel-9.png'; return false;\" style=\"position: absolute; left: 76.12%; top: 23.45%; width: 18.83%; height: 14.58%; z-index: 2;\"><\/a>\n\n<a href=\"\" title=\"I tento rouben\u00fd domek \u010d.p. 88 se skl\u00e1danou lomenic\u00ed, podlomen\u00edm a mansardi\u010dkou na doln\u00edm Jen\u00edkov\u011b postaven\u00fd po\u010d\u00e1tkem minul\u00e9ho stolet\u00ed dnes ji\u017e nestoj\u00ed. Demolice byla provedena na obecn\u00ed n\u00e1klady roku 2003\" onclick=\"showHtmlDiv();document.getElementById('obrnahore').src='http:\/\/www.obecjenikov.cz\/wp-content\/uploads\/2023\/04\/18panel-10.png'; return false;\" style=\"position: absolute; left: 44.62%; top: 46.45%; width: 18.96%; height: 13.37%; z-index: 2;\"><\/a>\n\n<a href=\"\" title=\"Z p\u016fvodn\u00edho domu \u010d. p. 88 zbyla jen \u010d\u00e1st stodoly.\" onclick=\"showHtmlDiv();document.getElementById('obrnahore').src='http:\/\/www.obecjenikov.cz\/wp-content\/uploads\/2023\/04\/18panel-11.png'; return false;\" style=\"position: absolute; left: 71.52%; top: 47.21%; width: 22.44%; height: 12.29%; z-index: 2;\"><\/a>\n\n<a href=\"\" title=\"\u010c. p. 64 kolem roku 1995\" onclick=\"showHtmlDiv();document.getElementById('obrnahore').src='http:\/\/www.obecjenikov.cz\/wp-content\/uploads\/2023\/04\/18panel-12.png'; return false;\" style=\"position: absolute; left: 63.52%; top: 66.54%; width: 19.88%; height: 14.01%; z-index: 2;\"><\/a>\n\n<a href=\"\" title=\"\u010c.p. 64 roku 2022\" onclick=\"showHtmlDiv();document.getElementById('obrnahore').src='http:\/\/www.obecjenikov.cz\/wp-content\/uploads\/2023\/04\/18panel-13.png'; return false;\" style=\"position: absolute; left: 74.93%; top: 82.32%; width: 19.03%; height: 13.62%; z-index: 2;\"><\/a>\n\n<\/div>\n\n\n\n<div style=\"position: relative;\">\n  <img decoding=\"async\" src=\"http:\/\/www.obecjenikov.cz\/wp-content\/uploads\/2023\/04\/21panel.png\" style=\"width: 100%; height: auto;\">\n\n<a href=\"\" title=\"\u010c.p. 85 proch\u00e1z\u00ed opravou. Rok 2022.\" onclick=\"showHtmlDiv();document.getElementById('obrnahore').src='http:\/\/www.obecjenikov.cz\/wp-content\/uploads\/2023\/04\/21panel-1.png'; return false;\" style=\"position: absolute; left: 7.1%; top: 7.32%; width: 16.9%; height: 13.5%; z-index: 2;\"><\/a>\n\n<a href=\"\" title=\"Stavba rodinn\u00e9ho domu 2022 budouc\u00ed \u010d.p. 173.\" onclick=\"showHtmlDiv();document.getElementById('obrnahore').src='http:\/\/www.obecjenikov.cz\/wp-content\/uploads\/2023\/04\/21panel-2.png'; return false;\" style=\"position: absolute; left: 2.47%; top: 29.82%; width: 26.39%; height: 16.32%; z-index: 2;\"><\/a>\n\n<a href=\"\" title=\"\u010c.p. 111 v rekonstrukci, rok 2022\" onclick=\"showHtmlDiv();document.getElementById('obrnahore').src='http:\/\/www.obecjenikov.cz\/wp-content\/uploads\/2023\/04\/21panel-3.png'; return false;\" style=\"position: absolute; left: 7.18%; top: 52.86%; width: 17.9%; height: 14.72%; z-index: 2;\"><\/a>\n\n<a href=\"\" title=\"P\u0159estavba domu \u010d.p. 55, rok 2022.\" onclick=\"showHtmlDiv();document.getElementById('obrnahore').src='http:\/\/www.obecjenikov.cz\/wp-content\/uploads\/2023\/04\/21panel-4.png'; return false;\" style=\"position: absolute; left: 5.25%; top: 74.68%; width: 21.37%; height: 15.18%; z-index: 2;\"><\/a>\n\n<a href=\"\" title=\"Novostavba nedaleko obecn\u00edho h\u0159i\u0161t\u011b. Budouc\u00ed \u010d.p.172.\" onclick=\"showHtmlDiv();document.getElementById('obrnahore').src='http:\/\/www.obecjenikov.cz\/wp-content\/uploads\/2023\/04\/21panel-5.png'; return false;\" style=\"position: absolute; left: 30.94%; top: 6.71%; width: 18.44%; height: 14.95%; z-index: 2;\"><\/a>\n\n<a href=\"\" title=\"\" onclick=\"showHtmlDiv();document.getElementById('obrnahore').src='http:\/\/www.obecjenikov.cz\/wp-content\/uploads\/2023\/04\/21panel-6.png'; return false;\" style=\"position: absolute; left: 33.72%; top: 30.82%; width: 18.83%; height: 13.5%; z-index: 2;\"><\/a>\n\n<a href=\"\" title=\"D\u016fm \u010d.p. 18 na za\u010d\u00e1tku rekostrukce.\" onclick=\"showHtmlDiv();document.getElementById('obrnahore').src='http:\/\/www.obecjenikov.cz\/wp-content\/uploads\/2023\/04\/21panel-7.png'; return false;\" style=\"position: absolute; left: 52.78%; top: 16.86%; width: 14.74%; height: 19.3%; z-index: 2;\"><\/a>\n\n<a href=\"\" title=\"D\u016fm \u010d.p. 18 dnes.\" onclick=\"showHtmlDiv();document.getElementById('obrnahore').src='http:\/\/www.obecjenikov.cz\/wp-content\/uploads\/2023\/04\/21panel-8.png'; return false;\" style=\"position: absolute; left: 46.45%; top: 46.07%; width: 19.37%; height: 11.9%; z-index: 2;\"><\/a>\n\n<a href=\"\" title=\"D\u016fm \u010d.p. 21 kolem roku 1960.\" onclick=\"showHtmlDiv();document.getElementById('obrnahore').src='http:\/\/www.obecjenikov.cz\/wp-content\/uploads\/2023\/04\/21panel-9.png'; return false;\" style=\"position: absolute; left: 45.68%; top: 61.71%; width: 15.74%; height: 15.87%; z-index: 2;\"><\/a>\n\n<a href=\"\" title=\"D\u016fm \u010d.p. 21, rok 2022.\" onclick=\"showHtmlDiv();document.getElementById('obrnahore').src='http:\/\/www.obecjenikov.cz\/wp-content\/uploads\/2023\/04\/21panel-10.png'; return false;\" style=\"position: absolute; left: 39.89%; top: 82.07%; width: 24.38%; height: 12.43%; z-index: 2;\"><\/a>\n\n<a href=\"\" title=\"B\u00fdval\u00e1 kov\u00e1rna \u010d.p. 95. kolem r. 1980. Jako posledn\u00ed mistr kov\u00e1\u0159sk\u00fd zde pracoval Alois Bart\u00e1k.\" onclick=\"showHtmlDiv();document.getElementById('obrnahore').src='http:\/\/www.obecjenikov.cz\/wp-content\/uploads\/2023\/04\/21panel-11.png'; return false;\" style=\"position: absolute; left: 75%; top: 6.25%; width: 19.83%; height: 15.26%; z-index: 2;\"><\/a>\n\n<a href=\"\" title=\"\u010c.p. 96 b\u00fdval\u00e1 kov\u00e1rna, rok 2022\" onclick=\"showHtmlDiv();document.getElementById('obrnahore').src='http:\/\/www.obecjenikov.cz\/wp-content\/uploads\/2023\/04\/21panel-12.png'; return false;\" style=\"position: absolute; left: 72.61%; top: 28.76%; width: 23.92%; height: 15.1%; z-index: 2;\"><\/a>\n\n<a href=\"\" title=\"\u010c\u00edslo popisn\u00e9 37 kolem roku 1920.\" onclick=\"showHtmlDiv();document.getElementById('obrnahore').src='http:\/\/www.obecjenikov.cz\/wp-content\/uploads\/2023\/04\/21panel-13.png'; return false;\" style=\"position: absolute; left: 73.07%; top: 54.77%; width: 19.91%; height: 13.81%; z-index: 2;\"><\/a>\n\n<a href=\"\" title=\"A dnes.\" onclick=\"showHtmlDiv();document.getElementById('obrnahore').src='http:\/\/www.obecjenikov.cz\/wp-content\/uploads\/2023\/04\/21panel-14.png'; return false;\" style=\"position: absolute; left: 72.53%; top: 74.68%; width: 21.68%; height: 16.02%; z-index: 2;\"><\/a>\n\n<\/div>\n\n\n\n<div style=\"position: relative;\">\n  <img decoding=\"async\" src=\"http:\/\/www.obecjenikov.cz\/wp-content\/uploads\/2023\/05\/3stul.png\" style=\"width: 100%; height: auto;\">\n\n<a href=\"\" title=\"\u010c.p. 71 kolem roku 1980.\" onclick=\"showHtmlDiv();document.getElementById('obrnahore').src='http:\/\/www.obecjenikov.cz\/wp-content\/uploads\/2023\/05\/3stul-1.png'; return false;\" style=\"position: absolute; left: 0.62%; top: 19.09%; width: 5.62%; height: 21.73%; z-index: 2;\"><\/a>\n\n<a href=\"\" title=\"\u010c.p. 71, rok 2022.\" onclick=\"showHtmlDiv();document.getElementById('obrnahore').src='http:\/\/www.obecjenikov.cz\/wp-content\/uploads\/2023\/05\/3stul-2.png'; return false;\" style=\"position: absolute; left: 0.57%; top: 47.21%; width: 4.77%; height: 23.2%; z-index: 2;\"><\/a>\n\n<a href=\"\" title=\"Jen\u00edkovsk\u00e9 z\u00e1kout\u00ed \u2013 pomozte n\u00e1m zjistit kdo a kde to je....\" onclick=\"showHtmlDiv();document.getElementById('obrnahore').src='http:\/\/www.obecjenikov.cz\/wp-content\/uploads\/2023\/05\/3stul-3.png'; return false;\" style=\"position: absolute; left: 8.08%; top: 9.77%; width: 5.41%; height: 20.41%; z-index: 2;\"><\/a>\n\n<a href=\"\" title=\"D\u016fm \u010d.p. 51 a pr\u016f\u010del\u00ed domu 108\" onclick=\"showHtmlDiv();document.getElementById('obrnahore').src='http:\/\/www.obecjenikov.cz\/wp-content\/uploads\/2023\/05\/3stul-4.jpg'; return false;\" style=\"position: absolute; left: 7.96%; top: 37.37%; width: 5.4%; height: 23.64%; z-index: 2;\"><\/a>\n\n<a href=\"\" title=\"Na dvo\u0159e a vstupn\u00ed dve\u0159e \u010d.p. 51, rok 2022\" onclick=\"showHtmlDiv();document.getElementById('obrnahore').src='http:\/\/www.obecjenikov.cz\/wp-content\/uploads\/2023\/05\/3stul-5.png'; return false;\" style=\"position: absolute; left: 7.56%; top: 71.07%; width: 6.7%; height: 26.87%; z-index: 2;\"><\/a>\n\n<a href=\"\" title=\"Rouben\u00fd d\u016fm \u010d.p. 12 ze za\u010d\u00e1tku 19 stolet\u00ed.\" onclick=\"showHtmlDiv();document.getElementById('obrnahore').src='http:\/\/www.obecjenikov.cz\/wp-content\/uploads\/2023\/05\/3stul-6.png'; return false;\" style=\"position: absolute; left: 17.23%; top: 11.6%; width: 5.34%; height: 15.86%; z-index: 2;\"><\/a>\n\n<a href=\"\" title=\"\u010c.p. 12, kolem roku 1980\" onclick=\"showHtmlDiv();document.getElementById('obrnahore').src='http:\/\/www.obecjenikov.cz\/wp-content\/uploads\/2023\/05\/3stul-7.png'; return false;\" style=\"position: absolute; left: 16.37%; top: 44.49%; width: 4.3%; height: 17.47%; z-index: 2;\"><\/a>\n\n<a href=\"\" title=\"\u010c.p. 12 roku 2022\" onclick=\"showHtmlDiv();document.getElementById('obrnahore').src='http:\/\/www.obecjenikov.cz\/wp-content\/uploads\/2023\/05\/3stul-8.png'; return false;\" style=\"position: absolute; left: 17.02%; top: 64.98%; width: 5.71%; height: 23.86%; z-index: 2;\"><\/a>\n\n<a href=\"\" title=\"\" onclick=\"showHtmlDiv();document.getElementById('obrnahore').src='http:\/\/www.obecjenikov.cz\/wp-content\/uploads\/2023\/05\/3stul-9.png'; return false;\" style=\"position: absolute; left: 20.27%; top: 30.03%; width: 2.99%; height: 20.85%; z-index: 2;\"><\/a>\n\n<a href=\"\" title=\"\u010c.p. 14, kolem roku 1950\" onclick=\"showHtmlDiv();document.getElementById('obrnahore').src='http:\/\/www.obecjenikov.cz\/wp-content\/uploads\/2023\/05\/3stul-10.png'; return false;\" style=\"position: absolute; left: 26.35%; top: 5.87%; width: 5.18%; height: 18.14%; z-index: 2;\"><\/a>\n\n<a href=\"\" title=\"P\u0159ed \u010d.p. 14, kolem roku 1965\" onclick=\"showHtmlDiv();document.getElementById('obrnahore').src='http:\/\/www.obecjenikov.cz\/wp-content\/uploads\/2023\/05\/3stul-11.png'; return false;\" style=\"position: absolute; left: 26.15%; top: 32.09%; width: 5.57%; height: 21.95%; z-index: 2;\"><\/a>\n\n<a href=\"\" title=\"\u010c. p. 14 roku 2022\" onclick=\"showHtmlDiv();document.getElementById('obrnahore').src='http:\/\/www.obecjenikov.cz\/wp-content\/uploads\/2023\/05\/3stul-12.png'; return false;\" style=\"position: absolute; left: 25.6%; top: 63%; width: 6.64%; height: 26.8%; z-index: 2;\"><\/a>\n\n<a href=\"\" title=\"\u010c.p. 55 do roku 1968\" onclick=\"showHtmlDiv();document.getElementById('obrnahore').src='http:\/\/www.obecjenikov.cz\/wp-content\/uploads\/2023\/05\/3stul-13.png'; return false;\" style=\"position: absolute; left: 35.42%; top: 7.34%; width: 5.14%; height: 17.11%; z-index: 2;\"><\/a>\n\n<a href=\"\" title=\"\u010c.p. 55 po roce 1980\" onclick=\"showHtmlDiv();document.getElementById('obrnahore').src='http:\/\/www.obecjenikov.cz\/wp-content\/uploads\/2023\/05\/3stul-14.png'; return false;\" style=\"position: absolute; left: 34.75%; top: 32.53%; width: 5.79%; height: 21.73%; z-index: 2;\"><\/a>\n\n<a href=\"\" title=\"\u010c.p. 55 po roce 1993\" onclick=\"showHtmlDiv();document.getElementById('obrnahore').src='http:\/\/www.obecjenikov.cz\/wp-content\/uploads\/2023\/05\/3stul-15.png'; return false;\" style=\"position: absolute; left: 33.97%; top: 62.63%; width: 6.42%; height: 26.36%; z-index: 2;\"><\/a>\n\n<a href=\"\" title=\"\u010c.p. 7, b\u00fdval\u00fd hostinec man\u017eel\u016f La\u0161t\u016fvkov\u00fdch, dnes Obecn\u00ed \u00fa\u0159ad, kolem r. 1940.\" onclick=\"showHtmlDiv();document.getElementById('obrnahore').src='http:\/\/www.obecjenikov.cz\/wp-content\/uploads\/2023\/05\/3stul-16.png'; return false;\" style=\"position: absolute; left: 42.83%; top: 9.18%; width: 5.18%; height: 17.77%; z-index: 2;\"><\/a>\n\n<a href=\"\" title=\"Pohled od kaple Sv. V\u00e1clava k obecn\u00edmu \u00fa\u0159adu, v pop\u0159ed\u00ed nov\u011b postaven\u00e1 autobusov\u00e1 \u010dek\u00e1rna a prostranstv\u00ed okolo.\" onclick=\"showHtmlDiv();document.getElementById('obrnahore').src='http:\/\/www.obecjenikov.cz\/wp-content\/uploads\/2023\/05\/3stul-17.png'; return false;\" style=\"position: absolute; left: 42.29%; top: 32.53%; width: 6.93%; height: 21.07%; z-index: 2;\"><\/a>\n\n<a href=\"\" title=\"Pohled ze stejn\u00e9ho m\u00edsta dnes.\" onclick=\"showHtmlDiv();document.getElementById('obrnahore').src='http:\/\/www.obecjenikov.cz\/wp-content\/uploads\/2023\/05\/3stul-18.png'; return false;\" style=\"position: absolute; left: 42.35%; top: 63.66%; width: 7.39%; height: 26.06%; z-index: 2;\"><\/a>\n\n<a href=\"\" title=\"Znova pohled na hostinec U \u017d\u00e1k\u016f, ve stejn\u00e9m roce p\u0159i stejn\u00e9 p\u0159\u00edle\u017eitosti.\" onclick=\"showHtmlDiv();document.getElementById('obrnahore').src='http:\/\/www.obecjenikov.cz\/wp-content\/uploads\/2023\/05\/3stul-19.png'; return false;\" style=\"position: absolute; left: 51.85%; top: 8.74%; width: 5.01%; height: 18.8%; z-index: 2;\"><\/a>\n\n<a href=\"\" title=\"Hostinec U \u017d\u00e1k\u016f r. 1976 p\u0159i masopustn\u00ed obch\u016fzce.\" onclick=\"showHtmlDiv();document.getElementById('obrnahore').src='http:\/\/www.obecjenikov.cz\/wp-content\/uploads\/2023\/05\/3stul-20.png'; return false;\" style=\"position: absolute; left: 51.38%; top: 33.77%; width: 5.34%; height: 21.81%; z-index: 2;\"><\/a>\n\n<a href=\"\" title=\"Hostinec U \u017d\u00e1k\u016f dnes\" onclick=\"showHtmlDiv();document.getElementById('obrnahore').src='http:\/\/www.obecjenikov.cz\/wp-content\/uploads\/2023\/05\/3stul-21.png'; return false;\" style=\"position: absolute; left: 50.64%; top: 63.44%; width: 6.24%; height: 23.64%; z-index: 2;\"><\/a>\n\n<a href=\"\" title=\"D\u016fm \u010d.p. 109, kolem r.1930\" onclick=\"showHtmlDiv();document.getElementById('obrnahore').src='http:\/\/www.obecjenikov.cz\/wp-content\/uploads\/2023\/05\/3stul-22.png'; return false;\" style=\"position: absolute; left: 58.6%; top: 8.81%; width: 5.28%; height: 17.4%; z-index: 2;\"><\/a>\n\n<a href=\"\" title=\"D\u016fm \u010d.p. 109 po prvn\u00ed p\u0159estavb\u011b.\" onclick=\"showHtmlDiv();document.getElementById('obrnahore').src='http:\/\/www.obecjenikov.cz\/wp-content\/uploads\/2023\/05\/3stul-23.png'; return false;\" style=\"position: absolute; left: 58.87%; top: 34.14%; width: 5.12%; height: 19.68%; z-index: 2;\"><\/a>\n\n<a href=\"\" title=\"\u010c\u00edslo popisn\u00e9 109 dnes\" onclick=\"showHtmlDiv();document.getElementById('obrnahore').src='http:\/\/www.obecjenikov.cz\/wp-content\/uploads\/2023\/05\/3stul-24.png'; return false;\" style=\"position: absolute; left: 58.74%; top: 63.44%; width: 6.01%; height: 24.3%; z-index: 2;\"><\/a>\n\n<a href=\"\" title=\"\u010c.p. 77 kolem roku 1950.\" onclick=\"showHtmlDiv();document.getElementById('obrnahore').src='http:\/\/www.obecjenikov.cz\/wp-content\/uploads\/2023\/05\/3stul-25.png'; return false;\" style=\"position: absolute; left: 67.66%; top: 6.02%; width: 5.8%; height: 17.47%; z-index: 2;\"><\/a>\n\n<a href=\"\" title=\"V pozad\u00ed \u010d.p. 77 a 54.\" onclick=\"showHtmlDiv();document.getElementById('obrnahore').src='http:\/\/www.obecjenikov.cz\/wp-content\/uploads\/2023\/05\/3stul-26.png'; return false;\" style=\"position: absolute; left: 68.23%; top: 27.61%; width: 4.55%; height: 29.52%; z-index: 2;\"><\/a>\n\n<a href=\"\" title=\"\u010c.p. 77 v r. 1982\" onclick=\"showHtmlDiv();document.getElementById('obrnahore').src='http:\/\/www.obecjenikov.cz\/wp-content\/uploads\/2023\/05\/3stul-27.png'; return false;\" style=\"position: absolute; left: 67.13%; top: 61.38%; width: 6.62%; height: 29.3%; z-index: 2;\"><\/a>\n\n<a href=\"\" title=\"D\u016fm \u010d.p. p\u0159i zah\u00e1jen\u00ed rekonstrukce. Roku.\" onclick=\"showHtmlDiv();document.getElementById('obrnahore').src='http:\/\/www.obecjenikov.cz\/wp-content\/uploads\/2023\/05\/3stul-28.png'; return false;\" style=\"position: absolute; left: 77%; top: 8.52%; width: 4.54%; height: 18.28%; z-index: 2;\"><\/a>\n\n<a href=\"\" title=\"D\u016fm \u010d.p. 8 \u2013 rekonstrukce v b\u011bhu...\" onclick=\"showHtmlDiv();document.getElementById('obrnahore').src='http:\/\/www.obecjenikov.cz\/wp-content\/uploads\/2023\/05\/3stul-29.png'; return false;\" style=\"position: absolute; left: 76.53%; top: 34.58%; width: 5.36%; height: 22.76%; z-index: 2;\"><\/a>\n\n<a href=\"\" title=\"\u010c.p. 8, rok 2022\" onclick=\"showHtmlDiv();document.getElementById('obrnahore').src='http:\/\/www.obecjenikov.cz\/wp-content\/uploads\/2023\/05\/3stul-30.png'; return false;\" style=\"position: absolute; left: 75.34%; top: 66.67%; width: 6.94%; height: 25.62%; z-index: 2;\"><\/a>\n\n<a href=\"\" title=\"\u010c.p. 20 v roce 1920\" onclick=\"showHtmlDiv();document.getElementById('obrnahore').src='http:\/\/www.obecjenikov.cz\/wp-content\/uploads\/2023\/05\/3stul-31.png'; return false;\" style=\"position: absolute; left: 84.37%; top: 8.59%; width: 4.85%; height: 20.56%; z-index: 2;\"><\/a>\n\n<a href=\"\" title=\"\" onclick=\"showHtmlDiv();document.getElementById('obrnahore').src='http:\/\/www.obecjenikov.cz\/wp-content\/uploads\/2023\/05\/3stul-32.png'; return false;\" style=\"position: absolute; left: 83.12%; top: 32.16%; width: 8.14%; height: 30.25%; z-index: 2;\"><\/a>\n\n<a href=\"\" title=\"\u010c.p. 20 uprost\u0159ed , rok 2022\" onclick=\"showHtmlDiv();document.getElementById('obrnahore').src='http:\/\/www.obecjenikov.cz\/wp-content\/uploads\/2023\/05\/3stul-33.png'; return false;\" style=\"position: absolute; left: 83.81%; top: 66.37%; width: 7.19%; height: 25.33%; z-index: 2;\"><\/a>\n\n<a href=\"\" title=\"\u010c.p. 72, p\u0159ed p\u0159estavbou.\" onclick=\"showHtmlDiv();document.getElementById('obrnahore').src='http:\/\/www.obecjenikov.cz\/wp-content\/uploads\/2023\/05\/3stul-34.png'; return false;\" style=\"position: absolute; left: 92.12%; top: 16.59%; width: 6.68%; height: 27.61%; z-index: 2;\"><\/a>\n\n<a href=\"\" title=\"\u010c.p. 72 dnes.\" onclick=\"showHtmlDiv();document.getElementById('obrnahore').src='http:\/\/www.obecjenikov.cz\/wp-content\/uploads\/2023\/05\/3stul-35.png'; return false;\" style=\"position: absolute; left: 92.21%; top: 53.16%; width: 6.8%; height: 32.23%; z-index: 2;\"><\/a>\n\n<\/div>\n\n\n\n<h2 class=\"wp-block-heading\">Novostavby<\/h2>\n\n\n\n<div style=\"position: relative;\">\n  <img decoding=\"async\" src=\"http:\/\/www.obecjenikov.cz\/wp-content\/uploads\/2023\/04\/20panel.png\" style=\"width: 100%; height: auto;\">\n\n\n<a href=\"\" title=\"\u010c.p. 148\" onclick=\"showHtmlDiv();document.getElementById('obrnahore').src='http:\/\/www.obecjenikov.cz\/wp-content\/uploads\/2023\/04\/20panel-1.png'; return false;\" style=\"position: absolute; left: 8.53%; top: 5.28%; width: 19.69%; height: 17.02%; z-index: 2;\"><\/a>\n\n<a href=\"\" title=\"\u010c.p. 160\" onclick=\"showHtmlDiv();document.getElementById('obrnahore').src='http:\/\/www.obecjenikov.cz\/wp-content\/uploads\/2023\/04\/20panel-2.png'; return false;\" style=\"position: absolute; left: 5.12%; top: 29.84%; width: 21.24%; height: 15.31%; z-index: 2;\"><\/a>\n\n<a href=\"\" title=\"Novostavba nedaleko b\u00fdval\u00e9ho JZD \u010d.p. 170\" onclick=\"showHtmlDiv();document.getElementById('obrnahore').src='http:\/\/www.obecjenikov.cz\/wp-content\/uploads\/2023\/04\/20panel-3.png'; return false;\" style=\"position: absolute; left: 7.13%; top: 52.99%; width: 21.4%; height: 15.62%; z-index: 2;\"><\/a>\n\n<a href=\"\" title=\"Nov\u00fd domek nedaleko kulturn\u00edho domu \u010d.p. 169.\" onclick=\"showHtmlDiv();document.getElementById('obrnahore').src='http:\/\/www.obecjenikov.cz\/wp-content\/uploads\/2023\/04\/20panel-4.png'; return false;\" style=\"position: absolute; left: 6.74%; top: 77.16%; width: 17.52%; height: 15.46%; z-index: 2;\"><\/a>\n\n<a href=\"\" title=\"\u010d.p. 140\" onclick=\"showHtmlDiv();document.getElementById('obrnahore').src='http:\/\/www.obecjenikov.cz\/wp-content\/uploads\/2023\/04\/20panel-5.png'; return false;\" style=\"position: absolute; left: 39.3%; top: 2.72%; width: 22.4%; height: 17.33%; z-index: 2;\"><\/a>\n\n<a href=\"\" title=\"\u010c.p. 134\" onclick=\"showHtmlDiv();document.getElementById('obrnahore').src='http:\/\/www.obecjenikov.cz\/wp-content\/uploads\/2023\/04\/20panel-6.png'; return false;\" style=\"position: absolute; left: 37.13%; top: 25.25%; width: 21.01%; height: 16.55%; z-index: 2;\"><\/a>\n\n<a href=\"\" title=\"Jen\u00edkovsk\u00e1 Chaloupka \u010d.p. 166.\" onclick=\"showHtmlDiv();document.getElementById('obrnahore').src='http:\/\/www.obecjenikov.cz\/wp-content\/uploads\/2023\/04\/20panel-7.png'; return false;\" style=\"position: absolute; left: 32.71%; top: 46.15%; width: 16.98%; height: 13.99%; z-index: 2;\"><\/a>\n\n<a href=\"\" title=\"\u010c. p. 139\" onclick=\"showHtmlDiv();document.getElementById('obrnahore').src='http:\/\/www.obecjenikov.cz\/wp-content\/uploads\/2023\/04\/20panel-8.png'; return false;\" style=\"position: absolute; left: 55.97%; top: 43.59%; width: 16.43%; height: 14.06%; z-index: 2;\"><\/a>\n\n<a href=\"\" title=\"\u010c.p. 164\" onclick=\"showHtmlDiv();document.getElementById('obrnahore').src='http:\/\/www.obecjenikov.cz\/wp-content\/uploads\/2023\/04\/20panel-9.png'; return false;\" style=\"position: absolute; left: 46.9%; top: 65.11%; width: 18.53%; height: 14.06%; z-index: 2;\"><\/a>\n\n<a href=\"\" title=\"\u010c.p. 159.\" onclick=\"showHtmlDiv();document.getElementById('obrnahore').src='http:\/\/www.obecjenikov.cz\/wp-content\/uploads\/2023\/04\/20panel-10.png'; return false;\" style=\"position: absolute; left: 32.87%; top: 81.82%; width: 20.54%; height: 13.83%; z-index: 2;\"><\/a>\n\n<a href=\"\" title=\"Novostavba na horn\u00edm Jen\u00edkov\u011b \u010d.p. 168\" onclick=\"showHtmlDiv();document.getElementById('obrnahore').src='http:\/\/www.obecjenikov.cz\/wp-content\/uploads\/2023\/04\/20panel-11.png'; return false;\" style=\"position: absolute; left: 72.25%; top: 4.12%; width: 23.1%; height: 16.86%; z-index: 2;\"><\/a>\n\n<a href=\"\" title=\"\u010c.p. 145.\" onclick=\"showHtmlDiv();document.getElementById('obrnahore').src='http:\/\/www.obecjenikov.cz\/wp-content\/uploads\/2023\/04\/20panel-12.png'; return false;\" style=\"position: absolute; left: 74.65%; top: 29.6%; width: 18.14%; height: 15.23%; z-index: 2;\"><\/a>\n\n<a href=\"\" title=\"\u010c.p. 141.\" onclick=\"showHtmlDiv();document.getElementById('obrnahore').src='http:\/\/www.obecjenikov.cz\/wp-content\/uploads\/2023\/04\/20panel-13.png'; return false;\" style=\"position: absolute; left: 74.34%; top: 55.32%; width: 18.91%; height: 13.83%; z-index: 2;\"><\/a>\n\n<a href=\"\" title=\"Rodinn\u00fd d\u016fm postaven\u00fd po roce 1992 v z\u00e1plav\u011b zelen\u011b.\" onclick=\"showHtmlDiv();document.getElementById('obrnahore').src='http:\/\/www.obecjenikov.cz\/wp-content\/uploads\/2023\/04\/20panel-14.png'; return false;\" style=\"position: absolute; left: 72.64%; top: 80.34%; width: 20.16%; height: 13.99%; z-index: 2;\"><\/a>\n\n<\/div>\n\n\n\n<h2 class=\"wp-block-heading\">Jen\u00edkovsk\u00e9 v\u00fdhledy &#8222;v\u010dera&#8220; a dnes<\/h2>\n\n\n\n<div style=\"position: relative;\">\n  <img decoding=\"async\" src=\"http:\/\/www.obecjenikov.cz\/wp-content\/uploads\/2023\/05\/4stul.png\" style=\"width: 100%; height: auto;\">\n\n<a href=\"\" title=\"Pohled na Jen\u00edkov od st\u00e1vaj\u00edc\u00edho p\u0159echodu sm\u011brem k Hlinsku.\" onclick=\"showHtmlDiv();document.getElementById('obrnahore').src='http:\/\/www.obecjenikov.cz\/wp-content\/uploads\/2023\/05\/4stul-1.png'; return false;\" style=\"position: absolute; left: 1.12%; top: 23.03%; width: 5.06%; height: 21.05%; z-index: 2;\"><\/a>\n\n<a href=\"\" title=\"Pohled k Jen\u00edkovu od Kameni\u010dek, r.2022\" onclick=\"showHtmlDiv();document.getElementById('obrnahore').src='http:\/\/www.obecjenikov.cz\/wp-content\/uploads\/2023\/05\/4stul-2.png'; return false;\"\" style=\"position: absolute; left: 0%; top: 52.7%; width: 5.67%; height: 24.06%; z-index: 2;\"><\/a>\n\n<a href=\"\" title=\"P\u0159\u00edjezd do Jen\u00edkova po silnici od Hlinska 2022\" onclick=\"showHtmlDiv();document.getElementById('obrnahore').src='http:\/\/www.obecjenikov.cz\/wp-content\/uploads\/2023\/05\/4stul-3.png'; return false;\" style=\"position: absolute; left: 7.53%; top: 22.83%; width: 6.86%; height: 22.83%; z-index: 2;\"><\/a>\n\n<a href=\"\" title=\"Pohled na p\u0159\u00edjezd do Jen\u00edkova od Hlinska v roce 1992.\" onclick=\"showHtmlDiv();document.getElementById('obrnahore').src='http:\/\/www.obecjenikov.cz\/wp-content\/uploads\/2023\/05\/4stul-4.png'; return false;\" style=\"position: absolute; left: 6.86%; top: 54.48%; width: 7.22%; height: 26.38%; z-index: 2;\"><\/a>\n\n<a href=\"\" title=\"Je\u0161t\u011b jeden pohled na doln\u00ed Jen\u00edkov. Tentokr\u00e1t p\u0159es \u010d.p. 48 v pop\u0159ed\u00ed a\u017e k, v dob\u011b po\u0159\u00edzen\u00ed fotografie, novostavb\u011b \u010d.p. 119\" onclick=\"showHtmlDiv();document.getElementById('obrnahore').src='http:\/\/www.obecjenikov.cz\/wp-content\/uploads\/2023\/05\/4stul-5.png'; return false;\" style=\"position: absolute; left: 15.89%; top: 20.71%; width: 7.58%; height: 25.91%; z-index: 2;\"><\/a>\n\n<a href=\"\" title=\"Pohled od jen\u00edkovsk\u00fdch luk na doln\u00ed Jen\u00edkov, zcela vpravo \u010d.p. 11\" onclick=\"showHtmlDiv();document.getElementById('obrnahore').src='http:\/\/www.obecjenikov.cz\/wp-content\/uploads\/2023\/05\/4stul-6.png'; return false;\" style=\"position: absolute; left: 15.5%; top: 54.68%; width: 8.33%; height: 31.72%; z-index: 2;\"><\/a>\n\n<a href=\"\" title=\"Pohled na stejn\u00e1 m\u00edsta kudy proch\u00e1zel pr\u016fvod p\u0159i babsk\u00e9m v\u011bne\u010dku. Domky vpravo jsou zrekonstruovan\u00e9.\" onclick=\"showHtmlDiv();document.getElementById('obrnahore').src='http:\/\/www.obecjenikov.cz\/wp-content\/uploads\/2023\/05\/4stul-7.png'; return false;\" style=\"position: absolute; left: 26.84%; top: 7.18%; width: 5.14%; height: 17.5%; z-index: 2;\"><\/a>\n\n<a href=\"\" title=\"Pohled na doln\u00ed Jen\u00edkov, rok 2022\" onclick=\"showHtmlDiv();document.getElementById('obrnahore').src='http:\/\/www.obecjenikov.cz\/wp-content\/uploads\/2023\/05\/4stul-8.png'; return false;\" style=\"position: absolute; left: 27.19%; top: 30.14%; width: 4.69%; height: 25.97%; z-index: 2;\"><\/a>\n\n<a href=\"\" title=\"Pohled do stejn\u00fdch m\u00edst v r. 1959\" onclick=\"showHtmlDiv();document.getElementById('obrnahore').src='http:\/\/www.obecjenikov.cz\/wp-content\/uploads\/2023\/05\/4stul-9.png'; return false;\" style=\"position: absolute; left: 26.53%; top: 58.03%; width: 6.01%; height: 37.46%; z-index: 2;\"><\/a>\n\n<a href=\"\" title=\"Pohled do stejn\u00fdch m\u00edst dnes.\" onclick=\"showHtmlDiv();document.getElementById('obrnahore').src='http:\/\/www.obecjenikov.cz\/wp-content\/uploads\/2023\/05\/4stul-10.png'; return false;\" style=\"position: absolute; left: 34.66%; top: 6.29%; width: 8.12%; height: 25.77%; z-index: 2;\"><\/a>\n\n<a href=\"\" title=\"A je\u0161t\u011b jeden zimn\u00ed pohled z balkonu u Pe\u0161av\u016f na doln\u00ed n\u00e1ves. Zcela vlevo \u010d.p. 112. D\u00e1le pak 77, 54, 85, 49 a \u0161t\u00edt zcela vpravo pat\u0159\u00ed domu \u010d.p. 79\" onclick=\"showHtmlDiv();document.getElementById('obrnahore').src='http:\/\/www.obecjenikov.cz\/wp-content\/uploads\/2023\/05\/4stul-11.png'; return false;\" style=\"position: absolute; left: 44.82%; top: 3.83%; width: 6.14%; height: 21.6%; z-index: 2;\"><\/a>\n\n<a href=\"\" title=\"Zimn\u00ed pohled p\u0159es doln\u00ed n\u00e1ves. \u010c.p. 77 vpravo u\u017e po p\u0159estavb\u011b\" onclick=\"showHtmlDiv();document.getElementById('obrnahore').src='http:\/\/www.obecjenikov.cz\/wp-content\/uploads\/2023\/05\/4stul-12.png'; return false;\" style=\"position: absolute; left: 44.4%; top: 32.4%; width: 6.54%; height: 24.27%; z-index: 2;\"><\/a>\n\n<a href=\"\" title=\"Pohled p\u0159es n\u00e1ves k \u010d.p. 77 dnes.\" onclick=\"showHtmlDiv();document.getElementById('obrnahore').src='http:\/\/www.obecjenikov.cz\/wp-content\/uploads\/2023\/05\/4stul-13.png'; return false;\" style=\"position: absolute; left: 43.67%; top: 67.19%; width: 7.77%; height: 27.68%; z-index: 2;\"><\/a>\n\n<a href=\"\" title=\"Pohled na Jen\u00edkov z Bart\u016f\u0148kovi hrobky, r. 1974.\" onclick=\"showHtmlDiv();document.getElementById('obrnahore').src='http:\/\/www.obecjenikov.cz\/wp-content\/uploads\/2023\/05\/4stul-14.png'; return false;\" style=\"position: absolute; left: 54.04%; top: 14.22%; width: 6.96%; height: 25.36%; z-index: 2;\"><\/a>\n\n<a href=\"\" title=\"Pohled na Jen\u00edkov z Bart\u016f\u0148kovy Hrobky 2022.\" onclick=\"showHtmlDiv();document.getElementById('obrnahore').src='http:\/\/www.obecjenikov.cz\/wp-content\/uploads\/2023\/05\/4stul-15.png'; return false;\" style=\"position: absolute; left: 53.65%; top: 48.8%; width: 8.29%; height: 28.23%; z-index: 2;\"><\/a>\n\n<a href=\"\" title=\"Pohled ze dvora \u010d.p. 77 na doln\u00ed jen\u00edkovskou n\u00e1ves.\" onclick=\"showHtmlDiv();document.getElementById('obrnahore').src='http:\/\/www.obecjenikov.cz\/wp-content\/uploads\/2023\/05\/4stul-16.png'; return false;\" style=\"position: absolute; left: 64.25%; top: 11.89%; width: 8.66%; height: 26.79%; z-index: 2;\"><\/a>\n\n<a href=\"\" title=\"A pohled do stejn\u00fdch m\u00edst z balkonu \u010d.p. 77 dnes.\" onclick=\"showHtmlDiv();document.getElementById('obrnahore').src='http:\/\/www.obecjenikov.cz\/wp-content\/uploads\/2023\/05\/4stul-17.png'; return false;\" style=\"position: absolute; left: 63.52%; top: 49.69%; width: 9.05%; height: 26.11%; z-index: 2;\"><\/a>\n\n<a href=\"\" title=\"P\u0159edjarn\u00ed pohled ze stejn\u00e9ho m\u00edsta v\u00edce doprava. \u010c.p. 85,49, 79 a \u00fapln\u011b v pravo \u010d.p. 26\" onclick=\"showHtmlDiv();document.getElementById('obrnahore').src='http:\/\/www.obecjenikov.cz\/wp-content\/uploads\/2023\/05\/4stul-18.png'; return false;\" style=\"position: absolute; left: 75.05%; top: 14.29%; width: 7.47%; height: 28.3%; z-index: 2;\"><\/a>\n\n<a href=\"\" title=\"\" onclick=\"showHtmlDiv();document.getElementById('obrnahore').src='http:\/\/www.obecjenikov.cz\/wp-content\/uploads\/2023\/05\/4stul-19.png'; return false;\" style=\"position: absolute; left: 74.72%; top: 52.56%; width: 8.38%; height: 27.75%; z-index: 2;\"><\/a>\n\n<a href=\"\" title=\"Zimn\u00ed pohled p\u0159es \u00b4palouk\u00b4 na doln\u00ed Jen\u00edkov. Nejvy\u0161\u0161\u00ed \u0161t\u00edt v pozad\u00ed pat\u0159\u00ed domu \u010d.p. 120\" onclick=\"showHtmlDiv();document.getElementById('obrnahore').src='http:\/\/www.obecjenikov.cz\/wp-content\/uploads\/2023\/05\/4stul-20.png'; return false;\" style=\"position: absolute; left: 85.17%; top: 5.33%; width: 6.13%; height: 22.97%; z-index: 2;\"><\/a>\n\n<a href=\"\" title=\"Dal\u0161\u00ed pohled na p\u0159edja\u0159\u00ed na doln\u00edm Jen\u00edkov\u011b. Dnes v m\u00edstech kde na fotografii le\u017e\u00ed sn\u00edh stoj\u00ed d\u016fm \u010d.p. 134\" onclick=\"showHtmlDiv();document.getElementById('obrnahore').src='http:\/\/www.obecjenikov.cz\/wp-content\/uploads\/2023\/05\/4stul-21.png'; return false;\" style=\"position: absolute; left: 85.2%; top: 33.08%; width: 6.44%; height: 24.47%; z-index: 2;\"><\/a>\n\n<a href=\"\" title=\"\" onclick=\"showHtmlDiv();document.getElementById('obrnahore').src='http:\/\/www.obecjenikov.cz\/wp-content\/uploads\/2023\/05\/4stul-22.png'; return false;\" style=\"position: absolute; left: 84.56%; top: 66.44%; width: 6.98%; height: 24.95%; z-index: 2;\"><\/a>\n\n<a href=\"\" title=\"Pohled na Jen\u00edkov z Bart\u016f\u0148kovi hrobky, r. 1974.\" onclick=\"showHtmlDiv();document.getElementById('obrnahore').src='http:\/\/www.obecjenikov.cz\/wp-content\/uploads\/2023\/05\/4stul-23.png'; return false;\" style=\"position: absolute; left: 92.49%; top: 18.8%; width: 6.77%; height: 23.03%; z-index: 2;\"><\/a>\n\n<a href=\"\" title=\"Pohled na Jen\u00edkov cestou na Bart\u016f\u0148kovy Hrobky 2022.\" onclick=\"showHtmlDiv();document.getElementById('obrnahore').src='http:\/\/www.obecjenikov.cz\/wp-content\/uploads\/2023\/05\/4stul-24.png'; return false;\" style=\"position: absolute; left: 92.68%; top: 50.92%; width: 6.99%; height: 25.43%; z-index: 2;\"><\/a>\n\n<\/div>\n\n\n\n<h2 class=\"wp-block-heading\">Kultura v obci<\/h2>\n\n\n\n<div style=\"position: relative;\">\n  <img decoding=\"async\" src=\"http:\/\/www.obecjenikov.cz\/wp-content\/uploads\/2023\/04\/19panel.png\" style=\"width: 100%; height: auto;\">\n\n<a href=\"\" title=\"D\u011btsk\u00fd karneval a pan Zav\u0159el jako Krakono\u0161 odm\u011b\u0148uje nejpoveden\u011bj\u0161\u00ed masky.\" onclick=\"showHtmlDiv();document.getElementById('obrnahore').src='http:\/\/www.obecjenikov.cz\/wp-content\/uploads\/2023\/04\/19panel-1.png'; return false;\" style=\"position: absolute; left: 7.79%; top: 5.83%; width: 15.51%; height: 22.27%; z-index: 2;\"><\/a>\n\n<a href=\"\" title=\"D\u011btsk\u00fd karneval, pan Zav\u0159el jako Krakono\u0161 a obsluha.\" onclick=\"showHtmlDiv();document.getElementById('obrnahore').src='http:\/\/www.obecjenikov.cz\/wp-content\/uploads\/2023\/04\/19panel-2.png'; return false;\" style=\"position: absolute; left: 6.82%; top: 40.78%; width: 20.82%; height: 14.38%; z-index: 2;\"><\/a>\n\n<a href=\"\" title=\"Pan Zav\u0159el s man\u017eelkou.\" onclick=\"showHtmlDiv();document.getElementById('obrnahore').src='http:\/\/www.obecjenikov.cz\/wp-content\/uploads\/2023\/04\/19panel-3.png'; return false;\" style=\"position: absolute; left: 3.75%; top: 57.74%; width: 12.13%; height: 16.67%; z-index: 2;\"><\/a>\n\n<a href=\"\" title=\"Jeden z prvn\u00edch d\u011btsk\u00fdch karneval\u016f.\" onclick=\"showHtmlDiv();document.getElementById('obrnahore').src='http:\/\/www.obecjenikov.cz\/wp-content\/uploads\/2023\/04\/19panel-4.png'; return false;\" style=\"position: absolute; left: 9.81%; top: 82.01%; width: 19.03%; height: 13.27%; z-index: 2;\"><\/a>\n\n<a href=\"\" title=\"Pan Zav\u0159el, v\u017edy v dobr\u00e9 n\u00e1lad\u011b, uprost\u0159ed.\" onclick=\"showHtmlDiv();document.getElementById('obrnahore').src='http:\/\/www.obecjenikov.cz\/wp-content\/uploads\/2023\/04\/19panel-5.png'; return false;\" style=\"position: absolute; left: 30.71%; top: 2.14%; width: 17%; height: 13.27%; z-index: 2;\"><\/a>\n\n<a href=\"\" title=\"\" onclick=\"showHtmlDiv();document.getElementById('obrnahore').src='http:\/\/www.obecjenikov.cz\/wp-content\/uploads\/2023\/04\/19panel-6.png'; return false;\" style=\"position: absolute; left: 30.56%; top: 22.71%; width: 17.9%; height: 13.42%; z-index: 2;\"><\/a>\n\n<a href=\"\" title=\"\" onclick=\"showHtmlDiv();document.getElementById('obrnahore').src='http:\/\/www.obecjenikov.cz\/wp-content\/uploads\/2023\/04\/19panel-7.png'; return false;\" style=\"position: absolute; left: 39.48%; top: 44.69%; width: 18.5%; height: 14.23%; z-index: 2;\"><\/a>\n\n<a href=\"\" title=\"V pozad\u00ed p. Zav\u0159el vyb\u00edr\u00e1 nejhez\u010d\u00ed masku, kterou posl\u00e9ze jako Krakono\u0161 odm\u011bn\u00ed.\" onclick=\"showHtmlDiv();document.getElementById('obrnahore').src='http:\/\/www.obecjenikov.cz\/wp-content\/uploads\/2023\/04\/19panel-8.png'; return false;\" style=\"position: absolute; left: 19.63%; top: 63.79%; width: 19.63%; height: 13.27%; z-index: 2;\"><\/a>\n\n<a href=\"\" title=\"\" onclick=\"showHtmlDiv();document.getElementById('obrnahore').src='http:\/\/www.obecjenikov.cz\/wp-content\/uploads\/2023\/04\/19panel-9.png'; return false;\" style=\"position: absolute; left: 57%; top: 10.62%; width: 22.25%; height: 17.04%; z-index: 2;\"><\/a>\n\n<a href=\"\" title=\"Duchovn\u00ed doklad.\" onclick=\"showHtmlDiv();document.getElementById('obrnahore').src='http:\/\/www.obecjenikov.cz\/wp-content\/uploads\/2023\/04\/19panel-10.png'; return false;\" style=\"position: absolute; left: 56.1%; top: 74.48%; width: 12.58%; height: 15.78%; z-index: 2;\"><\/a>\n\n<a href=\"\" title=\"Ing.Bohuslav Vodi\u010dka.\" onclick=\"showHtmlDiv();document.getElementById('obrnahore').src='http:\/\/www.obecjenikov.cz\/wp-content\/uploads\/2023\/04\/19panel-11.png'; return false;\" style=\"position: absolute; left: 82.7%; top: 7.3%; width: 15.88%; height: 20.43%; z-index: 2;\"><\/a>\n\n<a href=\"\" title=\"Setk\u00e1n\u00ed se \u00fa\u010dastnil tak\u00e9 m\u00edstn\u00ed rod\u00e1k \u017eij\u00edc\u00ed v USA p. Vodi\u010dka s pan\u00ed.\" onclick=\"showHtmlDiv();document.getElementById('obrnahore').src='http:\/\/www.obecjenikov.cz\/wp-content\/uploads\/2023\/04\/19panel-12.png'; return false;\" style=\"position: absolute; left: 70.86%; top: 34.29%; width: 22.1%; height: 16.89%; z-index: 2;\"><\/a>\n\n<a href=\"\" title=\"\" onclick=\"showHtmlDiv();document.getElementById('obrnahore').src='http:\/\/www.obecjenikov.cz\/wp-content\/uploads\/2023\/04\/19panel-13.png'; return false;\" style=\"position: absolute; left: 67.12%; top: 57.96%; width: 19.18%; height: 5.38%; z-index: 2;\"><\/a>\n\n<a href=\"\" title=\"\" onclick=\"showHtmlDiv();document.getElementById('obrnahore').src='http:\/\/www.obecjenikov.cz\/wp-content\/uploads\/2023\/04\/19panel-14.png'; return false;\" style=\"position: absolute; left: 72.81%; top: 62.98%; width: 21.65%; height: 14.45%; z-index: 2;\"><\/a>\n\n<a href=\"\" title=\"\" onclick=\"showHtmlDiv();document.getElementById('obrnahore').src='http:\/\/www.obecjenikov.cz\/wp-content\/uploads\/2023\/04\/19panel-15.png'; return false;\" style=\"position: absolute; left: 79.48%; top: 79.79%; width: 14.98%; height: 16.89%; z-index: 2;\"><\/a>\n\n<\/div>\n\n\n\n<figure class=\"wp-block-image size-large\"><img loading=\"lazy\" decoding=\"async\" width=\"727\" height=\"1024\" data-attachment-id=\"6887\" data-permalink=\"https:\/\/www.obecjenikov.cz\/?attachment_id=6887\" data-orig-file=\"https:\/\/www.obecjenikov.cz\/wp-content\/uploads\/2023\/04\/kytice.png\" data-orig-size=\"1909,2689\" data-comments-opened=\"0\" data-image-meta=\"{&quot;aperture&quot;:&quot;0&quot;,&quot;credit&quot;:&quot;&quot;,&quot;camera&quot;:&quot;&quot;,&quot;caption&quot;:&quot;&quot;,&quot;created_timestamp&quot;:&quot;0&quot;,&quot;copyright&quot;:&quot;&quot;,&quot;focal_length&quot;:&quot;0&quot;,&quot;iso&quot;:&quot;0&quot;,&quot;shutter_speed&quot;:&quot;0&quot;,&quot;title&quot;:&quot;&quot;,&quot;orientation&quot;:&quot;0&quot;}\" data-image-title=\"kytice\" data-image-description=\"\" data-image-caption=\"\" data-medium-file=\"https:\/\/www.obecjenikov.cz\/wp-content\/uploads\/2023\/04\/kytice-106x150.png\" data-large-file=\"https:\/\/www.obecjenikov.cz\/wp-content\/uploads\/2023\/04\/kytice-727x1024.png\" src=\"http:\/\/www.obec-jenikov.cz\/wp-content\/uploads\/2023\/04\/kytice-727x1024.png\" alt=\"\" class=\"wp-image-6887\" srcset=\"https:\/\/www.obecjenikov.cz\/wp-content\/uploads\/2023\/04\/kytice-727x1024.png 727w, https:\/\/www.obecjenikov.cz\/wp-content\/uploads\/2023\/04\/kytice-106x150.png 106w, https:\/\/www.obecjenikov.cz\/wp-content\/uploads\/2023\/04\/kytice-768x1082.png 768w, https:\/\/www.obecjenikov.cz\/wp-content\/uploads\/2023\/04\/kytice-1090x1536.png 1090w, https:\/\/www.obecjenikov.cz\/wp-content\/uploads\/2023\/04\/kytice-1454x2048.png 1454w, https:\/\/www.obecjenikov.cz\/wp-content\/uploads\/2023\/04\/kytice-640x901.png 640w, https:\/\/www.obecjenikov.cz\/wp-content\/uploads\/2023\/04\/kytice.png 1909w\" sizes=\"auto, (max-width: 727px) 100vw, 727px\" \/><\/figure>\n\n\n\n<div style=\"position: relative;\">\n  <img decoding=\"async\" src=\"http:\/\/www.obecjenikov.cz\/wp-content\/uploads\/2023\/04\/22panel.png\" style=\"width: 100%; height: auto;\">\n\n<a href=\"\" title=\"Doln\u00ed n\u00e1ves od \u010d.p. 55 sm\u011brem k \u010d.p. 112 a vlevo p\u0159estavba \u010d.p. 97.\" onclick=\"showHtmlDiv();document.getElementById('obrnahore').src='http:\/\/www.obecjenikov.cz\/wp-content\/uploads\/2023\/04\/22panel-1.png'; return false;\" style=\"position: absolute; left: 4.81%; top: 3.68%; width: 21.62%; height: 14.08%; z-index: 2;\"><\/a>\n\n<a href=\"\" title=\"Na doln\u00edm Jen\u00edkov\u011b u Ad\u00e1mk\u016f, kolem roku 1970\" onclick=\"showHtmlDiv();document.getElementById('obrnahore').src='http:\/\/www.obecjenikov.cz\/wp-content\/uploads\/2023\/04\/22panel-2.png'; return false;\" style=\"position: absolute; left: 4.23%; top: 20.98%; width: 13.39%; height: 19.4%; z-index: 2;\"><\/a>\n\n<a href=\"\" title=\"Masopustn\u00ed ma\u0161kara 1977\" onclick=\"showHtmlDiv();document.getElementById('obrnahore').src='http:\/\/www.obecjenikov.cz\/wp-content\/uploads\/2023\/04\/22panel-3.png'; return false;\" style=\"position: absolute; left: 3.15%; top: 43.61%; width: 12.01%; height: 16.69%; z-index: 2;\"><\/a>\n\n<a href=\"\" title=\"Na doln\u00edm Jen\u00edkov\u011b, p\u0159ed \u010d.p. 77.\" onclick=\"showHtmlDiv();document.getElementById('obrnahore').src='http:\/\/www.obecjenikov.cz\/wp-content\/uploads\/2023\/04\/22panel-4.png'; return false;\" style=\"position: absolute; left: 2.52%; top: 62.84%; width: 20.02%; height: 13.35%; z-index: 2;\"><\/a>\n\n<a href=\"\" title=\"Ma\u0161kary na dvo\u0159e \u010d.p. 23.\" onclick=\"showHtmlDiv();document.getElementById('obrnahore').src='http:\/\/www.obecjenikov.cz\/wp-content\/uploads\/2023\/04\/22panel-5.png'; return false;\" style=\"position: absolute; left: 2.12%; top: 78.62%; width: 19.28%; height: 13.97%; z-index: 2;\"><\/a>\n\n<a href=\"\" title=\"Pohled z doln\u00edho Jen\u00edkova sm\u011brem k silnici na Kameni\u010dky. V pozad\u00ed \u010d.p. 96, b\u00fdval\u00e1 kov\u00e1rna a v levo \u010d.p. 106, kolem roku 1970\" onclick=\"showHtmlDiv();document.getElementById('obrnahore').src='http:\/\/www.obecjenikov.cz\/wp-content\/uploads\/2023\/04\/22panel-6.png'; return false;\" style=\"position: absolute; left: 30.32%; top: 4.75%; width: 19.79%; height: 14.48%; z-index: 2;\"><\/a>\n\n<a href=\"\" title=\"Ma\u0161kara u autobusov\u00e9 zast\u00e1vky, kolem roku 1973\" onclick=\"showHtmlDiv();document.getElementById('obrnahore').src='http:\/\/www.obecjenikov.cz\/wp-content\/uploads\/2023\/04\/22panel-7.png'; return false;\" style=\"position: absolute; left: 21.74%; top: 22.96%; width: 14.93%; height: 21.32%; z-index: 2;\"><\/a>\n\n<a href=\"\" title=\"\" onclick=\"showHtmlDiv();document.getElementById('obrnahore').src='http:\/\/www.obecjenikov.cz\/wp-content\/uploads\/2023\/04\/22panel-8.png'; return false;\" style=\"position: absolute; left: 18.14%; top: 46.72%; width: 15.5%; height: 12.05%; z-index: 2;\"><\/a>\n\n<a href=\"\" title=\"Ma\u0161karn\u00ed obch\u016fzka, p\u00e1n s pan\u00ed. Za nimi \u010d.p. 10. Kolem roku 1985\" onclick=\"showHtmlDiv();document.getElementById('obrnahore').src='http:\/\/www.obecjenikov.cz\/wp-content\/uploads\/2023\/04\/22panel-9.png'; return false;\" style=\"position: absolute; left: 26.6%; top: 63.63%; width: 14.13%; height: 20.76%; z-index: 2;\"><\/a>\n\n<a href=\"\" title=\"\" onclick=\"showHtmlDiv();document.getElementById('obrnahore').src='http:\/\/www.obecjenikov.cz\/wp-content\/uploads\/2023\/04\/22panel-10.png'; return false;\" style=\"position: absolute; left: 54.12%; top: 6.05%; width: 18.08%; height: 14.14%; z-index: 2;\"><\/a>\n\n<a href=\"\" title=\"V ulici u Pe\u0161k\u016f , rok 1971\" onclick=\"showHtmlDiv();document.getElementById('obrnahore').src='http:\/\/www.obecjenikov.cz\/wp-content\/uploads\/2023\/04\/22panel-11.png'; return false;\" style=\"position: absolute; left: 39.24%; top: 23.59%; width: 14.47%; height: 21.27%; z-index: 2;\"><\/a>\n\n<a href=\"\" title=\"\" onclick=\"showHtmlDiv();document.getElementById('obrnahore').src='http:\/\/www.obecjenikov.cz\/wp-content\/uploads\/2023\/04\/22panel-12.png'; return false;\" style=\"position: absolute; left: 37.13%; top: 46.89%; width: 18.02%; height: 13.8%; z-index: 2;\"><\/a>\n\n<a href=\"\" title=\"Turci na dvo\u0159e \u010d.p. 8\" onclick=\"showHtmlDiv();document.getElementById('obrnahore').src='http:\/\/www.obecjenikov.cz\/wp-content\/uploads\/2023\/04\/22panel-13.png'; return false;\" style=\"position: absolute; left: 45.65%; top: 75.06%; width: 15.62%; height: 10.97%; z-index: 2;\"><\/a>\n\n<a href=\"\" title=\"Komin\u00edk na dvo\u0159e \u010d.p. 8\" onclick=\"showHtmlDiv();document.getElementById('obrnahore').src='http:\/\/www.obecjenikov.cz\/wp-content\/uploads\/2023\/04\/22panel-14.png'; return false;\" style=\"position: absolute; left: 45.48%; top: 85.63%; width: 15.05%; height: 10.58%; z-index: 2;\"><\/a>\n\n<a href=\"\" title=\"Ma\u0161kara v roce 1971, p\u0159ed \u010d.p. 115\" onclick=\"showHtmlDiv();document.getElementById('obrnahore').src='http:\/\/www.obecjenikov.cz\/wp-content\/uploads\/2023\/04\/22panel-15.png'; return false;\" style=\"position: absolute; left: 77.12%; top: 6.73%; width: 20.14%; height: 14.99%; z-index: 2;\"><\/a>\n\n<a href=\"\" title=\"Masopust 1984\" onclick=\"showHtmlDiv();document.getElementById('obrnahore').src='http:\/\/www.obecjenikov.cz\/wp-content\/uploads\/2023\/04\/22panel-16.png'; return false;\" style=\"position: absolute; left: 57.84%; top: 24.72%; width: 15.33%; height: 10.41%; z-index: 2;\"><\/a>\n\n<a href=\"\" title=\"Masopust 1984\" onclick=\"showHtmlDiv();document.getElementById('obrnahore').src='http:\/\/www.obecjenikov.cz\/wp-content\/uploads\/2023\/04\/22panel-17.png'; return false;\" style=\"position: absolute; left: 57.78%; top: 34.73%; width: 15.16%; height: 10.8%; z-index: 2;\"><\/a>\n\n<a href=\"\" title=\"Ma\u0161kary u \u010d.p. 29.\" onclick=\"showHtmlDiv();document.getElementById('obrnahore').src='http:\/\/www.obecjenikov.cz\/wp-content\/uploads\/2023\/04\/22panel-18.png'; return false;\" style=\"position: absolute; left: 57.38%; top: 47.29%; width: 18.36%; height: 14.48%; z-index: 2;\"><\/a>\n\n<a href=\"\" title=\"\" onclick=\"showHtmlDiv();document.getElementById('obrnahore').src='http:\/\/www.obecjenikov.cz\/wp-content\/uploads\/2023\/04\/22panel-19.png'; return false;\" style=\"position: absolute; left: 66.3%; top: 64.76%; width: 13.73%; height: 20.93%; z-index: 2;\"><\/a>\n\n<a href=\"\" title=\"Laufr, n\u011bkolik dn\u00ed p\u0159ed masopustem, pro\u0161el v doprovodu kobylek vesnic\u00ed s pozv\u00e1n\u00edm na ma\u0161karu.\" onclick=\"showHtmlDiv();document.getElementById('obrnahore').src='http:\/\/www.obecjenikov.cz\/wp-content\/uploads\/2023\/04\/22panel-20.png'; return false;\" style=\"position: absolute; left: 77.46%; top: 28.73%; width: 18.54%; height: 13.97%; z-index: 2;\"><\/a>\n\n<a href=\"\" title=\"Jen\u00edkov\u0161t\u00ed muzikanti p\u0159i masopustn\u00ed obch\u016fzce, roku ???\" onclick=\"showHtmlDiv();document.getElementById('obrnahore').src='http:\/\/www.obecjenikov.cz\/wp-content\/uploads\/2023\/04\/22panel-21.png'; return false;\" style=\"position: absolute; left: 79.06%; top: 49.21%; width: 16.65%; height: 12.84%; z-index: 2;\"><\/a>\n\n<a href=\"\" title=\"Masopust 1992\" onclick=\"showHtmlDiv();document.getElementById('obrnahore').src='http:\/\/www.obecjenikov.cz\/wp-content\/uploads\/2023\/04\/22panel-22.png'; return false;\" style=\"position: absolute; left: 81.41%; top: 78.34%; width: 12.19%; height: 17.48%; z-index: 2;\"><\/a>\n\n<\/div>\n\n\n\n<div style=\"position: relative;\">\n  <img decoding=\"async\" src=\"http:\/\/www.obecjenikov.cz\/wp-content\/uploads\/2023\/04\/23panel.png\" style=\"width: 100%; height: auto;\">\n\n<a href=\"\" title=\"\" onclick=\"showHtmlDiv();document.getElementById('obrnahore').src='http:\/\/www.obecjenikov.cz\/wp-content\/uploads\/2023\/04\/23panel-1.png'; return false;\" style=\"position: absolute; left: 5.95%; top: 1.85%; width: 20.08%; height: 15.03%; z-index: 2;\"><\/a>\n\n<a href=\"\" title=\"\" onclick=\"showHtmlDiv();document.getElementById('obrnahore').src='http:\/\/www.obecjenikov.cz\/wp-content\/uploads\/2023\/04\/23panel-2.png'; return false;\" style=\"position: absolute; left: 7.06%; top: 22.12%; width: 23%; height: 16.88%; z-index: 2;\"><\/a>\n\n<a href=\"\" title=\"\" onclick=\"showHtmlDiv();document.getElementById('obrnahore').src='http:\/\/www.obecjenikov.cz\/wp-content\/uploads\/2023\/04\/23panel-3.png'; return false;\" style=\"position: absolute; left: 4.85%; top: 43.05%; width: 18.68%; height: 13.3%; z-index: 2;\"><\/a>\n\n<a href=\"\" title=\"Motokros na doln\u00edm Jen\u00edkov\u011b u sala\u0161e, rok 1981\" onclick=\"showHtmlDiv();document.getElementById('obrnahore').src='http:\/\/www.obecjenikov.cz\/wp-content\/uploads\/2023\/04\/23panel-4.png'; return false;\" style=\"position: absolute; left: 3.44%; top: 61.6%; width: 20.37%; height: 15.27%; z-index: 2;\"><\/a>\n\n<a href=\"\" title=\"\" onclick=\"showHtmlDiv();document.getElementById('obrnahore').src='http:\/\/www.obecjenikov.cz\/wp-content\/uploads\/2023\/04\/23panel-5.png'; return false;\" style=\"position: absolute; left: 2.04%; top: 79.01%; width: 20.96%; height: 15.92%; z-index: 2;\"><\/a>\n\n<a href=\"\" title=\"\" onclick=\"showHtmlDiv();document.getElementById('obrnahore').src='http:\/\/www.obecjenikov.cz\/wp-content\/uploads\/2023\/04\/23panel-6.png'; return false;\" style=\"position: absolute; left: 31.06%; top: 3.88%; width: 17.92%; height: 13.66%; z-index: 2;\"><\/a>\n\n<a href=\"\" title=\"Motokrosov\u00e9 kl\u00e1n\u00ed, start v ulici u \u010d.p. 53, kolem r. 1970\" onclick=\"showHtmlDiv();document.getElementById('obrnahore').src='http:\/\/www.obecjenikov.cz\/wp-content\/uploads\/2023\/04\/23panel-7.png'; return false;\" style=\"position: absolute; left: 40.28%; top: 24.63%; width: 20.32%; height: 16.28%; z-index: 2;\"><\/a>\n\n<a href=\"\" title=\"\" onclick=\"showHtmlDiv();document.getElementById('obrnahore').src='http:\/\/www.obecjenikov.cz\/wp-content\/uploads\/2023\/04\/23panel-8.png'; return false;\" style=\"position: absolute; left: 32.05%; top: 48.84%; width: 16.93%; height: 12.82%; z-index: 2;\"><\/a>\n\n<a href=\"\" title=\"Motokros u sala\u0161e, 1981\" onclick=\"showHtmlDiv();document.getElementById('obrnahore').src='http:\/\/www.obecjenikov.cz\/wp-content\/uploads\/2023\/04\/23panel-9.png'; return false;\" style=\"position: absolute; left: 29.71%; top: 67.74%; width: 14.07%; height: 20.99%; z-index: 2;\"><\/a>\n\n<a href=\"\" title=\"\" onclick=\"showHtmlDiv();document.getElementById('obrnahore').src='http:\/\/www.obecjenikov.cz\/wp-content\/uploads\/2023\/04\/23panel-10.png'; return false;\" style=\"position: absolute; left: 54.87%; top: 5.72%; width: 18.1%; height: 13.66%; z-index: 2;\"><\/a>\n\n<a href=\"\" title=\"\" onclick=\"showHtmlDiv();document.getElementById('obrnahore').src='http:\/\/www.obecjenikov.cz\/wp-content\/uploads\/2023\/04\/23panel-11.png'; return false;\" style=\"position: absolute; left: 54.82%; top: 46.87%; width: 17.63%; height: 13.66%; z-index: 2;\"><\/a>\n\n<a href=\"\" title=\"\" onclick=\"showHtmlDiv();document.getElementById('obrnahore').src='http:\/\/www.obecjenikov.cz\/wp-content\/uploads\/2023\/04\/23panel-12.png'; return false;\" style=\"position: absolute; left: 50.03%; top: 67.74%; width: 17.05%; height: 12.34%; z-index: 2;\"><\/a>\n\n<a href=\"\" title=\"\" onclick=\"showHtmlDiv();document.getElementById('obrnahore').src='http:\/\/www.obecjenikov.cz\/wp-content\/uploads\/2023\/04\/23panel-13.png'; return false;\" style=\"position: absolute; left: 48.63%; top: 84.97%; width: 17.63%; height: 12.76%; z-index: 2;\"><\/a>\n\n<a href=\"\" title=\"\" onclick=\"showHtmlDiv();document.getElementById('obrnahore').src='http:\/\/www.obecjenikov.cz\/wp-content\/uploads\/2023\/04\/23panel-14.png'; return false;\" style=\"position: absolute; left: 78.63%; top: 7.27%; width: 17.34%; height: 13.83%; z-index: 2;\"><\/a>\n\n<a href=\"\" title=\"\" onclick=\"showHtmlDiv();document.getElementById('obrnahore').src='http:\/\/www.obecjenikov.cz\/wp-content\/uploads\/2023\/04\/23panel-15.png'; return false;\" style=\"position: absolute; left: 71.1%; top: 26.24%; width: 22.48%; height: 16.88%; z-index: 2;\"><\/a>\n\n<a href=\"\" title=\"\" onclick=\"showHtmlDiv();document.getElementById('obrnahore').src='http:\/\/www.obecjenikov.cz\/wp-content\/uploads\/2023\/04\/23panel-16.png'; return false;\" style=\"position: absolute; left: 77.88%; top: 53.97%; width: 16.81%; height: 12.76%; z-index: 2;\"><\/a>\n\n<a href=\"\" title=\"\" onclick=\"showHtmlDiv();document.getElementById('obrnahore').src='http:\/\/www.obecjenikov.cz\/wp-content\/uploads\/2023\/04\/23panel-17.png'; return false;\" style=\"position: absolute; left: 72.04%; top: 75.67%; width: 21.6%; height: 16.7%; z-index: 2;\"><\/a>\n\n<\/div>\n\n\n\n<div style=\"position: relative;\">\n  <img decoding=\"async\" src=\"http:\/\/www.obecjenikov.cz\/wp-content\/uploads\/2023\/04\/24panel.png\" style=\"width: 100%; height: auto;\">\n\n<a href=\"\" title=\"Dobr\u00e1 n\u00e1lada na v\u00fdro\u010dn\u00ed sch\u016fzi \u010dlen\u016f JZD.\" onclick=\"showHtmlDiv();document.getElementById('obrnahore').src='http:\/\/www.obecjenikov.cz\/wp-content\/uploads\/2023\/04\/24panel-1.png'; return false;\" style=\"position: absolute; left: 8.8%; top: 7.85%; width: 24.25%; height: 15.49%; z-index: 2;\"><\/a>\n\n<a href=\"\" title=\"M\u00edstn\u00ed obyvatel\u00e9 se tak\u00e9 v\u011bnovali a st\u00e1le v\u011bnuj\u00ed chovu v\u010del.\" onclick=\"showHtmlDiv();document.getElementById('obrnahore').src='http:\/\/www.obecjenikov.cz\/wp-content\/uploads\/2023\/04\/24panel-2.png'; return false;\" style=\"position: absolute; left: 6.44%; top: 33.85%; width: 25.33%; height: 16.46%; z-index: 2;\"><\/a>\n\n<a href=\"\" title=\"\" onclick=\"showHtmlDiv();document.getElementById('obrnahore').src='http:\/\/www.obecjenikov.cz\/wp-content\/uploads\/2023\/04\/24panel-3.png'; return false;\" style=\"position: absolute; left: 2.24%; top: 69.51%; width: 25.17%; height: 28.06%; z-index: 2;\"><\/a>\n\n<a href=\"\" title=\"\" onclick=\"showHtmlDiv();document.getElementById('obrnahore').src='http:\/\/www.obecjenikov.cz\/wp-content\/uploads\/2023\/04\/24panel-4.png'; return false;\" style=\"position: absolute; left: 38.91%; top: 4.27%; width: 22.72%; height: 15.14%; z-index: 2;\"><\/a>\n\n<a href=\"\" title=\"Dran\u00ed pe\u0159\u00ed, zam\u011bstn\u00e1n\u00ed na podzimn\u00ed a zimn\u00ed ve\u010dery a tak\u00e9 p\u0159\u00edle\u017eitost k setk\u00e1v\u00e1n\u00ed.\" onclick=\"showHtmlDiv();document.getElementById('obrnahore').src='http:\/\/www.obecjenikov.cz\/wp-content\/uploads\/2023\/04\/24panel-5.png'; return false;\" style=\"position: absolute; left: 37.75%; top: 38.61%; width: 21.01%; height: 13.02%; z-index: 2;\"><\/a>\n\n<a href=\"\" title=\"V\u00fdlov rybn\u00edka Barto\u0161, \u0159\u00edjen 2008,\" onclick=\"showHtmlDiv();document.getElementById('obrnahore').src='http:\/\/www.obecjenikov.cz\/wp-content\/uploads\/2023\/04\/24panel-6.png'; return false;\" style=\"position: absolute; left: 34.34%; top: 62.43%; width: 24.13%; height: 13.47%; z-index: 2;\"><\/a>\n\n<a href=\"\" title=\"Se\u010den\u00ed tr\u00e1vy u \u010d.p. 77, r. 1974.\" onclick=\"showHtmlDiv();document.getElementById('obrnahore').src='http:\/\/www.obecjenikov.cz\/wp-content\/uploads\/2023\/04\/24panel-7.png'; return false;\" style=\"position: absolute; left: 75.21%; top: 18.61%; width: 23.21%; height: 16.32%; z-index: 2;\"><\/a>\n\n<a href=\"\" title=\"\" onclick=\"showHtmlDiv();document.getElementById('obrnahore').src='http:\/\/www.obecjenikov.cz\/wp-content\/uploads\/2023\/04\/24panel-8.png'; return false;\" style=\"position: absolute; left: 65.78%; top: 42.12%; width: 24.88%; height: 16.28%; z-index: 2;\"><\/a>\n\n<a href=\"\" title=\"V Jen\u00edkov\u011b tak\u00e9 p\u016fsobilo Mysliveck\u00e9 sdru\u017een\u00ed, jeho \u010dleny byli i myslivci z okol\u00ed.\" onclick=\"showHtmlDiv();document.getElementById('obrnahore').src='http:\/\/www.obecjenikov.cz\/wp-content\/uploads\/2023\/04\/24panel-9.png'; return false;\" style=\"position: absolute; left: 70.1%; top: 68.54%; width: 21.84%; height: 13.37%; z-index: 2;\"><\/a>\n\n<\/div>\n\n\n\n<div style=\"position: relative;\">\n  <img decoding=\"async\" src=\"http:\/\/www.obecjenikov.cz\/wp-content\/uploads\/2023\/04\/1stul.png\" style=\"width: 100%; height: auto;\">\n\n<a href=\"\" title=\"Pr\u00e1ce na oprav\u011b silnice na horn\u00edm Jen\u00edkov\u011b, r. 1941\" onclick=\"showHtmlDiv();document.getElementById('obrnahore').src='http:\/\/www.obecjenikov.cz\/wp-content\/uploads\/2023\/04\/1stul-1.png'; return false;\" style=\"position: absolute; left: 3.28%; top: 11.92%; width: 6.85%; height: 15.75%; z-index: 2;\"><\/a>\n\n<a href=\"\" title=\"Pr\u00e1ce na oprav\u011b silnice na horn\u00edm Jen\u00edkov\u011b, r. 1941\" onclick=\"showHtmlDiv();document.getElementById('obrnahore').src='http:\/\/www.obecjenikov.cz\/wp-content\/uploads\/2023\/04\/1stul-2.png'; return false;\" style=\"position: absolute; left: 3.03%; top: 27.48%; width: 7.13%; height: 16.53%; z-index: 2;\"><\/a>\n\n<a href=\"\" title=\"K\u00e1men na opravu silnice Kameni\u010dky \u2013 Blatno se za\u010d\u00e1tkem sv\u011btov\u00e9 v\u00e1lky dob\u00fdval na Vol\u00e1kov\u011b kopci v Kameni\u010dk\u00e1ch\" onclick=\"showHtmlDiv();document.getElementById('obrnahore').src='http:\/\/www.obecjenikov.cz\/wp-content\/uploads\/2023\/04\/1stul-3.png'; return false;\" style=\"position: absolute; left: 1.93%; top: 57.49%; width: 7.71%; height: 19.25%; z-index: 2;\"><\/a>\n\n<a href=\"\" title=\"Babsk\u00fd v\u011bne\u010dek 1959\" onclick=\"showHtmlDiv();document.getElementById('obrnahore').src='http:\/\/www.obecjenikov.cz\/wp-content\/uploads\/2023\/04\/1stul-4.png'; return false;\" style=\"position: absolute; left: 12.05%; top: 6.16%; width: 7.04%; height: 29.81%; z-index: 2;\"><\/a>\n\n<a href=\"\" title=\"Babsk\u00fd v\u011bne\u010dek 1959 pr\u016fvod z doln\u00edho konce. V pop\u0159ed\u00ed d\u016fm \u010d.p. 74 (Hladk\u00fdch) a za n\u00edm d\u016fm \u010d.p. 80 (Ad\u00e1mkovi)\" onclick=\"showHtmlDiv();document.getElementById('obrnahore').src='http:\/\/www.obecjenikov.cz\/wp-content\/uploads\/2023\/04\/1stul-5.png'; return false;\" style=\"position: absolute; left: 11.78%; top: 51.59%; width: 7.45%; height: 30.52%; z-index: 2;\"><\/a>\n\n<a href=\"\" title=\"Babsk\u00fd v\u011bne\u010dek, ve dvo\u0159e \u010d.p. 23, rok 1959\" onclick=\"showHtmlDiv();document.getElementById('obrnahore').src='http:\/\/www.obecjenikov.cz\/wp-content\/uploads\/2023\/04\/1stul-6.png'; return false;\" style=\"position: absolute; left: 24.22%; top: 18.21%; width: 7.37%; height: 19.12%; z-index: 2;\"><\/a>\n\n<a href=\"\" title=\"Babsk\u00fd v\u011bne\u010dek 1959. V pop\u0159ed\u00ed d\u016fm \u010d.p. 17 (Tlust\u00fdch), St\u0159echa domu rodiny Pechovi, dnes \u010d.p. 129 p.Sta\u0148ka, D\u00e1le pak \u010d.p. 21 (Zr\u016fstovi) a jako posledn\u00ed \u010d.p. 69 (Pa\u0159\u00edzkovi)\" onclick=\"showHtmlDiv();document.getElementById('obrnahore').src='http:\/\/www.obecjenikov.cz\/wp-content\/uploads\/2023\/04\/1stul-7.png'; return false;\" style=\"position: absolute; left: 23.94%; top: 47.25%; width: 7.25%; height: 21%; z-index: 2;\"><\/a>\n\n<a href=\"\" title=\"Jedna z posledn\u00edch typick\u00fdch horsk\u00fdch chalup \u010d.p. 92. N\u011bkolik let neobydlen\u00e1, ur\u010den\u00e1 k demolici, kter\u00e1 byla provedena kolem roku 2010\" onclick=\"showHtmlDiv();document.getElementById('obrnahore').src='http:\/\/www.obecjenikov.cz\/wp-content\/uploads\/2023\/04\/1stul-8.png'; return false;\" style=\"position: absolute; left: 35.65%; top: 5.57%; width: 8.32%; height: 17.69%; z-index: 2;\"><\/a>\n\n<a href=\"\" title=\"Dnes ji\u017e neexistuj\u00edc\u00ed \u010d.p. 88 na doln\u00edm Jen\u00edkov\u011b\" onclick=\"showHtmlDiv();document.getElementById('obrnahore').src='http:\/\/www.obecjenikov.cz\/wp-content\/uploads\/2023\/04\/1stul-9.png'; return false;\" style=\"position: absolute; left: 35.87%; top: 33.38%; width: 9.08%; height: 21.19%; z-index: 2;\"><\/a>\n\n<a href=\"\" title=\"\" onclick=\"showHtmlDiv();document.getElementById('obrnahore').src='http:\/\/www.obecjenikov.cz\/wp-content\/uploads\/2023\/04\/1stul-10.png'; return false;\" style=\"position: absolute; left: 36.54%; top: 65.72%; width: 9.14%; height: 23.78%; z-index: 2;\"><\/a>\n\n<a href=\"\" title=\"Odpo\u010dinek na z\u00e1pra\u017e\u00ed, \u010d.p. 14\" onclick=\"showHtmlDiv();document.getElementById('obrnahore').src='http:\/\/www.obecjenikov.cz\/wp-content\/uploads\/2023\/04\/1stul-11.png'; return false;\" style=\"position: absolute; left: 48.73%; top: 11.6%; width: 7.64%; height: 19.44%; z-index: 2;\"><\/a>\n\n<a href=\"\" title=\"Dnes ji\u017e zbouran\u00fd d\u016fm. St\u00e1l na zahrad\u011b \u010d.p. 25\" onclick=\"showHtmlDiv();document.getElementById('obrnahore').src='http:\/\/www.obecjenikov.cz\/wp-content\/uploads\/2023\/04\/1stul-12.png'; return false;\" style=\"position: absolute; left: 49.44%; top: 42.19%; width: 7.35%; height: 38.5%; z-index: 2;\"><\/a>\n\n<a href=\"\" title=\"St\u00edn\u00e1n\u00ed kohouta r. 1960, p\u0159ed hostincem u \u017d\u00e1k\u016f\" onclick=\"showHtmlDiv();document.getElementById('obrnahore').src='http:\/\/www.obecjenikov.cz\/wp-content\/uploads\/2023\/04\/1stul-13.png'; return false;\" style=\"position: absolute; left: 62.38%; top: 7.45%; width: 8.55%; height: 19.18%; z-index: 2;\"><\/a>\n\n<a href=\"\" title=\"\" onclick=\"showHtmlDiv();document.getElementById('obrnahore').src='http:\/\/www.obecjenikov.cz\/wp-content\/uploads\/2023\/04\/1stul-14.png'; return false;\" style=\"position: absolute; left: 63.2%; top: 34.28%; width: 7.26%; height: 21.19%; z-index: 2;\"><\/a>\n\n<a href=\"\" title=\"P\u0159ed hostincem, rok 1970\" onclick=\"showHtmlDiv();document.getElementById('obrnahore').src='http:\/\/www.obecjenikov.cz\/wp-content\/uploads\/2023\/04\/1stul-15.png'; return false;\" style=\"position: absolute; left: 60.72%; top: 64.68%; width: 9.96%; height: 26.25%; z-index: 2;\"><\/a>\n\n<a href=\"\" title=\"K\u00e1cen\u00ed m\u00e1je 1965\" onclick=\"showHtmlDiv();document.getElementById('obrnahore').src='http:\/\/www.obecjenikov.cz\/wp-content\/uploads\/2023\/04\/1stul-16.png'; return false;\" style=\"position: absolute; left: 77.15%; top: 7.52%; width: 7.91%; height: 18.28%; z-index: 2;\"><\/a>\n\n<a href=\"\" title=\"K\u00e1cen\u00ed m\u00e1je\" onclick=\"showHtmlDiv();document.getElementById('obrnahore').src='http:\/\/www.obecjenikov.cz\/wp-content\/uploads\/2023\/04\/1stul-17.png'; return false;\" style=\"position: absolute; left: 76.7%; top: 33.51%; width: 8.22%; height: 21.19%; z-index: 2;\"><\/a>\n\n<a href=\"\" title=\"Svoz usu\u0161en\u00e9ho sena z louky, kolem roku 1970\" onclick=\"showHtmlDiv();document.getElementById('obrnahore').src='http:\/\/www.obecjenikov.cz\/wp-content\/uploads\/2023\/04\/1stul-18.png'; return false;\" style=\"position: absolute; left: 73.34%; top: 64.81%; width: 8.17%; height: 26.83%; z-index: 2;\"><\/a>\n\n<a href=\"\" title=\"K\u00e1cen\u00ed m\u00e1je\" onclick=\"showHtmlDiv();document.getElementById('obrnahore').src='http:\/\/www.obecjenikov.cz\/wp-content\/uploads\/2023\/04\/1stul-19.png'; return false;\" style=\"position: absolute; left: 87.93%; top: 5.38%; width: 8.77%; height: 19.57%; z-index: 2;\"><\/a>\n\n<a href=\"\" title=\"K\u00e1cen\u00ed m\u00e1je, r. 1965\" onclick=\"showHtmlDiv();document.getElementById('obrnahore').src='http:\/\/www.obecjenikov.cz\/wp-content\/uploads\/2023\/04\/1stul-20.png'; return false;\" style=\"position: absolute; left: 88.43%; top: 31.69%; width: 8.84%; height: 22.81%; z-index: 2;\"><\/a>\n\n<a href=\"\" title=\"Dv\u011b generace na z\u00e1pra\u017e\u00ed\" onclick=\"showHtmlDiv();document.getElementById('obrnahore').src='http:\/\/www.obecjenikov.cz\/wp-content\/uploads\/2023\/04\/1stul-21.png'; return false;\" style=\"position: absolute; left: 86.24%; top: 64.81%; width: 10.22%; height: 26.57%; z-index: 2;\"><\/a>\n\n<\/div>\n\n\n\n<h2 class=\"wp-block-heading\">Uk\u00e1zky dobov\u00fdch dokument\u016f<\/h2>\n\n\n\n<div style=\"position: relative;\">\n  <img decoding=\"async\" src=\"http:\/\/www.obecjenikov.cz\/wp-content\/uploads\/2023\/04\/2stul.png\" style=\"width: 100%; height: auto;\">\n\n<a href=\"\" title=\"\" onclick=\"showHtmlDiv();document.getElementById('obrnahore').src='http:\/\/www.obecjenikov.cz\/wp-content\/uploads\/2023\/04\/2stul-1.png'; return false;\" style=\"position: absolute; left: 3.07%; top: 2.71%; width: 5.92%; height: 31.25%; z-index: 2;\"><\/a>\n\n<a href=\"\" title=\"\" onclick=\"showHtmlDiv();document.getElementById('obrnahore').src='http:\/\/www.obecjenikov.cz\/wp-content\/uploads\/2023\/04\/2stul-2.png'; return false;\" style=\"position: absolute; left: 1.71%; top: 56.55%; width: 8.57%; height: 25.75%; z-index: 2;\"><\/a>\n\n<a href=\"\" title=\"\" onclick=\"showHtmlDiv();document.getElementById('obrnahore').src='http:\/\/www.obecjenikov.cz\/wp-content\/uploads\/2023\/04\/2stul-3.png'; return false;\" style=\"position: absolute; left: 10.81%; top: 3.69%; width: 6.91%; height: 33.43%; z-index: 2;\"><\/a>\n\n<a href=\"\" title=\"\" onclick=\"showHtmlDiv();document.getElementById('obrnahore').src='http:\/\/www.obecjenikov.cz\/wp-content\/uploads\/2023\/04\/2stul-4.png'; return false;\" style=\"position: absolute; left: 11.26%; top: 47.97%; width: 8.14%; height: 40.81%; z-index: 2;\"><\/a>\n\n<a href=\"\" title=\"\" onclick=\"showHtmlDiv();document.getElementById('obrnahore').src='http:\/\/www.obecjenikov.cz\/wp-content\/uploads\/2023\/04\/2stul-5.png'; return false;\" style=\"position: absolute; left: 23.42%; top: 4.22%; width: 5.9%; height: 31.02%; z-index: 2;\"><\/a>\n\n<a href=\"\" title=\"\" onclick=\"showHtmlDiv();document.getElementById('obrnahore').src='http:\/\/www.obecjenikov.cz\/wp-content\/uploads\/2023\/04\/2stul-6.png'; return false;\" style=\"position: absolute; left: 22.01%; top: 48.27%; width: 6.89%; height: 41.64%; z-index: 2;\"><\/a>\n\n<a href=\"\" title=\"\" onclick=\"showHtmlDiv();document.getElementById('obrnahore').src='http:\/\/www.obecjenikov.cz\/wp-content\/uploads\/2023\/04\/2stul-7.png'; return false;\" style=\"position: absolute; left: 31.14%; top: 4.07%; width: 6.51%; height: 31.1%; z-index: 2;\"><\/a>\n\n<a href=\"\" title=\"\" onclick=\"showHtmlDiv();document.getElementById('obrnahore').src='http:\/\/www.obecjenikov.cz\/wp-content\/uploads\/2023\/04\/2stul-8.png'; return false;\" style=\"position: absolute; left: 31.32%; top: 47.97%; width: 7.72%; height: 39.91%; z-index: 2;\"><\/a>\n\n<a href=\"\" title=\"\" onclick=\"showHtmlDiv();document.getElementById('obrnahore').src='http:\/\/www.obecjenikov.cz\/wp-content\/uploads\/2023\/04\/2stul-9.png'; return false;\" style=\"position: absolute; left: 40.36%; top: 32.08%; width: 11.13%; height: 67.47%; z-index: 2;\"><\/a>\n\n<a href=\"\" title=\"\" onclick=\"showHtmlDiv();document.getElementById('obrnahore').src='http:\/\/www.obecjenikov.cz\/wp-content\/uploads\/2023\/04\/2stul-10.png'; return false;\" style=\"position: absolute; left: 52.63%; top: 2.18%; width: 6.51%; height: 28.54%; z-index: 2;\"><\/a>\n\n<a href=\"\" title=\"\" onclick=\"showHtmlDiv();document.getElementById('obrnahore').src='http:\/\/www.obecjenikov.cz\/wp-content\/uploads\/2023\/04\/2stul-11.png'; return false;\" style=\"position: absolute; left: 53.5%; top: 44.2%; width: 6.66%; height: 41.87%; z-index: 2;\"><\/a>\n\n<a href=\"\" title=\"\" onclick=\"showHtmlDiv();document.getElementById('obrnahore').src='http:\/\/www.obecjenikov.cz\/wp-content\/uploads\/2023\/04\/2stul-12.png'; return false;\" style=\"position: absolute; left: 63.55%; top: 2.71%; width: 5.92%; height: 33.43%; z-index: 2;\"><\/a>\n\n<a href=\"\" title=\"\" onclick=\"showHtmlDiv();document.getElementById('obrnahore').src='http:\/\/www.obecjenikov.cz\/wp-content\/uploads\/2023\/04\/2stul-13.png'; return false;\" style=\"position: absolute; left: 63.79%; top: 43.6%; width: 6.3%; height: 41.42%; z-index: 2;\"><\/a>\n\n<a href=\"\" title=\"\" onclick=\"showHtmlDiv();document.getElementById('obrnahore').src='http:\/\/www.obecjenikov.cz\/wp-content\/uploads\/2023\/04\/2stul-14.png'; return false;\" style=\"position: absolute; left: 71.91%; top: 7.98%; width: 6.95%; height: 19.05%; z-index: 2;\"><\/a>\n\n<a href=\"\" title=\"\" onclick=\"showHtmlDiv();document.getElementById('obrnahore').src='http:\/\/www.obecjenikov.cz\/wp-content\/uploads\/2023\/04\/2stul-15.png'; return false;\" style=\"position: absolute; left: 72.56%; top: 44.05%; width: 6.84%; height: 42.09%; z-index: 2;\"><\/a>\n\n<a href=\"\" title=\"\" onclick=\"showHtmlDiv();document.getElementById('obrnahore').src='http:\/\/www.obecjenikov.cz\/wp-content\/uploads\/2023\/04\/2stul-16.png'; return false;\" style=\"position: absolute; left: 84.01%; top: 1.28%; width: 5.97%; height: 31.02%; z-index: 2;\"><\/a>\n\n<a href=\"\" title=\"\" onclick=\"showHtmlDiv();document.getElementById('obrnahore').src='http:\/\/www.obecjenikov.cz\/wp-content\/uploads\/2023\/04\/2stul-17.png'; return false;\" style=\"position: absolute; left: 82.17%; top: 44.8%; width: 6.78%; height: 40.44%; z-index: 2;\"><\/a>\n\n<a href=\"\" title=\"\" onclick=\"showHtmlDiv();document.getElementById('obrnahore').src='http:\/\/www.obecjenikov.cz\/wp-content\/uploads\/2023\/04\/2stul-18.png'; return false;\" style=\"position: absolute; left: 91.56%; top: 0.83%; width: 6.39%; height: 30.2%; z-index: 2;\"><\/a>\n\n<a href=\"\" title=\"\" onclick=\"showHtmlDiv();document.getElementById('obrnahore').src='http:\/\/www.obecjenikov.cz\/wp-content\/uploads\/2023\/04\/2stul-19.png'; return false;\" style=\"position: absolute; left: 91.45%; top: 45.56%; width: 7.67%; height: 39.91%; z-index: 2;\"><\/a>\n\n<\/div>\n\n\n\n<div style=\"position: relative;\">\n  <img decoding=\"async\" src=\"http:\/\/www.obecjenikov.cz\/wp-content\/uploads\/2023\/05\/5stul.png\" style=\"width: 100%; height: auto;\">\n\n<a href=\"\" title=\"\u010c.p. 28, b\u00fdval\u00e1 rychta a \u010d. p. 27 kolem roku 1950. Pohled p\u0159es rybn\u00edk Barto\u0161.\" onclick=\"showHtmlDiv();document.getElementById('obrnahore').src='http:\/\/www.obecjenikov.cz\/wp-content\/uploads\/2023\/05\/5stul-1.png'; return false;\" style=\"position: absolute; left: 4.65%; top: 3.19%; width: 16.08%; height: 19.66%; z-index: 2;\"><\/a>\n\n<a href=\"\" title=\"\u010c.p. 27, kolem r. 1950.\" onclick=\"showHtmlDiv();document.getElementById('obrnahore').src='http:\/\/www.obecjenikov.cz\/wp-content\/uploads\/2023\/05\/5stul-2.png'; return false;\" style=\"position: absolute; left: 4.42%; top: 28.08%; width: 15.65%; height: 19.46%; z-index: 2;\"><\/a>\n\n<a href=\"\" title=\"\" onclick=\"showHtmlDiv();document.getElementById('obrnahore').src='http:\/\/www.obecjenikov.cz\/wp-content\/uploads\/2023\/05\/5stul-3.png'; return false;\" style=\"position: absolute; left: 3.09%; top: 51.86%; width: 20.94%; height: 44.85%; z-index: 2;\"><\/a>\n\n<a href=\"\" title=\"Star\u00e1 rychta, \u010d.p. 28, kolem r. 1980\" onclick=\"showHtmlDiv();document.getElementById('obrnahore').src='http:\/\/www.obecjenikov.cz\/wp-content\/uploads\/2023\/05\/5stul-4.png'; return false;\" style=\"position: absolute; left: 23.94%; top: 3.09%; width: 19.91%; height: 19.76%; z-index: 2;\"><\/a>\n\n<a href=\"\" title=\"\u010c.p. 28, b\u00fdval\u00e1 rychta ze za\u010d\u00e1tku 18.stolet\u00ed\" onclick=\"showHtmlDiv();document.getElementById('obrnahore').src='http:\/\/www.obecjenikov.cz\/wp-content\/uploads\/2023\/05\/5stul-5.png'; return false;\" style=\"position: absolute; left: 23.96%; top: 26.9%; width: 18.97%; height: 17.78%; z-index: 2;\"><\/a>\n\n<a href=\"\" title=\"Pohled ze dvora.\" onclick=\"showHtmlDiv();document.getElementById('obrnahore').src='http:\/\/www.obecjenikov.cz\/wp-content\/uploads\/2023\/05\/5stul-6.png'; return false;\" style=\"position: absolute; left: 26.09%; top: 48.41%; width: 18.95%; height: 15.33%; z-index: 2;\"><\/a>\n\n<a href=\"\" title=\"Selsk\u00e9 staven\u00ed \u010d.p. 12, na za\u010d\u00e1tku 19 stolet\u00ed.\" onclick=\"showHtmlDiv();document.getElementById('obrnahore').src='http:\/\/www.obecjenikov.cz\/wp-content\/uploads\/2023\/05\/5stul-7.png'; return false;\" style=\"position: absolute; left: 26.44%; top: 69.37%; width: 17.71%; height: 21.44%; z-index: 2;\"><\/a>\n\n<a href=\"\" title=\"Vlevo \u010d.p. 24, uprost\u0159ed \u010d.p. 23 Teislerovi.\" onclick=\"showHtmlDiv();document.getElementById('obrnahore').src='http:\/\/www.obecjenikov.cz\/wp-content\/uploads\/2023\/05\/5stul-8.png'; return false;\" style=\"position: absolute; left: 50.84%; top: 13.79%; width: 20.96%; height: 20.66%; z-index: 2;\"><\/a>\n\n<a href=\"\" title=\"Vincenc Teisler, kolem roku 1915, rod\u00e1k z \u010d.p. 23\" onclick=\"showHtmlDiv();document.getElementById('obrnahore').src='http:\/\/www.obecjenikov.cz\/wp-content\/uploads\/2023\/05\/5stul-9.png'; return false;\" style=\"position: absolute; left: 57.3%; top: 53.91%; width: 16.2%; height: 36.56%; z-index: 2;\"><\/a>\n\n<a href=\"\" title=\"Hrn\u010d\u00ed\u0159sk\u00fd domek, \u010d.p. 23, p\u0159i demolici. Rok 1992.\" onclick=\"showHtmlDiv();document.getElementById('obrnahore').src='http:\/\/www.obecjenikov.cz\/wp-content\/uploads\/2023\/05\/5stul-10.png'; return false;\" style=\"position: absolute; left: 74.3%; top: 1.54%; width: 19.04%; height: 16.5%; z-index: 2;\"><\/a>\n\n<a href=\"\" title=\"Dne\u0161n\u00ed pohled p\u0159es Barto\u0161 do stejn\u00fdch m\u00edst.\" onclick=\"showHtmlDiv();document.getElementById('obrnahore').src='http:\/\/www.obecjenikov.cz\/wp-content\/uploads\/2023\/05\/5stul-11.png'; return false;\" style=\"position: absolute; left: 75.78%; top: 21.67%; width: 18.6%; height: 20.8%; z-index: 2;\"><\/a>\n\n<a href=\"\" title=\"\" onclick=\"showHtmlDiv();document.getElementById('obrnahore').src='http:\/\/www.obecjenikov.cz\/wp-content\/uploads\/2023\/05\/5stul-12.png'; return false;\" style=\"position: absolute; left: 75.44%; top: 50.59%; width: 23.05%; height: 46.26%; z-index: 2;\"><\/a>\n\n<\/div>\n\n\n\n<figure class=\"wp-block-image size-large\"><img loading=\"lazy\" decoding=\"async\" width=\"767\" height=\"1024\" data-attachment-id=\"7188\" data-permalink=\"https:\/\/www.obecjenikov.cz\/?attachment_id=7188\" data-orig-file=\"https:\/\/www.obecjenikov.cz\/wp-content\/uploads\/2023\/05\/platenicky_koutek-scaled.jpg\" data-orig-size=\"1917,2560\" data-comments-opened=\"0\" data-image-meta=\"{&quot;aperture&quot;:&quot;2.2&quot;,&quot;credit&quot;:&quot;&quot;,&quot;camera&quot;:&quot;Redmi 6&quot;,&quot;caption&quot;:&quot;&quot;,&quot;created_timestamp&quot;:&quot;1664033308&quot;,&quot;copyright&quot;:&quot;&quot;,&quot;focal_length&quot;:&quot;3.82&quot;,&quot;iso&quot;:&quot;431&quot;,&quot;shutter_speed&quot;:&quot;0.040002&quot;,&quot;title&quot;:&quot;&quot;,&quot;orientation&quot;:&quot;1&quot;}\" data-image-title=\"platenicky_koutek\" data-image-description=\"\" data-image-caption=\"\" data-medium-file=\"https:\/\/www.obecjenikov.cz\/wp-content\/uploads\/2023\/05\/platenicky_koutek-112x150.jpg\" data-large-file=\"https:\/\/www.obecjenikov.cz\/wp-content\/uploads\/2023\/05\/platenicky_koutek-767x1024.jpg\" src=\"http:\/\/www.obec-jenikov.cz\/wp-content\/uploads\/2023\/05\/platenicky_koutek-767x1024.jpg\" alt=\"\" class=\"wp-image-7188\" srcset=\"https:\/\/www.obecjenikov.cz\/wp-content\/uploads\/2023\/05\/platenicky_koutek-767x1024.jpg 767w, https:\/\/www.obecjenikov.cz\/wp-content\/uploads\/2023\/05\/platenicky_koutek-112x150.jpg 112w, https:\/\/www.obecjenikov.cz\/wp-content\/uploads\/2023\/05\/platenicky_koutek-768x1025.jpg 768w, https:\/\/www.obecjenikov.cz\/wp-content\/uploads\/2023\/05\/platenicky_koutek-1150x1536.jpg 1150w, https:\/\/www.obecjenikov.cz\/wp-content\/uploads\/2023\/05\/platenicky_koutek-1534x2048.jpg 1534w, https:\/\/www.obecjenikov.cz\/wp-content\/uploads\/2023\/05\/platenicky_koutek-640x854.jpg 640w, https:\/\/www.obecjenikov.cz\/wp-content\/uploads\/2023\/05\/platenicky_koutek-scaled.jpg 1917w\" sizes=\"auto, (max-width: 767px) 100vw, 767px\" \/><\/figure>\n\n\n\n<figure class=\"wp-block-image size-large\"><img loading=\"lazy\" decoding=\"async\" width=\"1024\" height=\"767\" data-attachment-id=\"7186\" data-permalink=\"https:\/\/www.obecjenikov.cz\/?attachment_id=7186\" data-orig-file=\"https:\/\/www.obecjenikov.cz\/wp-content\/uploads\/2023\/05\/platenicky_koutek3-scaled.jpg\" data-orig-size=\"2560,1917\" data-comments-opened=\"0\" data-image-meta=\"{&quot;aperture&quot;:&quot;2.2&quot;,&quot;credit&quot;:&quot;&quot;,&quot;camera&quot;:&quot;Redmi 6&quot;,&quot;caption&quot;:&quot;&quot;,&quot;created_timestamp&quot;:&quot;1664030757&quot;,&quot;copyright&quot;:&quot;&quot;,&quot;focal_length&quot;:&quot;3.82&quot;,&quot;iso&quot;:&quot;381&quot;,&quot;shutter_speed&quot;:&quot;0.040002&quot;,&quot;title&quot;:&quot;&quot;,&quot;orientation&quot;:&quot;1&quot;}\" data-image-title=\"platenicky_koutek3\" data-image-description=\"\" data-image-caption=\"\" data-medium-file=\"https:\/\/www.obecjenikov.cz\/wp-content\/uploads\/2023\/05\/platenicky_koutek3-200x150.jpg\" data-large-file=\"https:\/\/www.obecjenikov.cz\/wp-content\/uploads\/2023\/05\/platenicky_koutek3-1024x767.jpg\" src=\"http:\/\/www.obec-jenikov.cz\/wp-content\/uploads\/2023\/05\/platenicky_koutek3-1024x767.jpg\" alt=\"\" class=\"wp-image-7186\" srcset=\"https:\/\/www.obecjenikov.cz\/wp-content\/uploads\/2023\/05\/platenicky_koutek3-1024x767.jpg 1024w, https:\/\/www.obecjenikov.cz\/wp-content\/uploads\/2023\/05\/platenicky_koutek3-200x150.jpg 200w, https:\/\/www.obecjenikov.cz\/wp-content\/uploads\/2023\/05\/platenicky_koutek3-768x575.jpg 768w, https:\/\/www.obecjenikov.cz\/wp-content\/uploads\/2023\/05\/platenicky_koutek3-1536x1150.jpg 1536w, https:\/\/www.obecjenikov.cz\/wp-content\/uploads\/2023\/05\/platenicky_koutek3-2048x1534.jpg 2048w, https:\/\/www.obecjenikov.cz\/wp-content\/uploads\/2023\/05\/platenicky_koutek3-640x479.jpg 640w\" sizes=\"auto, (max-width: 1024px) 100vw, 1024px\" \/><\/figure>\n\n\n\n<figure class=\"wp-block-image size-large\"><img loading=\"lazy\" decoding=\"async\" width=\"767\" height=\"1024\" data-attachment-id=\"7189\" data-permalink=\"https:\/\/www.obecjenikov.cz\/?attachment_id=7189\" data-orig-file=\"https:\/\/www.obecjenikov.cz\/wp-content\/uploads\/2023\/05\/platenicky_koutek2-scaled.jpg\" data-orig-size=\"1917,2560\" data-comments-opened=\"0\" data-image-meta=\"{&quot;aperture&quot;:&quot;2.2&quot;,&quot;credit&quot;:&quot;&quot;,&quot;camera&quot;:&quot;Redmi 6&quot;,&quot;caption&quot;:&quot;&quot;,&quot;created_timestamp&quot;:&quot;1664031739&quot;,&quot;copyright&quot;:&quot;&quot;,&quot;focal_length&quot;:&quot;3.82&quot;,&quot;iso&quot;:&quot;188&quot;,&quot;shutter_speed&quot;:&quot;0.029999&quot;,&quot;title&quot;:&quot;&quot;,&quot;orientation&quot;:&quot;0&quot;}\" data-image-title=\"platenicky_koutek2\" data-image-description=\"\" data-image-caption=\"\" data-medium-file=\"https:\/\/www.obecjenikov.cz\/wp-content\/uploads\/2023\/05\/platenicky_koutek2-112x150.jpg\" data-large-file=\"https:\/\/www.obecjenikov.cz\/wp-content\/uploads\/2023\/05\/platenicky_koutek2-767x1024.jpg\" src=\"http:\/\/www.obec-jenikov.cz\/wp-content\/uploads\/2023\/05\/platenicky_koutek2-767x1024.jpg\" alt=\"\" class=\"wp-image-7189\" srcset=\"https:\/\/www.obecjenikov.cz\/wp-content\/uploads\/2023\/05\/platenicky_koutek2-767x1024.jpg 767w, https:\/\/www.obecjenikov.cz\/wp-content\/uploads\/2023\/05\/platenicky_koutek2-112x150.jpg 112w, https:\/\/www.obecjenikov.cz\/wp-content\/uploads\/2023\/05\/platenicky_koutek2-768x1025.jpg 768w, https:\/\/www.obecjenikov.cz\/wp-content\/uploads\/2023\/05\/platenicky_koutek2-1150x1536.jpg 1150w, https:\/\/www.obecjenikov.cz\/wp-content\/uploads\/2023\/05\/platenicky_koutek2-1534x2048.jpg 1534w, https:\/\/www.obecjenikov.cz\/wp-content\/uploads\/2023\/05\/platenicky_koutek2-640x854.jpg 640w, https:\/\/www.obecjenikov.cz\/wp-content\/uploads\/2023\/05\/platenicky_koutek2-scaled.jpg 1917w\" sizes=\"auto, (max-width: 767px) 100vw, 767px\" \/><\/figure>\n\n\n\n<figure class=\"wp-block-image size-large\"><img loading=\"lazy\" decoding=\"async\" width=\"767\" height=\"1024\" data-attachment-id=\"7187\" data-permalink=\"https:\/\/www.obecjenikov.cz\/?attachment_id=7187\" data-orig-file=\"https:\/\/www.obecjenikov.cz\/wp-content\/uploads\/2023\/05\/hrncirsky_koutek-scaled.jpg\" data-orig-size=\"1917,2560\" data-comments-opened=\"0\" data-image-meta=\"{&quot;aperture&quot;:&quot;2.2&quot;,&quot;credit&quot;:&quot;&quot;,&quot;camera&quot;:&quot;Redmi 6&quot;,&quot;caption&quot;:&quot;&quot;,&quot;created_timestamp&quot;:&quot;1664033060&quot;,&quot;copyright&quot;:&quot;&quot;,&quot;focal_length&quot;:&quot;3.82&quot;,&quot;iso&quot;:&quot;338&quot;,&quot;shutter_speed&quot;:&quot;0.029999&quot;,&quot;title&quot;:&quot;&quot;,&quot;orientation&quot;:&quot;0&quot;}\" data-image-title=\"hrncirsky_koutek\" data-image-description=\"\" data-image-caption=\"\" data-medium-file=\"https:\/\/www.obecjenikov.cz\/wp-content\/uploads\/2023\/05\/hrncirsky_koutek-112x150.jpg\" data-large-file=\"https:\/\/www.obecjenikov.cz\/wp-content\/uploads\/2023\/05\/hrncirsky_koutek-767x1024.jpg\" src=\"http:\/\/www.obec-jenikov.cz\/wp-content\/uploads\/2023\/05\/hrncirsky_koutek-767x1024.jpg\" alt=\"\" class=\"wp-image-7187\" srcset=\"https:\/\/www.obecjenikov.cz\/wp-content\/uploads\/2023\/05\/hrncirsky_koutek-767x1024.jpg 767w, https:\/\/www.obecjenikov.cz\/wp-content\/uploads\/2023\/05\/hrncirsky_koutek-112x150.jpg 112w, https:\/\/www.obecjenikov.cz\/wp-content\/uploads\/2023\/05\/hrncirsky_koutek-768x1025.jpg 768w, https:\/\/www.obecjenikov.cz\/wp-content\/uploads\/2023\/05\/hrncirsky_koutek-1150x1536.jpg 1150w, https:\/\/www.obecjenikov.cz\/wp-content\/uploads\/2023\/05\/hrncirsky_koutek-1534x2048.jpg 1534w, https:\/\/www.obecjenikov.cz\/wp-content\/uploads\/2023\/05\/hrncirsky_koutek-640x854.jpg 640w, https:\/\/www.obecjenikov.cz\/wp-content\/uploads\/2023\/05\/hrncirsky_koutek-scaled.jpg 1917w\" sizes=\"auto, (max-width: 767px) 100vw, 767px\" \/><\/figure>\n\n\n\n<p><\/p>\n\n\n\n<h2 class=\"wp-block-heading\">Novodob\u00e1 historie<\/h2>\n\n\n\n<h3 class=\"wp-block-heading\">V\u00fdstavba vodovodu, kanalizace a plynofikace<\/h3>\n\n\n\n<div style=\"position: relative;\">\n  <img decoding=\"async\" src=\"http:\/\/www.obecjenikov.cz\/wp-content\/uploads\/2023\/05\/6stul.png\" style=\"width: 100%; height: auto;\">\n\n<a href=\"\" title=\"\" onclick=\"showHtmlDiv();document.getElementById('obrnahore').src='http:\/\/www.obecjenikov.cz\/wp-content\/uploads\/2023\/05\/6stul-1.jpg'; return false;\" style=\"position: absolute; left: 3.52%; top: 16.62%; width: 8.11%; height: 19.96%; z-index: 2;\"><\/a>\n\n<a href=\"\" title=\"\" onclick=\"showHtmlDiv();document.getElementById('obrnahore').src='http:\/\/www.obecjenikov.cz\/wp-content\/uploads\/2023\/05\/6stul-2.jpg'; return false;\" style=\"position: absolute; left: 1.09%; top: 38.14%; width: 12.64%; height: 14.58%; z-index: 2;\"><\/a>\n\n<a href=\"\" title=\"\" onclick=\"showHtmlDiv();document.getElementById('obrnahore').src='http:\/\/www.obecjenikov.cz\/wp-content\/uploads\/2023\/05\/6stul-3.jpg'; return false;\" style=\"position: absolute; left: 3.6%; top: 54.25%; width: 9.23%; height: 22.82%; z-index: 2;\"><\/a>\n\n<a href=\"\" title=\"\" onclick=\"showHtmlDiv();document.getElementById('obrnahore').src='http:\/\/www.obecjenikov.cz\/wp-content\/uploads\/2023\/05\/6stul-4.jpg'; return false;\" style=\"position: absolute; left: 13.37%; top: 16.96%; width: 12.25%; height: 14.4%; z-index: 2;\"><\/a>\n\n<a href=\"\" title=\"\" onclick=\"showHtmlDiv();document.getElementById('obrnahore').src='http:\/\/www.obecjenikov.cz\/wp-content\/uploads\/2023\/05\/6stul-5.jpg'; return false;\" style=\"position: absolute; left: 13.97%; top: 32.62%; width: 11.97%; height: 14.32%; z-index: 2;\"><\/a>\n\n<a href=\"\" title=\"\" onclick=\"showHtmlDiv();document.getElementById('obrnahore').src='http:\/\/www.obecjenikov.cz\/wp-content\/uploads\/2023\/05\/6stul-6.jpg'; return false;\" style=\"position: absolute; left: 14.01%; top: 47.68%; width: 12.83%; height: 15.29%; z-index: 2;\"><\/a>\n\n<a href=\"\" title=\"\" onclick=\"showHtmlDiv();document.getElementById('obrnahore').src='http:\/\/www.obecjenikov.cz\/wp-content\/uploads\/2023\/05\/6stul-7.jpg'; return false;\" style=\"position: absolute; left: 15.45%; top: 67.53%; width: 9.95%; height: 24.23%; z-index: 2;\"><\/a>\n\n<a href=\"\" title=\"\" onclick=\"showHtmlDiv();document.getElementById('obrnahore').src='http:\/\/www.obecjenikov.cz\/wp-content\/uploads\/2023\/05\/6stul-8.jpg'; return false;\" style=\"position: absolute; left: 36.73%; top: 16.7%; width: 7.42%; height: 18.18%; z-index: 2;\"><\/a>\n\n<a href=\"\" title=\"\" onclick=\"showHtmlDiv();document.getElementById('obrnahore').src='http:\/\/www.obecjenikov.cz\/wp-content\/uploads\/2023\/05\/6stul-9.jpg'; return false;\" style=\"position: absolute; left: 35.34%; top: 34.36%; width: 11.35%; height: 13.43%; z-index: 2;\"><\/a>\n\n<a href=\"\" title=\"\" onclick=\"showHtmlDiv();document.getElementById('obrnahore').src='http:\/\/www.obecjenikov.cz\/wp-content\/uploads\/2023\/05\/6stul-10.jpg'; return false;\" style=\"position: absolute; left: 34.99%; top: 48.09%; width: 11.59%; height: 14.4%; z-index: 2;\"><\/a>\n\n<a href=\"\" title=\"\" onclick=\"showHtmlDiv();document.getElementById('obrnahore').src='http:\/\/www.obecjenikov.cz\/wp-content\/uploads\/2023\/05\/6stul-11.jpg'; return false;\" style=\"position: absolute; left: 34.28%; top: 62.97%; width: 12.16%; height: 15.29%; z-index: 2;\"><\/a>\n\n<a href=\"\" title=\"\" onclick=\"showHtmlDiv();document.getElementById('obrnahore').src='http:\/\/www.obecjenikov.cz\/wp-content\/uploads\/2023\/05\/6stul-12.jpg'; return false;\" style=\"position: absolute; left: 33.81%; top: 79.85%; width: 12.29%; height: 15.73%; z-index: 2;\"><\/a>\n\n<a href=\"\" title=\"\" onclick=\"showHtmlDiv();document.getElementById('obrnahore').src='http:\/\/www.obecjenikov.cz\/wp-content\/uploads\/2023\/05\/6stul-13.jpg'; return false;\" style=\"position: absolute; left: 44.43%; top: 16.66%; width: 7.23%; height: 17.51%; z-index: 2;\"><\/a>\n\n<a href=\"\" title=\"\" onclick=\"showHtmlDiv();document.getElementById('obrnahore').src='http:\/\/www.obecjenikov.cz\/wp-content\/uploads\/2023\/05\/6stul-14.jpg'; return false;\" style=\"position: absolute; left: 47.26%; top: 35.14%; width: 10.92%; height: 12.88%; z-index: 2;\"><\/a>\n\n<a href=\"\" title=\"\" onclick=\"showHtmlDiv();document.getElementById('obrnahore').src='http:\/\/www.obecjenikov.cz\/wp-content\/uploads\/2023\/05\/6stul-15.jpg'; return false;\" style=\"position: absolute; left: 47.14%; top: 48.31%; width: 11.33%; height: 13.73%; z-index: 2;\"><\/a>\n\n<a href=\"\" title=\"\" onclick=\"showHtmlDiv();document.getElementById('obrnahore').src='http:\/\/www.obecjenikov.cz\/wp-content\/uploads\/2023\/05\/6stul-16.jpg'; return false;\" style=\"position: absolute; left: 47.05%; top: 63.3%; width: 11.74%; height: 15.47%; z-index: 2;\"><\/a>\n\n<a href=\"\" title=\"\" onclick=\"showHtmlDiv();document.getElementById('obrnahore').src='http:\/\/www.obecjenikov.cz\/wp-content\/uploads\/2023\/05\/6stul-17.jpg'; return false;\" style=\"position: absolute; left: 47.07%; top: 79.74%; width: 12.4%; height: 16.36%; z-index: 2;\"><\/a>\n\n<a href=\"\" title=\"\" onclick=\"showHtmlDiv();document.getElementById('obrnahore').src='http:\/\/www.obecjenikov.cz\/wp-content\/uploads\/2023\/05\/6stul-18.jpg'; return false;\" style=\"position: absolute; left: 52.03%; top: 17.18%; width: 8.41%; height: 17.7%; z-index: 2;\"><\/a>\n\n<a href=\"\" title=\"\" onclick=\"showHtmlDiv();document.getElementById('obrnahore').src='http:\/\/www.obecjenikov.cz\/wp-content\/uploads\/2023\/05\/6stul-19.jpg'; return false;\" style=\"position: absolute; left: 62.71%; top: 16.99%; width: 11.07%; height: 11.73%; z-index: 2;\"><\/a>\n\n<a href=\"\" title=\"\" onclick=\"showHtmlDiv();document.getElementById('obrnahore').src='http:\/\/www.obecjenikov.cz\/wp-content\/uploads\/2023\/05\/6stul-20.jpg'; return false;\" style=\"position: absolute; left: 62.41%; top: 29.46%; width: 11.16%; height: 13.14%; z-index: 2;\"><\/a>\n\n<a href=\"\" title=\"\" onclick=\"showHtmlDiv();document.getElementById('obrnahore').src='http:\/\/www.obecjenikov.cz\/wp-content\/uploads\/2023\/05\/6stul-21.jpg'; return false;\" style=\"position: absolute; left: 62.11%; top: 42.56%; width: 11.22%; height: 13.02%; z-index: 2;\"><\/a>\n\n<a href=\"\" title=\"\" onclick=\"showHtmlDiv();document.getElementById('obrnahore').src='http:\/\/www.obecjenikov.cz\/wp-content\/uploads\/2023\/05\/6stul-22.jpg'; return false;\" style=\"position: absolute; left: 62.05%; top: 56.73%; width: 11.93%; height: 15.55%; z-index: 2;\"><\/a>\n\n<a href=\"\" title=\"\" onclick=\"showHtmlDiv();document.getElementById('obrnahore').src='http:\/\/www.obecjenikov.cz\/wp-content\/uploads\/2023\/05\/6stul-23.jpg'; return false;\" style=\"position: absolute; left: 63.72%; top: 78.48%; width: 12.66%; height: 17.18%; z-index: 2;\"><\/a>\n\n<a href=\"\" title=\"\" onclick=\"showHtmlDiv();document.getElementById('obrnahore').src='http:\/\/www.obecjenikov.cz\/wp-content\/uploads\/2023\/05\/6stul-24.jpg'; return false;\" style=\"position: absolute; left: 73.98%; top: 16.96%; width: 10.53%; height: 11.39%; z-index: 2;\"><\/a>\n\n<a href=\"\" title=\"\" onclick=\"showHtmlDiv();document.getElementById('obrnahore').src='http:\/\/www.obecjenikov.cz\/wp-content\/uploads\/2023\/05\/6stul-25.jpg'; return false;\" style=\"position: absolute; left: 73.95%; top: 29.28%; width: 10.79%; height: 12.39%; z-index: 2;\"><\/a>\n\n<a href=\"\" title=\"\" onclick=\"showHtmlDiv();document.getElementById('obrnahore').src='http:\/\/www.obecjenikov.cz\/wp-content\/uploads\/2023\/05\/6stul-26.jpg'; return false;\" style=\"position: absolute; left: 73.46%; top: 41.93%; width: 11.29%; height: 12.84%; z-index: 2;\"><\/a>\n\n<a href=\"\" title=\"\" onclick=\"showHtmlDiv();document.getElementById('obrnahore').src='http:\/\/www.obecjenikov.cz\/wp-content\/uploads\/2023\/05\/6stul-27.jpg'; return false;\" style=\"position: absolute; left: 74.62%; top: 56.14%; width: 8.62%; height: 21.78%; z-index: 2;\"><\/a>\n\n<a href=\"\" title=\"\" onclick=\"showHtmlDiv();document.getElementById('obrnahore').src='http:\/\/www.obecjenikov.cz\/wp-content\/uploads\/2023\/05\/6stul-28.jpg'; return false;\" style=\"position: absolute; left: 77.02%; top: 79.55%; width: 13.41%; height: 17.44%; z-index: 2;\"><\/a>\n\n<a href=\"\" title=\"\" onclick=\"showHtmlDiv();document.getElementById('obrnahore').src='http:\/\/www.obecjenikov.cz\/wp-content\/uploads\/2023\/05\/6stul-29.jpg'; return false;\" style=\"position: absolute; left: 84.51%; top: 16.96%; width: 10.9%; height: 12.06%; z-index: 2;\"><\/a>\n\n<a href=\"\" title=\"\" onclick=\"showHtmlDiv();document.getElementById('obrnahore').src='http:\/\/www.obecjenikov.cz\/wp-content\/uploads\/2023\/05\/6stul-30.jpg'; return false;\" style=\"position: absolute; left: 84.77%; top: 29.46%; width: 11.03%; height: 12.5%; z-index: 2;\"><\/a>\n\n<a href=\"\" title=\"\" onclick=\"showHtmlDiv();document.getElementById('obrnahore').src='http:\/\/www.obecjenikov.cz\/wp-content\/uploads\/2023\/05\/6stul-31.jpg'; return false;\" style=\"position: absolute; left: 84.94%; top: 41.93%; width: 11.95%; height: 13.73%; z-index: 2;\"><\/a>\n\n<a href=\"\" title=\"\" onclick=\"showHtmlDiv();document.getElementById('obrnahore').src='http:\/\/www.obecjenikov.cz\/wp-content\/uploads\/2023\/05\/6stul-32.jpg'; return false;\" style=\"position: absolute; left: 84.1%; top: 56.73%; width: 9.42%; height: 22.37%; z-index: 2;\"><\/a>\n\n<\/div>\n\n\n\n<h3 class=\"wp-block-heading\">Sv\u011bcen\u00ed obecn\u00edho praporu, obecn\u00ed z\u00e1stavy, praporu hasi\u010dsk\u00e9ho sboru a p\u0159enesen\u00e9ho pam\u00e1tn\u00e9ho k\u0159\u00ed\u017ee a p\u0159estavba obecn\u00edho \u00fa\u0159adu.<\/h3>\n\n\n\n<div style=\"position: relative;\">\n  <img decoding=\"async\" src=\"http:\/\/www.obecjenikov.cz\/wp-content\/uploads\/2023\/05\/7stul.png\" style=\"width: 100%; height: auto;\">\n\n<a href=\"\" title=\"\" onclick=\"showHtmlDiv();document.getElementById('obrnahore').src='http:\/\/www.obecjenikov.cz\/wp-content\/uploads\/2023\/05\/7stul-1.png'; return false;\" style=\"position: absolute; left: 7.27%; top: 2.75%; width: 12.27%; height: 12.45%; z-index: 2;\"><\/a>\n\n<a href=\"\" title=\"\" onclick=\"showHtmlDiv();document.getElementById('obrnahore').src='http:\/\/www.obecjenikov.cz\/wp-content\/uploads\/2023\/05\/7stul-2.png'; return false;\" style=\"position: absolute; left: 6.71%; top: 15.08%; width: 12.66%; height: 13.92%; z-index: 2;\"><\/a>\n\n<a href=\"\" title=\"\" onclick=\"showHtmlDiv();document.getElementById('obrnahore').src='http:\/\/www.obecjenikov.cz\/wp-content\/uploads\/2023\/05\/7stul-3.png'; return false;\" style=\"position: absolute; left: 6.69%; top: 30.88%; width: 13.07%; height: 16.62%; z-index: 2;\"><\/a>\n\n<a href=\"\" title=\"\" onclick=\"showHtmlDiv();document.getElementById('obrnahore').src='http:\/\/www.obecjenikov.cz\/wp-content\/uploads\/2023\/05\/7stul-4.png'; return false;\" style=\"position: absolute; left: 5.82%; top: 47.42%; width: 13.74%; height: 18.28%; z-index: 2;\"><\/a>\n\n<a href=\"\" title=\"Nov\u00fd sm\u00edr\u010d\u00ed k\u0159\u00ed\u017e, hasi\u010dsk\u00fd prapor a z\u00e1stava obce p\u0159i slavnostn\u00edm sv\u011bcen\u00ed.\" onclick=\"showHtmlDiv();document.getElementById('obrnahore').src='http:\/\/www.obecjenikov.cz\/wp-content\/uploads\/2023\/05\/7stul-5.png'; return false;\" style=\"position: absolute; left: 2.89%; top: 69.35%; width: 15.94%; height: 21.89%; z-index: 2;\"><\/a>\n\n<a href=\"\" title=\"-Polo\u017een\u00ed v\u011bnce k pam\u00e1tn\u00edku padl\u00fdch p\u0159i slavnostn\u00edm sv\u011bcen\u00ed praporu a znaku obce, praporu hasi\u010dsk\u00e9ho sboru a obnoven\u00e9ho sm\u00edr\u010d\u00edho k\u0159\u00ed\u017ee u bytovky (p\u016fvodn\u011b byl um\u00edst\u011bn mezi ka\u0161tany za domem \u010dp. 109)\" onclick=\"showHtmlDiv();document.getElementById('obrnahore').src='http:\/\/www.obecjenikov.cz\/wp-content\/uploads\/2023\/05\/7stul-6.png'; return false;\" style=\"position: absolute; left: 22.17%; top: 19.07%; width: 9.42%; height: 9.51%; z-index: 2;\"><\/a>\n\n<a href=\"\" title=\"\" onclick=\"showHtmlDiv();document.getElementById('obrnahore').src='http:\/\/www.obecjenikov.cz\/wp-content\/uploads\/2023\/05\/7stul-7.png'; return false;\" style=\"position: absolute; left: 21.97%; top: 28.58%; width: 9.55%; height: 10.3%; z-index: 2;\"><\/a>\n\n<a href=\"\" title=\"\" onclick=\"showHtmlDiv();document.getElementById('obrnahore').src='http:\/\/www.obecjenikov.cz\/wp-content\/uploads\/2023\/05\/7stul-8.png'; return false;\" style=\"position: absolute; left: 21.8%; top: 38.81%; width: 9.86%; height: 11.36%; z-index: 2;\"><\/a>\n\n<a href=\"\" title=\"\" onclick=\"showHtmlDiv();document.getElementById('obrnahore').src='http:\/\/www.obecjenikov.cz\/wp-content\/uploads\/2023\/05\/7stul-9.png'; return false;\" style=\"position: absolute; left: 21.99%; top: 52.61%; width: 14.94%; height: 19.67%; z-index: 2;\"><\/a>\n\n<a href=\"\" title=\"\" onclick=\"showHtmlDiv();document.getElementById('obrnahore').src='http:\/\/www.obecjenikov.cz\/wp-content\/uploads\/2023\/05\/7stul-10.png'; return false;\" style=\"position: absolute; left: 21.19%; top: 74.73%; width: 15.5%; height: 19.97%; z-index: 2;\"><\/a>\n\n<a href=\"\" title=\"\" onclick=\"showHtmlDiv();document.getElementById('obrnahore').src='http:\/\/www.obecjenikov.cz\/wp-content\/uploads\/2023\/05\/7stul-11.png'; return false;\" style=\"position: absolute; left: 44.88%; top: 2.26%; width: 13.48%; height: 27.45%; z-index: 2;\"><\/a>\n\n<a href=\"\" title=\"\" onclick=\"showHtmlDiv();document.getElementById('obrnahore').src='http:\/\/www.obecjenikov.cz\/wp-content\/uploads\/2023\/05\/7stul-12.png'; return false;\" style=\"position: absolute; left: 44.33%; top: 31.44%; width: 13.7%; height: 18.92%; z-index: 2;\"><\/a>\n\n<a href=\"\" title=\"\" onclick=\"showHtmlDiv();document.getElementById('obrnahore').src='http:\/\/www.obecjenikov.cz\/wp-content\/uploads\/2023\/05\/7stul-13.png'; return false;\" style=\"position: absolute; left: 44.03%; top: 50.55%; width: 14.16%; height: 18.09%; z-index: 2;\"><\/a>\n\n<a href=\"\" title=\"\" onclick=\"showHtmlDiv();document.getElementById('obrnahore').src='http:\/\/www.obecjenikov.cz\/wp-content\/uploads\/2023\/05\/7stul-14.png'; return false;\" style=\"position: absolute; left: 43.14%; top: 72.21%; width: 15.65%; height: 20.8%; z-index: 2;\"><\/a>\n\n<a href=\"\" title=\"\" onclick=\"showHtmlDiv();document.getElementById('obrnahore').src='http:\/\/www.obecjenikov.cz\/wp-content\/uploads\/2023\/05\/7stul-15.png'; return false;\" style=\"position: absolute; left: 63.92%; top: 15.83%; width: 13.16%; height: 15.61%; z-index: 2;\"><\/a>\n\n<a href=\"\" title=\"\" onclick=\"showHtmlDiv();document.getElementById('obrnahore').src='http:\/\/www.obecjenikov.cz\/wp-content\/uploads\/2023\/05\/7stul-16.png'; return false;\" style=\"position: absolute; left: 63.7%; top: 31.52%; width: 13.55%; height: 16.51%; z-index: 2;\"><\/a>\n\n<a href=\"\" title=\"\" onclick=\"showHtmlDiv();document.getElementById('obrnahore').src='http:\/\/www.obecjenikov.cz\/wp-content\/uploads\/2023\/05\/7stul-17.png'; return false;\" style=\"position: absolute; left: 62.94%; top: 50.43%; width: 14.48%; height: 18.88%; z-index: 2;\"><\/a>\n\n<a href=\"\" title=\"\" onclick=\"showHtmlDiv();document.getElementById('obrnahore').src='http:\/\/www.obecjenikov.cz\/wp-content\/uploads\/2023\/05\/7stul-18.png'; return false;\" style=\"position: absolute; left: 62.27%; top: 71.34%; width: 15.39%; height: 19.89%; z-index: 2;\"><\/a>\n\n<a href=\"\" title=\"\" onclick=\"showHtmlDiv();document.getElementById('obrnahore').src='http:\/\/www.obecjenikov.cz\/wp-content\/uploads\/2023\/05\/7stul-19.png'; return false;\" style=\"position: absolute; left: 80.33%; top: 2.93%; width: 12.92%; height: 14.52%; z-index: 2;\"><\/a>\n\n<a href=\"\" title=\"\" onclick=\"showHtmlDiv();document.getElementById('obrnahore').src='http:\/\/www.obecjenikov.cz\/wp-content\/uploads\/2023\/05\/7stul-20.png'; return false;\" style=\"position: absolute; left: 80.31%; top: 19.26%; width: 13.76%; height: 16.55%; z-index: 2;\"><\/a>\n\n<a href=\"\" title=\"\" onclick=\"showHtmlDiv();document.getElementById('obrnahore').src='http:\/\/www.obecjenikov.cz\/wp-content\/uploads\/2023\/05\/7stul-21.png'; return false;\" style=\"position: absolute; left: 80.63%; top: 37.72%; width: 14.42%; height: 17.6%; z-index: 2;\"><\/a>\n\n<a href=\"\" title=\"\" onclick=\"showHtmlDiv();document.getElementById('obrnahore').src='http:\/\/www.obecjenikov.cz\/wp-content\/uploads\/2023\/05\/7stul-22.png'; return false;\" style=\"position: absolute; left: 81.02%; top: 55.17%; width: 14.85%; height: 18.58%; z-index: 2;\"><\/a>\n\n<a href=\"\" title=\"-Den otev\u0159en\u00fdch dve\u0159\u00ed obecn\u00edho \u00fa\u0159adu \u2013 hasi\u010di zaji\u0161\u0165ovali ob\u010derstven\u00ed.\" onclick=\"showHtmlDiv();document.getElementById('obrnahore').src='http:\/\/www.obecjenikov.cz\/wp-content\/uploads\/2023\/05\/7stul-23.png'; return false;\" style=\"position: absolute; left: 81.2%; top: 76.27%; width: 15.81%; height: 18.62%; z-index: 2;\"><\/a>\n\n<\/div>\n\n\n\n<h3 class=\"wp-block-heading\">V\u00fdstavba multifunk\u010dn\u00edho h\u0159i\u0161t\u011b, p\u0159estavba autobusov\u00e9 zast\u00e1vky a rekultivace prostoru u kapli\u010dky<\/h3>\n\n\n\n<div style=\"position: relative;\">\n  <img decoding=\"async\" src=\"http:\/\/www.obecjenikov.cz\/wp-content\/uploads\/2023\/05\/8stul.png\" style=\"width: 100%; height: auto;\">\n\n<a href=\"\" title=\"\" onclick=\"showHtmlDiv();document.getElementById('obrnahore').src='http:\/\/www.obecjenikov.cz\/wp-content\/uploads\/2023\/05\/8stul-1.png'; return false;\" style=\"position: absolute; left: 6.39%; top: 12.92%; width: 10.55%; height: 12.36%; z-index: 2;\"><\/a>\n\n<a href=\"\" title=\"\" onclick=\"showHtmlDiv();document.getElementById('obrnahore').src='http:\/\/www.obecjenikov.cz\/wp-content\/uploads\/2023\/05\/8stul-2.png'; return false;\" style=\"position: absolute; left: 5.85%; top: 25.39%; width: 10.92%; height: 12.58%; z-index: 2;\"><\/a>\n\n<a href=\"\" title=\"\" onclick=\"showHtmlDiv();document.getElementById('obrnahore').src='http:\/\/www.obecjenikov.cz\/wp-content\/uploads\/2023\/05\/8stul-3.png'; return false;\" style=\"position: absolute; left: 5.05%; top: 41.26%; width: 11.69%; height: 14.42%; z-index: 2;\"><\/a>\n\n<a href=\"\" title=\"\" onclick=\"showHtmlDiv();document.getElementById('obrnahore').src='http:\/\/www.obecjenikov.cz\/wp-content\/uploads\/2023\/05\/8stul-4.png'; return false;\" style=\"position: absolute; left: 4.35%; top: 58.18%; width: 12.21%; height: 15.76%; z-index: 2;\"><\/a>\n\n<a href=\"\" title=\"\" onclick=\"showHtmlDiv();document.getElementById('obrnahore').src='http:\/\/www.obecjenikov.cz\/wp-content\/uploads\/2023\/05\/8stul-5.png'; return false;\" style=\"position: absolute; left: 10.35%; top: 76.89%; width: 13.08%; height: 16.59%; z-index: 2;\"><\/a>\n\n<a href=\"\" title=\"\" onclick=\"showHtmlDiv();document.getElementById('obrnahore').src='http:\/\/www.obecjenikov.cz\/wp-content\/uploads\/2023\/05\/8stul-6.png'; return false;\" style=\"position: absolute; left: 18.06%; top: 13.42%; width: 10.8%; height: 12.03%; z-index: 2;\"><\/a>\n\n<a href=\"\" title=\"\" onclick=\"showHtmlDiv();document.getElementById('obrnahore').src='http:\/\/www.obecjenikov.cz\/wp-content\/uploads\/2023\/05\/8stul-7.png'; return false;\" style=\"position: absolute; left: 18.01%; top: 25.95%; width: 11.34%; height: 13.81%; z-index: 2;\"><\/a>\n\n<a href=\"\" title=\"\" onclick=\"showHtmlDiv();document.getElementById('obrnahore').src='http:\/\/www.obecjenikov.cz\/wp-content\/uploads\/2023\/05\/8stul-8.png'; return false;\" style=\"position: absolute; left: 17.89%; top: 41.7%; width: 11.54%; height: 14.76%; z-index: 2;\"><\/a>\n\n<a href=\"\" title=\"\" onclick=\"showHtmlDiv();document.getElementById('obrnahore').src='http:\/\/www.obecjenikov.cz\/wp-content\/uploads\/2023\/05\/8stul-9.png'; return false;\" style=\"position: absolute; left: 17.66%; top: 57.52%; width: 12.11%; height: 15.92%; z-index: 2;\"><\/a>\n\n<a href=\"\" title=\"\" onclick=\"showHtmlDiv();document.getElementById('obrnahore').src='http:\/\/www.obecjenikov.cz\/wp-content\/uploads\/2023\/05\/8stul-10.png'; return false;\" style=\"position: absolute; left: 34.48%; top: 19.38%; width: 13.06%; height: 16.26%; z-index: 2;\"><\/a>\n\n<a href=\"\" title=\"\" onclick=\"showHtmlDiv();document.getElementById('obrnahore').src='http:\/\/www.obecjenikov.cz\/wp-content\/uploads\/2023\/05\/8stul-11.png'; return false;\" style=\"position: absolute; left: 33.03%; top: 42.48%; width: 14.13%; height: 18.93%; z-index: 2;\"><\/a>\n\n<a href=\"\" title=\"\" onclick=\"showHtmlDiv();document.getElementById('obrnahore').src='http:\/\/www.obecjenikov.cz\/wp-content\/uploads\/2023\/05\/8stul-12.png'; return false;\" style=\"position: absolute; left: 32.39%; top: 69.77%; width: 14.48%; height: 19.21%; z-index: 2;\"><\/a>\n\n<a href=\"\" title=\"\" onclick=\"showHtmlDiv();document.getElementById('obrnahore').src='http:\/\/www.obecjenikov.cz\/wp-content\/uploads\/2023\/05\/8stul-13.png'; return false;\" style=\"position: absolute; left: 49.78%; top: 18.99%; width: 13.16%; height: 16.59%; z-index: 2;\"><\/a>\n\n<a href=\"\" title=\"\" onclick=\"showHtmlDiv();document.getElementById('obrnahore').src='http:\/\/www.obecjenikov.cz\/wp-content\/uploads\/2023\/05\/8stul-14.png'; return false;\" style=\"position: absolute; left: 49.8%; top: 43.82%; width: 14.1%; height: 17.43%; z-index: 2;\"><\/a>\n\n<a href=\"\" title=\"\" onclick=\"showHtmlDiv();document.getElementById('obrnahore').src='http:\/\/www.obecjenikov.cz\/wp-content\/uploads\/2023\/05\/8stul-15.png'; return false;\" style=\"position: absolute; left: 49.58%; top: 69.6%; width: 14.95%; height: 19.71%; z-index: 2;\"><\/a>\n\n<a href=\"\" title=\"\" onclick=\"showHtmlDiv();document.getElementById('obrnahore').src='http:\/\/www.obecjenikov.cz\/wp-content\/uploads\/2023\/05\/8stul-16.png'; return false;\" style=\"position: absolute; left: 72.09%; top: 12.69%; width: 10.22%; height: 16.09%; z-index: 2;\"><\/a>\n\n<a href=\"\" title=\"\" onclick=\"showHtmlDiv();document.getElementById('obrnahore').src='http:\/\/www.obecjenikov.cz\/wp-content\/uploads\/2023\/05\/8stul-17.png'; return false;\" style=\"position: absolute; left: 71.97%; top: 29.23%; width: 10.07%; height: 11.97%; z-index: 2;\"><\/a>\n\n<a href=\"\" title=\"\" onclick=\"showHtmlDiv();document.getElementById('obrnahore').src='http:\/\/www.obecjenikov.cz\/wp-content\/uploads\/2023\/05\/8stul-18.png'; return false;\" style=\"position: absolute; left: 71.12%; top: 44.43%; width: 10.7%; height: 15.65%; z-index: 2;\"><\/a>\n\n<a href=\"\" title=\"\" onclick=\"showHtmlDiv();document.getElementById('obrnahore').src='http:\/\/www.obecjenikov.cz\/wp-content\/uploads\/2023\/05\/8stul-19.png'; return false;\" style=\"position: absolute; left: 70.3%; top: 64.53%; width: 11.22%; height: 14.2%; z-index: 2;\"><\/a>\n\n<a href=\"\" title=\"\" onclick=\"showHtmlDiv();document.getElementById('obrnahore').src='http:\/\/www.obecjenikov.cz\/wp-content\/uploads\/2023\/05\/8stul-20.png'; return false;\" style=\"position: absolute; left: 69.75%; top: 78.84%; width: 11.52%; height: 16.26%; z-index: 2;\"><\/a>\n\n<a href=\"\" title=\"\" onclick=\"showHtmlDiv();document.getElementById('obrnahore').src='http:\/\/www.obecjenikov.cz\/wp-content\/uploads\/2023\/05\/8stul-21.png'; return false;\" style=\"position: absolute; left: 85.22%; top: 2.34%; width: 10.17%; height: 15.7%; z-index: 2;\"><\/a>\n\n<a href=\"\" title=\"\" onclick=\"showHtmlDiv();document.getElementById('obrnahore').src='http:\/\/www.obecjenikov.cz\/wp-content\/uploads\/2023\/05\/8stul-22.png'; return false;\" style=\"position: absolute; left: 85.2%; top: 18.37%; width: 10.42%; height: 12.86%; z-index: 2;\"><\/a>\n\n<a href=\"\" title=\"\" onclick=\"showHtmlDiv();document.getElementById('obrnahore').src='http:\/\/www.obecjenikov.cz\/wp-content\/uploads\/2023\/05\/8stul-23.png'; return false;\" style=\"position: absolute; left: 85.12%; top: 33.3%; width: 10.82%; height: 12.36%; z-index: 2;\"><\/a>\n\n<a href=\"\" title=\"\" onclick=\"showHtmlDiv();document.getElementById('obrnahore').src='http:\/\/www.obecjenikov.cz\/wp-content\/uploads\/2023\/05\/8stul-24.png'; return false;\" style=\"position: absolute; left: 85.12%; top: 44.88%; width: 11.04%; height: 13.36%; z-index: 2;\"><\/a>\n\n<a href=\"\" title=\"\" onclick=\"showHtmlDiv();document.getElementById('obrnahore').src='http:\/\/www.obecjenikov.cz\/wp-content\/uploads\/2023\/05\/8stul-25.png'; return false;\" style=\"position: absolute; left: 84.78%; top: 60.47%; width: 11.82%; height: 15.37%; z-index: 2;\"><\/a>\n\n<a href=\"\" title=\"\" onclick=\"showHtmlDiv();document.getElementById('obrnahore').src='http:\/\/www.obecjenikov.cz\/wp-content\/uploads\/2023\/05\/8stul-26.png'; return false;\" style=\"position: absolute; left: 84.58%; top: 78.23%; width: 12.46%; height: 16.76%; z-index: 2;\"><\/a>\n\n<\/div>\n\n\n\n<h2 class=\"wp-block-heading\">Jen\u00edkov\u0161t\u00ed mal\u00ed\u0159i<\/h2>\n\n\n\n<div style=\"position: relative;\">\n  <img decoding=\"async\" src=\"http:\/\/www.obecjenikov.cz\/wp-content\/uploads\/2023\/05\/zasedacka.png\" style=\"width: 100%; height: auto;\">\n\n<a href=\"\" title=\"\" onclick=\"showHtmlDiv();document.getElementById('obrnahore').src='http:\/\/www.obecjenikov.cz\/wp-content\/uploads\/2023\/05\/zasedacka-1.png'; return false;\" style=\"position: absolute; left: 4.06%; top: 6.11%; width: 15.22%; height: 43.33%; z-index: 2;\"><\/a>\n\n<a href=\"\" title=\"\" onclick=\"showHtmlDiv();document.getElementById('obrnahore').src='http:\/\/www.obecjenikov.cz\/wp-content\/uploads\/2023\/05\/zasedacka-2.png'; return false;\" style=\"position: absolute; left: 7.95%; top: 63.83%; width: 16.5%; height: 14.89%; z-index: 2;\"><\/a>\n\n<a href=\"\" title=\"\" onclick=\"showHtmlDiv();document.getElementById('obrnahore').src='http:\/\/www.obecjenikov.cz\/wp-content\/uploads\/2023\/05\/zasedacka-3.png'; return false;\" style=\"position: absolute; left: 21.17%; top: 8.17%; width: 8.98%; height: 15.22%; z-index: 2;\"><\/a>\n\n<a href=\"\" title=\"Takov\u00fd v\u00fdhled by m\u011bl pan Bokvaj z okna dnes......\" onclick=\"showHtmlDiv();document.getElementById('obrnahore').src='http:\/\/www.obecjenikov.cz\/wp-content\/uploads\/2023\/05\/zasedacka-4.png'; return false;\" style=\"position: absolute; left: 21.6%; top: 27.17%; width: 14.87%; height: 21.61%; z-index: 2;\"><\/a>\n\n<a href=\"\" title=\"\" onclick=\"showHtmlDiv();document.getElementById('obrnahore').src='http:\/\/www.obecjenikov.cz\/wp-content\/uploads\/2023\/05\/zasedacka-5.png'; return false;\" style=\"position: absolute; left: 25.94%; top: 66.61%; width: 5.84%; height: 14.94%; z-index: 2;\"><\/a>\n\n<a href=\"\" title=\"\" onclick=\"showHtmlDiv();document.getElementById('obrnahore').src='http:\/\/www.obecjenikov.cz\/wp-content\/uploads\/2023\/05\/zasedacka-6.png'; return false;\" style=\"position: absolute; left: 42.85%; top: 1.72%; width: 16.45%; height: 19.83%; z-index: 2;\"><\/a>\n\n<a href=\"\" title=\"Nej\u010dast\u011bji vyobrazovan\u00e1 \u010d\u00e1st Jen\u00edkova - Bart\u016f\u0148k\u016fv rybn\u00edk a \u010d.p. 23 uprost\u0159ed\" onclick=\"showHtmlDiv();document.getElementById('obrnahore').src='http:\/\/www.obecjenikov.cz\/wp-content\/uploads\/2023\/05\/zasedacka-7.png'; return false;\" style=\"position: absolute; left: 43.02%; top: 29.5%; width: 15.79%; height: 21.39%; z-index: 2;\"><\/a>\n\n<a href=\"\" title=\"Jen\u00edkov 1904, Anton\u00edn Slav\u00ed\u010dek,olej, pl\u00e1tno,115,5x135 cm, Z\u00e1pado\u010desk\u00e1 galerie v Plzni.\" onclick=\"showHtmlDiv();document.getElementById('obrnahore').src='http:\/\/www.obecjenikov.cz\/wp-content\/uploads\/2023\/05\/zasedacka-8.png'; return false;\" style=\"position: absolute; left: 40.65%; top: 64.28%; width: 14.79%; height: 25.28%; z-index: 2;\"><\/a>\n\n<a href=\"\" title=\"\" onclick=\"showHtmlDiv();document.getElementById('obrnahore').src='http:\/\/www.obecjenikov.cz\/wp-content\/uploads\/2023\/05\/zasedacka-9.png'; return false;\" style=\"position: absolute; left: 71.02%; top: 7.22%; width: 7.72%; height: 13.72%; z-index: 2;\"><\/a>\n\n<a href=\"\" title=\"Tuto knihu s v\u011bnov\u00e1n\u00edm dostal p. Risik od sv\u00e9ho u\u010ditele mal\u00ed\u0159e V\u00e1gnera.\" onclick=\"showHtmlDiv();document.getElementById('obrnahore').src='http:\/\/www.obecjenikov.cz\/wp-content\/uploads\/2023\/05\/zasedacka-10.png'; return false;\" style=\"position: absolute; left: 66.65%; top: 28.17%; width: 12.81%; height: 33.06%; z-index: 2;\"><\/a>\n\n<a href=\"\" title=\"Pana Risika si Karel V\u00e1gner jako \u017e\u00e1ka obl\u00edbil\" onclick=\"showHtmlDiv();document.getElementById('obrnahore').src='http:\/\/www.obecjenikov.cz\/wp-content\/uploads\/2023\/05\/zasedacka-11.png'; return false;\" style=\"position: absolute; left: 76.74%; top: 66.33%; width: 16.88%; height: 24.22%; z-index: 2;\"><\/a>\n\n<a href=\"\" title=\"\" onclick=\"showHtmlDiv();document.getElementById('obrnahore').src='http:\/\/www.obecjenikov.cz\/wp-content\/uploads\/2023\/05\/zasedacka-12.png'; return false;\" style=\"position: absolute; left: 80.12%; top: 6.44%; width: 16.59%; height: 40.33%; z-index: 2;\"><\/a>\n\n<\/div>\n\n\n\n<figure class=\"wp-block-image size-large\"><img loading=\"lazy\" decoding=\"async\" width=\"1024\" height=\"523\" data-attachment-id=\"7280\" data-permalink=\"https:\/\/www.obecjenikov.cz\/?attachment_id=7280\" data-orig-file=\"https:\/\/www.obecjenikov.cz\/wp-content\/uploads\/2023\/05\/obrazy1.png\" data-orig-size=\"2596,1325\" data-comments-opened=\"0\" data-image-meta=\"{&quot;aperture&quot;:&quot;0&quot;,&quot;credit&quot;:&quot;&quot;,&quot;camera&quot;:&quot;&quot;,&quot;caption&quot;:&quot;&quot;,&quot;created_timestamp&quot;:&quot;0&quot;,&quot;copyright&quot;:&quot;&quot;,&quot;focal_length&quot;:&quot;0&quot;,&quot;iso&quot;:&quot;0&quot;,&quot;shutter_speed&quot;:&quot;0&quot;,&quot;title&quot;:&quot;&quot;,&quot;orientation&quot;:&quot;0&quot;}\" data-image-title=\"obrazy1\" data-image-description=\"\" data-image-caption=\"\" data-medium-file=\"https:\/\/www.obecjenikov.cz\/wp-content\/uploads\/2023\/05\/obrazy1-200x102.png\" data-large-file=\"https:\/\/www.obecjenikov.cz\/wp-content\/uploads\/2023\/05\/obrazy1-1024x523.png\" src=\"http:\/\/www.obec-jenikov.cz\/wp-content\/uploads\/2023\/05\/obrazy1-1024x523.png\" alt=\"\" class=\"wp-image-7280\" srcset=\"https:\/\/www.obecjenikov.cz\/wp-content\/uploads\/2023\/05\/obrazy1-1024x523.png 1024w, https:\/\/www.obecjenikov.cz\/wp-content\/uploads\/2023\/05\/obrazy1-200x102.png 200w, https:\/\/www.obecjenikov.cz\/wp-content\/uploads\/2023\/05\/obrazy1-768x392.png 768w, https:\/\/www.obecjenikov.cz\/wp-content\/uploads\/2023\/05\/obrazy1-1536x784.png 1536w, https:\/\/www.obecjenikov.cz\/wp-content\/uploads\/2023\/05\/obrazy1-2048x1045.png 2048w, https:\/\/www.obecjenikov.cz\/wp-content\/uploads\/2023\/05\/obrazy1-640x327.png 640w\" sizes=\"auto, (max-width: 1024px) 100vw, 1024px\" \/><\/figure>\n\n\n\n<figure class=\"wp-block-image size-large\"><img loading=\"lazy\" decoding=\"async\" width=\"1024\" height=\"822\" data-attachment-id=\"7281\" data-permalink=\"https:\/\/www.obecjenikov.cz\/?attachment_id=7281\" data-orig-file=\"https:\/\/www.obecjenikov.cz\/wp-content\/uploads\/2023\/05\/obrazy2.png\" data-orig-size=\"1507,1210\" data-comments-opened=\"0\" data-image-meta=\"{&quot;aperture&quot;:&quot;0&quot;,&quot;credit&quot;:&quot;&quot;,&quot;camera&quot;:&quot;&quot;,&quot;caption&quot;:&quot;&quot;,&quot;created_timestamp&quot;:&quot;0&quot;,&quot;copyright&quot;:&quot;&quot;,&quot;focal_length&quot;:&quot;0&quot;,&quot;iso&quot;:&quot;0&quot;,&quot;shutter_speed&quot;:&quot;0&quot;,&quot;title&quot;:&quot;&quot;,&quot;orientation&quot;:&quot;0&quot;}\" data-image-title=\"obrazy2\" data-image-description=\"\" data-image-caption=\"\" data-medium-file=\"https:\/\/www.obecjenikov.cz\/wp-content\/uploads\/2023\/05\/obrazy2-187x150.png\" data-large-file=\"https:\/\/www.obecjenikov.cz\/wp-content\/uploads\/2023\/05\/obrazy2-1024x822.png\" src=\"http:\/\/www.obec-jenikov.cz\/wp-content\/uploads\/2023\/05\/obrazy2-1024x822.png\" alt=\"\" class=\"wp-image-7281\" srcset=\"https:\/\/www.obecjenikov.cz\/wp-content\/uploads\/2023\/05\/obrazy2-1024x822.png 1024w, https:\/\/www.obecjenikov.cz\/wp-content\/uploads\/2023\/05\/obrazy2-187x150.png 187w, https:\/\/www.obecjenikov.cz\/wp-content\/uploads\/2023\/05\/obrazy2-768x617.png 768w, https:\/\/www.obecjenikov.cz\/wp-content\/uploads\/2023\/05\/obrazy2-640x514.png 640w, https:\/\/www.obecjenikov.cz\/wp-content\/uploads\/2023\/05\/obrazy2.png 1507w\" sizes=\"auto, (max-width: 1024px) 100vw, 1024px\" \/><\/figure>\n\n\n\n<figure class=\"wp-block-image size-large\"><img loading=\"lazy\" decoding=\"async\" width=\"1024\" height=\"555\" data-attachment-id=\"7282\" data-permalink=\"https:\/\/www.obecjenikov.cz\/?attachment_id=7282\" data-orig-file=\"https:\/\/www.obecjenikov.cz\/wp-content\/uploads\/2023\/05\/obrazy3.png\" data-orig-size=\"2008,1089\" data-comments-opened=\"0\" data-image-meta=\"{&quot;aperture&quot;:&quot;0&quot;,&quot;credit&quot;:&quot;&quot;,&quot;camera&quot;:&quot;&quot;,&quot;caption&quot;:&quot;&quot;,&quot;created_timestamp&quot;:&quot;0&quot;,&quot;copyright&quot;:&quot;&quot;,&quot;focal_length&quot;:&quot;0&quot;,&quot;iso&quot;:&quot;0&quot;,&quot;shutter_speed&quot;:&quot;0&quot;,&quot;title&quot;:&quot;&quot;,&quot;orientation&quot;:&quot;0&quot;}\" data-image-title=\"obrazy3\" data-image-description=\"\" data-image-caption=\"\" data-medium-file=\"https:\/\/www.obecjenikov.cz\/wp-content\/uploads\/2023\/05\/obrazy3-200x108.png\" data-large-file=\"https:\/\/www.obecjenikov.cz\/wp-content\/uploads\/2023\/05\/obrazy3-1024x555.png\" src=\"http:\/\/www.obec-jenikov.cz\/wp-content\/uploads\/2023\/05\/obrazy3-1024x555.png\" alt=\"\" class=\"wp-image-7282\" srcset=\"https:\/\/www.obecjenikov.cz\/wp-content\/uploads\/2023\/05\/obrazy3-1024x555.png 1024w, https:\/\/www.obecjenikov.cz\/wp-content\/uploads\/2023\/05\/obrazy3-200x108.png 200w, https:\/\/www.obecjenikov.cz\/wp-content\/uploads\/2023\/05\/obrazy3-768x417.png 768w, https:\/\/www.obecjenikov.cz\/wp-content\/uploads\/2023\/05\/obrazy3-1536x833.png 1536w, https:\/\/www.obecjenikov.cz\/wp-content\/uploads\/2023\/05\/obrazy3-640x347.png 640w, https:\/\/www.obecjenikov.cz\/wp-content\/uploads\/2023\/05\/obrazy3.png 2008w\" sizes=\"auto, (max-width: 1024px) 100vw, 1024px\" \/><\/figure>\n\n\n\n<figure class=\"wp-block-image size-large\"><img loading=\"lazy\" decoding=\"async\" width=\"1024\" height=\"705\" data-attachment-id=\"7283\" data-permalink=\"https:\/\/www.obecjenikov.cz\/?attachment_id=7283\" data-orig-file=\"https:\/\/www.obecjenikov.cz\/wp-content\/uploads\/2023\/05\/obrazy4.png\" data-orig-size=\"2101,1446\" data-comments-opened=\"0\" data-image-meta=\"{&quot;aperture&quot;:&quot;0&quot;,&quot;credit&quot;:&quot;&quot;,&quot;camera&quot;:&quot;&quot;,&quot;caption&quot;:&quot;&quot;,&quot;created_timestamp&quot;:&quot;0&quot;,&quot;copyright&quot;:&quot;&quot;,&quot;focal_length&quot;:&quot;0&quot;,&quot;iso&quot;:&quot;0&quot;,&quot;shutter_speed&quot;:&quot;0&quot;,&quot;title&quot;:&quot;&quot;,&quot;orientation&quot;:&quot;0&quot;}\" data-image-title=\"obrazy4\" data-image-description=\"\" data-image-caption=\"\" data-medium-file=\"https:\/\/www.obecjenikov.cz\/wp-content\/uploads\/2023\/05\/obrazy4-200x138.png\" data-large-file=\"https:\/\/www.obecjenikov.cz\/wp-content\/uploads\/2023\/05\/obrazy4-1024x705.png\" src=\"http:\/\/www.obec-jenikov.cz\/wp-content\/uploads\/2023\/05\/obrazy4-1024x705.png\" alt=\"\" class=\"wp-image-7283\" srcset=\"https:\/\/www.obecjenikov.cz\/wp-content\/uploads\/2023\/05\/obrazy4-1024x705.png 1024w, https:\/\/www.obecjenikov.cz\/wp-content\/uploads\/2023\/05\/obrazy4-200x138.png 200w, https:\/\/www.obecjenikov.cz\/wp-content\/uploads\/2023\/05\/obrazy4-768x529.png 768w, https:\/\/www.obecjenikov.cz\/wp-content\/uploads\/2023\/05\/obrazy4-1536x1057.png 1536w, https:\/\/www.obecjenikov.cz\/wp-content\/uploads\/2023\/05\/obrazy4-2048x1410.png 2048w, https:\/\/www.obecjenikov.cz\/wp-content\/uploads\/2023\/05\/obrazy4-640x440.png 640w\" sizes=\"auto, (max-width: 1024px) 100vw, 1024px\" \/><\/figure>\n\n\n\n<figure class=\"wp-block-image size-large\"><img loading=\"lazy\" decoding=\"async\" width=\"1024\" height=\"449\" data-attachment-id=\"7284\" data-permalink=\"https:\/\/www.obecjenikov.cz\/?attachment_id=7284\" data-orig-file=\"https:\/\/www.obecjenikov.cz\/wp-content\/uploads\/2023\/05\/obrazy5.png\" data-orig-size=\"2722,1193\" data-comments-opened=\"0\" data-image-meta=\"{&quot;aperture&quot;:&quot;0&quot;,&quot;credit&quot;:&quot;&quot;,&quot;camera&quot;:&quot;&quot;,&quot;caption&quot;:&quot;&quot;,&quot;created_timestamp&quot;:&quot;0&quot;,&quot;copyright&quot;:&quot;&quot;,&quot;focal_length&quot;:&quot;0&quot;,&quot;iso&quot;:&quot;0&quot;,&quot;shutter_speed&quot;:&quot;0&quot;,&quot;title&quot;:&quot;&quot;,&quot;orientation&quot;:&quot;0&quot;}\" data-image-title=\"obrazy5\" data-image-description=\"\" data-image-caption=\"\" data-medium-file=\"https:\/\/www.obecjenikov.cz\/wp-content\/uploads\/2023\/05\/obrazy5-200x88.png\" data-large-file=\"https:\/\/www.obecjenikov.cz\/wp-content\/uploads\/2023\/05\/obrazy5-1024x449.png\" src=\"http:\/\/www.obec-jenikov.cz\/wp-content\/uploads\/2023\/05\/obrazy5-1024x449.png\" alt=\"\" class=\"wp-image-7284\" srcset=\"https:\/\/www.obecjenikov.cz\/wp-content\/uploads\/2023\/05\/obrazy5-1024x449.png 1024w, https:\/\/www.obecjenikov.cz\/wp-content\/uploads\/2023\/05\/obrazy5-200x88.png 200w, https:\/\/www.obecjenikov.cz\/wp-content\/uploads\/2023\/05\/obrazy5-768x337.png 768w, https:\/\/www.obecjenikov.cz\/wp-content\/uploads\/2023\/05\/obrazy5-1536x673.png 1536w, https:\/\/www.obecjenikov.cz\/wp-content\/uploads\/2023\/05\/obrazy5-2048x898.png 2048w, https:\/\/www.obecjenikov.cz\/wp-content\/uploads\/2023\/05\/obrazy5-640x280.png 640w\" sizes=\"auto, (max-width: 1024px) 100vw, 1024px\" \/><\/figure>\n","protected":false},"excerpt":{"rendered":"<p>Hasi\u010di Hasi\u010di &#8211; Masopustn\u00ed obch\u016fzky Hasi\u010di &#8211; akce Hasi\u010di &#8211; z\u00e1sahy Kultura v obci Uk\u00e1zky dobov\u00fdch dokument\u016f Novodob\u00e1 historie V\u00fdstavba vodovodu, kanalizace a plynofikace Sv\u011bcen\u00ed obecn\u00edho praporu, obecn\u00ed z\u00e1stavy, praporu&#8230;<\/p>\n","protected":false},"author":20,"featured_media":0,"parent":0,"menu_order":0,"comment_status":"closed","ping_status":"closed","template":"","meta":{"jetpack_post_was_ever_published":false,"footnotes":""},"class_list":["post-6077","page","type-page","status-publish","hentry","entry"],"jetpack_sharing_enabled":true,"jetpack_shortlink":"https:\/\/wp.me\/PaBo8P-1A1","jetpack-related-posts":[],"post_mailing_queue_ids":[],"_links":{"self":[{"href":"https:\/\/www.obecjenikov.cz\/index.php?rest_route=\/wp\/v2\/pages\/6077","targetHints":{"allow":["GET"]}}],"collection":[{"href":"https:\/\/www.obecjenikov.cz\/index.php?rest_route=\/wp\/v2\/pages"}],"about":[{"href":"https:\/\/www.obecjenikov.cz\/index.php?rest_route=\/wp\/v2\/types\/page"}],"author":[{"embeddable":true,"href":"https:\/\/www.obecjenikov.cz\/index.php?rest_route=\/wp\/v2\/users\/20"}],"replies":[{"embeddable":true,"href":"https:\/\/www.obecjenikov.cz\/index.php?rest_route=%2Fwp%2Fv2%2Fcomments&post=6077"}],"version-history":[{"count":442,"href":"https:\/\/www.obecjenikov.cz\/index.php?rest_route=\/wp\/v2\/pages\/6077\/revisions"}],"predecessor-version":[{"id":8254,"href":"https:\/\/www.obecjenikov.cz\/index.php?rest_route=\/wp\/v2\/pages\/6077\/revisions\/8254"}],"wp:attachment":[{"href":"https:\/\/www.obecjenikov.cz\/index.php?rest_route=%2Fwp%2Fv2%2Fmedia&parent=6077"}],"curies":[{"name":"wp","href":"https:\/\/api.w.org\/{rel}","templated":true}]}}